{"id":2249,"date":"2018-06-01T09:20:50","date_gmt":"2018-06-01T07:20:50","guid":{"rendered":"https:\/\/agenda2030.statistics.sk\/Agenda2030\/?page_id=2249"},"modified":"2026-01-26T09:08:54","modified_gmt":"2026-01-26T08:08:54","slug":"indikatory-globalna-uroven-ciel-8","status":"publish","type":"page","link":"https:\/\/agenda2030.statistics.sk\/Agenda2030\/indikatory-globalna-uroven-ciel-8\/","title":{"rendered":"Indik\u00e1tory &#8211; Glob\u00e1lna \u00farove\u0148 &#8211; cie\u013e 8"},"content":{"rendered":"<div id=\"pl-2249\"  class=\"panel-layout\" ><div id=\"pg-2249-0\"  class=\"panel-grid panel-has-style\" ><div class=\"center-content aux-fold panel-row-style panel-row-style-for-2249-0\" data-stretch-type=\"boxed\" ><div id=\"pgc-2249-0-0\"  class=\"panel-grid-cell\" ><section id=\"panel-2249-0-0-0\" class=\"widget-container aux-widget-text aux-parent-au16ba7878 so-panel widget widget_aux_text panel-first-child panel-last-child\" data-index=\"0\"  style=\"\"  >        <div class=\"aux-widget-advanced-text aux-wrap-style-simple aux-ico-pos-top aux-text-left aux-text-resp-left aux-text-widget-bg-cover  \" >\n        \n            \n            <div class=\"aux-text-inner aux-text-widget-content\">\n                                <div class=\"widget-content\">\n                                        <style type=\"text\/css\">\r\n\t#foogallery-gallery-1435 .fg-image {\r\n        width: 121px;\r\n    }\r\n<\/style>\r\n\t\t\t\t<div class=\"foogallery foogallery-container foogallery-default foogallery-lightbox-none fg-gutter-10 fg-center fg-default fg-light fg-hover-instant fg-ready\" id=\"foogallery-gallery-1435\" data-foogallery=\"{&quot;item&quot;:{&quot;showCaptionTitle&quot;:false,&quot;showCaptionDescription&quot;:false},&quot;lazy&quot;:true}\" >\r\n\t<div class=\"fg-item fg-type-iframe fg-idle\"><figure class=\"fg-item-inner\"><a href=\" https:\/\/agenda2030.statistics.sk\/Agenda2030\/indikatory-globalna-uroven-ciel-1\/\" target=\"_self\" data-attachment-id=\"1531\" data-type=\"iframe\" class=\"fg-thumb\"><span class=\"fg-image-wrap\"><img decoding=\"async\" width=\"121\" height=\"121\" class=\"skip-lazy fg-image\" data-src-fg=\"https:\/\/agenda2030.statistics.sk\/Agenda2030\/wp-content\/uploads\/2018\/05\/target1_121.jpg\" src=\"data:image\/svg+xml,%3Csvg%20xmlns%3D%22http%3A%2F%2Fwww.w3.org%2F2000%2Fsvg%22%20width%3D%22121%22%20height%3D%22121%22%20viewBox%3D%220%200%20121%20121%22%3E%3C%2Fsvg%3E\" loading=\"eager\"><\/span><span class=\"fg-image-overlay\"><\/span><\/a><figcaption class=\"fg-caption\"><div class=\"fg-caption-inner\"><\/div><\/figcaption><\/figure><div class=\"fg-loader\"><\/div><\/div><div class=\"fg-item fg-type-iframe fg-idle\"><figure class=\"fg-item-inner\"><a href=\"https:\/\/agenda2030.statistics.sk\/Agenda2030\/indikatory-globalna-uroven-ciel-2\/\" target=\"_self\" data-attachment-id=\"1532\" data-type=\"iframe\" class=\"fg-thumb\"><span class=\"fg-image-wrap\"><img decoding=\"async\" width=\"121\" height=\"121\" class=\"skip-lazy fg-image\" data-src-fg=\"https:\/\/agenda2030.statistics.sk\/Agenda2030\/wp-content\/uploads\/2018\/05\/target2_121.jpg\" src=\"data:image\/svg+xml,%3Csvg%20xmlns%3D%22http%3A%2F%2Fwww.w3.org%2F2000%2Fsvg%22%20width%3D%22121%22%20height%3D%22121%22%20viewBox%3D%220%200%20121%20121%22%3E%3C%2Fsvg%3E\" loading=\"eager\"><\/span><span class=\"fg-image-overlay\"><\/span><\/a><figcaption class=\"fg-caption\"><div class=\"fg-caption-inner\"><\/div><\/figcaption><\/figure><div class=\"fg-loader\"><\/div><\/div><div class=\"fg-item fg-type-iframe fg-idle\"><figure class=\"fg-item-inner\"><a href=\"https:\/\/agenda2030.statistics.sk\/Agenda2030\/indikatory-globalna-uroven-ciel-3\/\" target=\"_self\" data-attachment-id=\"1533\" data-type=\"iframe\" class=\"fg-thumb\"><span class=\"fg-image-wrap\"><img decoding=\"async\" width=\"121\" height=\"121\" class=\"skip-lazy fg-image\" data-src-fg=\"https:\/\/agenda2030.statistics.sk\/Agenda2030\/wp-content\/uploads\/2018\/05\/target3_121.jpg\" src=\"data:image\/svg+xml,%3Csvg%20xmlns%3D%22http%3A%2F%2Fwww.w3.org%2F2000%2Fsvg%22%20width%3D%22121%22%20height%3D%22121%22%20viewBox%3D%220%200%20121%20121%22%3E%3C%2Fsvg%3E\" loading=\"eager\"><\/span><span class=\"fg-image-overlay\"><\/span><\/a><figcaption class=\"fg-caption\"><div class=\"fg-caption-inner\"><\/div><\/figcaption><\/figure><div class=\"fg-loader\"><\/div><\/div><div class=\"fg-item fg-type-iframe fg-idle\"><figure class=\"fg-item-inner\"><a href=\"https:\/\/agenda2030.statistics.sk\/Agenda2030\/indikatory-globalna-uroven-ciel-4\/\" target=\"_self\" data-attachment-id=\"1534\" data-type=\"iframe\" class=\"fg-thumb\"><span class=\"fg-image-wrap\"><img decoding=\"async\" width=\"121\" height=\"121\" class=\"skip-lazy fg-image\" data-src-fg=\"https:\/\/agenda2030.statistics.sk\/Agenda2030\/wp-content\/uploads\/2018\/05\/target4_121.jpg\" src=\"data:image\/svg+xml,%3Csvg%20xmlns%3D%22http%3A%2F%2Fwww.w3.org%2F2000%2Fsvg%22%20width%3D%22121%22%20height%3D%22121%22%20viewBox%3D%220%200%20121%20121%22%3E%3C%2Fsvg%3E\" loading=\"eager\"><\/span><span class=\"fg-image-overlay\"><\/span><\/a><figcaption class=\"fg-caption\"><div class=\"fg-caption-inner\"><\/div><\/figcaption><\/figure><div class=\"fg-loader\"><\/div><\/div><div class=\"fg-item fg-type-iframe fg-idle\"><figure class=\"fg-item-inner\"><a href=\"https:\/\/agenda2030.statistics.sk\/Agenda2030\/indikatory-globalna-uroven-ciel-5\/\" data-attachment-id=\"1535\" data-type=\"iframe\" class=\"fg-thumb\"><span class=\"fg-image-wrap\"><img decoding=\"async\" width=\"121\" height=\"121\" class=\"skip-lazy fg-image\" data-src-fg=\"https:\/\/agenda2030.statistics.sk\/Agenda2030\/wp-content\/uploads\/2018\/05\/target5_121.jpg\" src=\"data:image\/svg+xml,%3Csvg%20xmlns%3D%22http%3A%2F%2Fwww.w3.org%2F2000%2Fsvg%22%20width%3D%22121%22%20height%3D%22121%22%20viewBox%3D%220%200%20121%20121%22%3E%3C%2Fsvg%3E\" loading=\"eager\"><\/span><span class=\"fg-image-overlay\"><\/span><\/a><figcaption class=\"fg-caption\"><div class=\"fg-caption-inner\"><\/div><\/figcaption><\/figure><div class=\"fg-loader\"><\/div><\/div><div class=\"fg-item fg-type-iframe fg-idle\"><figure class=\"fg-item-inner\"><a href=\"https:\/\/agenda2030.statistics.sk\/Agenda2030\/indikatory-globalna-uroven-ciel-6\/\" target=\"_self\" data-attachment-id=\"1536\" data-type=\"iframe\" class=\"fg-thumb\"><span class=\"fg-image-wrap\"><img decoding=\"async\" width=\"121\" height=\"121\" class=\"skip-lazy fg-image\" data-src-fg=\"https:\/\/agenda2030.statistics.sk\/Agenda2030\/wp-content\/uploads\/2018\/05\/target6_121.jpg\" src=\"data:image\/svg+xml,%3Csvg%20xmlns%3D%22http%3A%2F%2Fwww.w3.org%2F2000%2Fsvg%22%20width%3D%22121%22%20height%3D%22121%22%20viewBox%3D%220%200%20121%20121%22%3E%3C%2Fsvg%3E\" loading=\"eager\"><\/span><span class=\"fg-image-overlay\"><\/span><\/a><figcaption class=\"fg-caption\"><div class=\"fg-caption-inner\"><\/div><\/figcaption><\/figure><div class=\"fg-loader\"><\/div><\/div><div class=\"fg-item fg-type-iframe fg-idle\"><figure class=\"fg-item-inner\"><a href=\"https:\/\/agenda2030.statistics.sk\/Agenda2030\/indikatory-globalna-uroven-ciel-7\/\" data-attachment-id=\"1537\" data-type=\"iframe\" class=\"fg-thumb\"><span class=\"fg-image-wrap\"><img decoding=\"async\" width=\"121\" height=\"121\" class=\"skip-lazy fg-image\" data-src-fg=\"https:\/\/agenda2030.statistics.sk\/Agenda2030\/wp-content\/uploads\/2018\/05\/target7_121.jpg\" src=\"data:image\/svg+xml,%3Csvg%20xmlns%3D%22http%3A%2F%2Fwww.w3.org%2F2000%2Fsvg%22%20width%3D%22121%22%20height%3D%22121%22%20viewBox%3D%220%200%20121%20121%22%3E%3C%2Fsvg%3E\" loading=\"eager\"><\/span><span class=\"fg-image-overlay\"><\/span><\/a><figcaption class=\"fg-caption\"><div class=\"fg-caption-inner\"><\/div><\/figcaption><\/figure><div class=\"fg-loader\"><\/div><\/div><div class=\"fg-item fg-type-iframe fg-idle\"><figure class=\"fg-item-inner\"><a href=\"https:\/\/agenda2030.statistics.sk\/Agenda2030\/indikatory-globalna-uroven-ciel-8\/\" target=\"_self\" data-attachment-id=\"1538\" data-type=\"iframe\" class=\"fg-thumb\"><span class=\"fg-image-wrap\"><img decoding=\"async\" width=\"121\" height=\"121\" class=\"skip-lazy fg-image\" data-src-fg=\"https:\/\/agenda2030.statistics.sk\/Agenda2030\/wp-content\/uploads\/2018\/05\/target8_121.jpg\" src=\"data:image\/svg+xml,%3Csvg%20xmlns%3D%22http%3A%2F%2Fwww.w3.org%2F2000%2Fsvg%22%20width%3D%22121%22%20height%3D%22121%22%20viewBox%3D%220%200%20121%20121%22%3E%3C%2Fsvg%3E\" loading=\"eager\"><\/span><span class=\"fg-image-overlay\"><\/span><\/a><figcaption class=\"fg-caption\"><div class=\"fg-caption-inner\"><\/div><\/figcaption><\/figure><div class=\"fg-loader\"><\/div><\/div><div class=\"fg-item fg-type-iframe fg-idle\"><figure class=\"fg-item-inner\"><a href=\"https:\/\/agenda2030.statistics.sk\/Agenda2030\/indikatory-globalna-uroven-ciel-9\/\" target=\"_self\" data-attachment-id=\"1539\" data-type=\"iframe\" class=\"fg-thumb\"><span class=\"fg-image-wrap\"><img decoding=\"async\" width=\"121\" height=\"121\" class=\"skip-lazy fg-image\" data-src-fg=\"https:\/\/agenda2030.statistics.sk\/Agenda2030\/wp-content\/uploads\/2018\/05\/target9_121.jpg\" src=\"data:image\/svg+xml,%3Csvg%20xmlns%3D%22http%3A%2F%2Fwww.w3.org%2F2000%2Fsvg%22%20width%3D%22121%22%20height%3D%22121%22%20viewBox%3D%220%200%20121%20121%22%3E%3C%2Fsvg%3E\" loading=\"eager\"><\/span><span class=\"fg-image-overlay\"><\/span><\/a><figcaption class=\"fg-caption\"><div class=\"fg-caption-inner\"><\/div><\/figcaption><\/figure><div class=\"fg-loader\"><\/div><\/div><div class=\"fg-item fg-type-iframe fg-idle\"><figure class=\"fg-item-inner\"><a href=\"https:\/\/agenda2030.statistics.sk\/Agenda2030\/indikatory-globalna-uroven-ciel-10\/\" target=\"_self\" data-attachment-id=\"2007\" data-type=\"iframe\" class=\"fg-thumb\"><span class=\"fg-image-wrap\"><img decoding=\"async\" width=\"121\" height=\"121\" class=\"skip-lazy fg-image\" data-src-fg=\"https:\/\/agenda2030.statistics.sk\/Agenda2030\/wp-content\/uploads\/2018\/05\/target10_121SKnew.jpg\" src=\"data:image\/svg+xml,%3Csvg%20xmlns%3D%22http%3A%2F%2Fwww.w3.org%2F2000%2Fsvg%22%20width%3D%22121%22%20height%3D%22121%22%20viewBox%3D%220%200%20121%20121%22%3E%3C%2Fsvg%3E\" loading=\"eager\"><\/span><span class=\"fg-image-overlay\"><\/span><\/a><figcaption class=\"fg-caption\"><div class=\"fg-caption-inner\"><\/div><\/figcaption><\/figure><div class=\"fg-loader\"><\/div><\/div><div class=\"fg-item fg-type-iframe fg-idle\"><figure class=\"fg-item-inner\"><a href=\"https:\/\/agenda2030.statistics.sk\/Agenda2030\/indikatory-globalna-uroven-ciel-11\/\" target=\"_self\" data-attachment-id=\"1541\" data-type=\"iframe\" class=\"fg-thumb\"><span class=\"fg-image-wrap\"><img decoding=\"async\" width=\"121\" height=\"121\" class=\"skip-lazy fg-image\" data-src-fg=\"https:\/\/agenda2030.statistics.sk\/Agenda2030\/wp-content\/uploads\/2018\/05\/target11_121.jpg\" src=\"data:image\/svg+xml,%3Csvg%20xmlns%3D%22http%3A%2F%2Fwww.w3.org%2F2000%2Fsvg%22%20width%3D%22121%22%20height%3D%22121%22%20viewBox%3D%220%200%20121%20121%22%3E%3C%2Fsvg%3E\" loading=\"eager\"><\/span><span class=\"fg-image-overlay\"><\/span><\/a><figcaption class=\"fg-caption\"><div class=\"fg-caption-inner\"><\/div><\/figcaption><\/figure><div class=\"fg-loader\"><\/div><\/div><div class=\"fg-item fg-type-iframe fg-idle\"><figure class=\"fg-item-inner\"><a href=\"https:\/\/agenda2030.statistics.sk\/Agenda2030\/indikatory-globalna-uroven-ciel-12\/\" target=\"_self\" data-attachment-id=\"1542\" data-type=\"iframe\" class=\"fg-thumb\"><span class=\"fg-image-wrap\"><img decoding=\"async\" width=\"121\" height=\"121\" class=\"skip-lazy fg-image\" data-src-fg=\"https:\/\/agenda2030.statistics.sk\/Agenda2030\/wp-content\/uploads\/2018\/05\/target12_121.jpg\" src=\"data:image\/svg+xml,%3Csvg%20xmlns%3D%22http%3A%2F%2Fwww.w3.org%2F2000%2Fsvg%22%20width%3D%22121%22%20height%3D%22121%22%20viewBox%3D%220%200%20121%20121%22%3E%3C%2Fsvg%3E\" loading=\"eager\"><\/span><span class=\"fg-image-overlay\"><\/span><\/a><figcaption class=\"fg-caption\"><div class=\"fg-caption-inner\"><\/div><\/figcaption><\/figure><div class=\"fg-loader\"><\/div><\/div><div class=\"fg-item fg-type-iframe fg-idle\"><figure class=\"fg-item-inner\"><a href=\"https:\/\/agenda2030.statistics.sk\/Agenda2030\/indikatory-globalna-uroven-ciel-13\/\" target=\"_self\" data-attachment-id=\"1543\" data-type=\"iframe\" class=\"fg-thumb\"><span class=\"fg-image-wrap\"><img decoding=\"async\" width=\"121\" height=\"121\" class=\"skip-lazy fg-image\" data-src-fg=\"https:\/\/agenda2030.statistics.sk\/Agenda2030\/wp-content\/uploads\/2018\/05\/target13_121.jpg\" src=\"data:image\/svg+xml,%3Csvg%20xmlns%3D%22http%3A%2F%2Fwww.w3.org%2F2000%2Fsvg%22%20width%3D%22121%22%20height%3D%22121%22%20viewBox%3D%220%200%20121%20121%22%3E%3C%2Fsvg%3E\" loading=\"eager\"><\/span><span class=\"fg-image-overlay\"><\/span><\/a><figcaption class=\"fg-caption\"><div class=\"fg-caption-inner\"><\/div><\/figcaption><\/figure><div class=\"fg-loader\"><\/div><\/div><div class=\"fg-item fg-type-iframe fg-idle\"><figure class=\"fg-item-inner\"><a href=\"https:\/\/agenda2030.statistics.sk\/Agenda2030\/indikatory-globalna-uroven-ciel-14\/\" target=\"_self\" data-attachment-id=\"1544\" data-type=\"iframe\" class=\"fg-thumb\"><span class=\"fg-image-wrap\"><img decoding=\"async\" width=\"121\" height=\"121\" class=\"skip-lazy fg-image\" data-src-fg=\"https:\/\/agenda2030.statistics.sk\/Agenda2030\/wp-content\/uploads\/2018\/05\/target14_121.jpg\" src=\"data:image\/svg+xml,%3Csvg%20xmlns%3D%22http%3A%2F%2Fwww.w3.org%2F2000%2Fsvg%22%20width%3D%22121%22%20height%3D%22121%22%20viewBox%3D%220%200%20121%20121%22%3E%3C%2Fsvg%3E\" loading=\"eager\"><\/span><span class=\"fg-image-overlay\"><\/span><\/a><figcaption class=\"fg-caption\"><div class=\"fg-caption-inner\"><\/div><\/figcaption><\/figure><div class=\"fg-loader\"><\/div><\/div><div class=\"fg-item fg-type-iframe fg-idle\"><figure class=\"fg-item-inner\"><a href=\"https:\/\/agenda2030.statistics.sk\/Agenda2030\/indikatory-globalna-uroven-ciel-15\/\" target=\"_self\" data-attachment-id=\"1545\" data-type=\"iframe\" class=\"fg-thumb\"><span class=\"fg-image-wrap\"><img decoding=\"async\" width=\"121\" height=\"121\" class=\"skip-lazy fg-image\" data-src-fg=\"https:\/\/agenda2030.statistics.sk\/Agenda2030\/wp-content\/uploads\/2018\/05\/target15_121.jpg\" src=\"data:image\/svg+xml,%3Csvg%20xmlns%3D%22http%3A%2F%2Fwww.w3.org%2F2000%2Fsvg%22%20width%3D%22121%22%20height%3D%22121%22%20viewBox%3D%220%200%20121%20121%22%3E%3C%2Fsvg%3E\" loading=\"eager\"><\/span><span class=\"fg-image-overlay\"><\/span><\/a><figcaption class=\"fg-caption\"><div class=\"fg-caption-inner\"><\/div><\/figcaption><\/figure><div class=\"fg-loader\"><\/div><\/div><div class=\"fg-item fg-type-iframe fg-idle\"><figure class=\"fg-item-inner\"><a href=\"https:\/\/agenda2030.statistics.sk\/Agenda2030\/indikatory-globalna-uroven-ciel-16\/\" target=\"_self\" data-attachment-id=\"1546\" data-type=\"iframe\" class=\"fg-thumb\"><span class=\"fg-image-wrap\"><img decoding=\"async\" width=\"121\" height=\"121\" class=\"skip-lazy fg-image\" data-src-fg=\"https:\/\/agenda2030.statistics.sk\/Agenda2030\/wp-content\/uploads\/2018\/05\/target16_121.jpg\" src=\"data:image\/svg+xml,%3Csvg%20xmlns%3D%22http%3A%2F%2Fwww.w3.org%2F2000%2Fsvg%22%20width%3D%22121%22%20height%3D%22121%22%20viewBox%3D%220%200%20121%20121%22%3E%3C%2Fsvg%3E\" loading=\"eager\"><\/span><span class=\"fg-image-overlay\"><\/span><\/a><figcaption class=\"fg-caption\"><div class=\"fg-caption-inner\"><\/div><\/figcaption><\/figure><div class=\"fg-loader\"><\/div><\/div><div class=\"fg-item fg-type-iframe fg-idle\"><figure class=\"fg-item-inner\"><a href=\"https:\/\/agenda2030.statistics.sk\/Agenda2030\/indikatory-globalna-uroven-ciel-17\/\" data-attachment-id=\"1547\" data-type=\"iframe\" class=\"fg-thumb\"><span class=\"fg-image-wrap\"><img decoding=\"async\" width=\"121\" height=\"121\" class=\"skip-lazy fg-image\" data-src-fg=\"https:\/\/agenda2030.statistics.sk\/Agenda2030\/wp-content\/uploads\/2018\/05\/target17_121.jpg\" src=\"data:image\/svg+xml,%3Csvg%20xmlns%3D%22http%3A%2F%2Fwww.w3.org%2F2000%2Fsvg%22%20width%3D%22121%22%20height%3D%22121%22%20viewBox%3D%220%200%20121%20121%22%3E%3C%2Fsvg%3E\" loading=\"eager\"><\/span><span class=\"fg-image-overlay\"><\/span><\/a><figcaption class=\"fg-caption\"><div class=\"fg-caption-inner\"><\/div><\/figcaption><\/figure><div class=\"fg-loader\"><\/div><\/div><div class=\"fg-item fg-type-iframe fg-idle\"><figure class=\"fg-item-inner\"><a href=\"https:\/\/unstats.un.org\/sdgs\/indicators\/database\/\" target=\"_blank\" data-attachment-id=\"2937\" data-type=\"iframe\" class=\"last fg-thumb\"><span class=\"fg-image-wrap\"><img decoding=\"async\" width=\"121\" height=\"121\" class=\"skip-lazy fg-image\" data-src-fg=\"https:\/\/agenda2030.statistics.sk\/Agenda2030\/wp-content\/uploads\/2018\/07\/logo_SK_nonUN.jpg\" src=\"data:image\/svg+xml,%3Csvg%20xmlns%3D%22http%3A%2F%2Fwww.w3.org%2F2000%2Fsvg%22%20width%3D%22121%22%20height%3D%22121%22%20viewBox%3D%220%200%20121%20121%22%3E%3C%2Fsvg%3E\" loading=\"eager\"><\/span><span class=\"fg-image-overlay\"><\/span><\/a><figcaption class=\"fg-caption\"><div class=\"fg-caption-inner\"><\/div><\/figcaption><\/figure><div class=\"fg-loader\"><\/div><\/div><\/div>\r\n                <\/div>\n                            <\/div>\n        <\/div>\n                    <div class=\"aux-text-widget-footer\">\n                <div class=\"aux-border-shape-none \">\n                                <\/div>\n            <\/div>\n        \n<\/section><\/div><\/div><\/div><div id=\"pg-2249-1\"  class=\"panel-grid panel-has-style\" ><div class=\"center-content aux-fold panel-row-style panel-row-style-for-2249-1\" data-stretch-type=\"boxed\" ><div id=\"pgc-2249-1-0\"  class=\"panel-grid-cell\" ><div id=\"panel-2249-1-0-0\" class=\"so-panel widget widget_text panel-first-child panel-last-child\" data-index=\"1\" ><div class=\"h2_target_2 panel-widget-style panel-widget-style-for-2249-1-0-0\" >\t\t\t<div class=\"textwidget\"><p><img loading=\"lazy\" decoding=\"async\" class=\"img-target size-full wp-image-1532 alignleft\" src=\"https:\/\/agenda2030.statistics.sk\/Agenda2030\/wp-content\/uploads\/2018\/05\/target8_121.jpg\" alt=\"\" width=\"121\" height=\"121\" \/><\/p>\n<h2 class=\"h2-target-8\">Glob\u00e1lna \u00farove\u0148<\/h2>\n<h3 class=\"h3-target-8\">CIE\u013d 8: Podporova\u0165 trval\u00fd, inkluz\u00edvny a udr\u017eate\u013en\u00fd ekonomick\u00fd rast, pln\u00fa a produkt\u00edvnu zamestnanos\u0165 a riadnu pr\u00e1cu pre v\u0161etk\u00fdch.<\/h3>\n<\/div>\n\t\t<\/div><\/div><\/div><\/div><\/div><div id=\"pg-2249-2\"  class=\"panel-grid panel-has-style\" ><div class=\"center-content aux-fold panel-row-style panel-row-style-for-2249-2\" data-stretch-type=\"boxed\" ><div id=\"pgc-2249-2-0\"  class=\"panel-grid-cell\" ><div id=\"panel-2249-2-0-0\" class=\"so-panel widget widget_text panel-first-child panel-last-child\" data-index=\"2\" ><div class=\"target panel-widget-style panel-widget-style-for-2249-2-0-0\" >\t\t\t<div class=\"textwidget\"><p>\u201eTrval\u00fd a inkluz\u00edvny hospod\u00e1rsky rast podporuje v\u00fdvoj t\u00fdm, \u017ee poskytuje viac prostriedkov na vzdel\u00e1vanie, zdravotn\u00fa starostlivos\u0165, osobn\u00fa spotrebu a dopravu, vodn\u00fa a energetick\u00fa infra\u0161trukt\u00faru. Hospod\u00e1rsky rast m\u00f4\u017ee vies\u0165 k nov\u00fdm a lep\u0161\u00edm pracovn\u00fdm pr\u00edle\u017eitostiam. Udr\u017ea\u0165 vysok\u00fd re\u00e1lny hospod\u00e1rsky rast v\u0161ak nie je tak\u00e9 jednoduch\u00e9. Len zop\u00e1r najmenej rozvinut\u00fdch kraj\u00edn sa bl\u00ed\u017ei k\u00a0cie\u013eu, ktor\u00fdm je priemern\u00fd ro\u010dn\u00fd rast re\u00e1lneho HDP vo v\u00fd\u0161ke 7 %. Navy\u0161e, hospod\u00e1rsky rast nie je nutne trval\u00fd, nako\u013eko krajiny v\u00a0z\u00e1ujme hospod\u00e1rskeho rastu vy\u010derp\u00e1vaj\u00fa svoje pr\u00edrodn\u00e9 zdroje, a t\u00fdm pos\u00favaj\u00fa z\u00e1\u0165a\u017e v\u00a0podobe zhor\u0161en\u00e9ho a\u00a0po\u0161koden\u00e9ho \u017eivotn\u00e9ho prostredia na bud\u00face gener\u00e1cie.\u201c<\/p>\n<p><em>Zdroj: OSN, Spr\u00e1va o cie\u013eoch udr\u017eate\u013en\u00e9ho rozvoja, rok 2017<\/em><\/p>\n<\/div>\n\t\t<\/div><\/div><\/div><\/div><\/div><div id=\"pg-2249-3\"  class=\"panel-grid panel-has-style\" ><div class=\"center-content aux-fold panel-row-style panel-row-style-for-2249-3\" data-stretch-type=\"boxed\" ><div id=\"pgc-2249-3-0\"  class=\"panel-grid-cell\" ><div id=\"panel-2249-3-0-0\" class=\"so-panel widget widget_text panel-first-child panel-last-child\" data-index=\"3\" ><div class=\"target panel-widget-style panel-widget-style-for-2249-3-0-0\" >\t\t\t<div class=\"textwidget\"><h4>\u010ciastkov\u00e9 ciele:<\/h4>\n<ul class=\"none\">\n<li>\n<p class=\"color\"><span style=\"margin: 0 0.3em 0 -0.15em; font-size: 1.4em;\">8.1<\/span>Udr\u017eova\u0165 ekonomick\u00fd rast per capita v z\u00e1vislosti od podmienok jednotliv\u00fdch kraj\u00edn, predov\u0161etk\u00fdm minim\u00e1lne 7 % ro\u010dn\u00fd n\u00e1rast HDP v najmenej rozvinut\u00fdch krajin\u00e1ch.<\/p>\n<ul class=\"sub\">\n<li><strong>Indik\u00e1tor 8.1.1<\/strong> Ro\u010dn\u00e1 miera rastu re\u00e1lneho HDP na obyvate\u013ea\u00a0\u00a0<a title=\"\u00dadaje, (Do nov\u00e9ho okna)\" href=\"http:\/\/datacube.statistics.sk\/#!\/view\/sk\/VBD_SK_WIN\/nu1401rs\/v_nu1401rs_08_01_01_sk\" target=\"_blank\" rel=\"noopener\"><img decoding=\"async\" class=\"icon alignnone size-full wp-image-1797\" src=\"https:\/\/agenda2030.statistics.sk\/Agenda2030\/wp-content\/uploads\/2018\/05\/table.png\" alt=\"DATAcube.\" \/><\/a>\u00a0<!--\u00a0<a title=\"Meta\u00fadaje\" href=\"http:\/\/datacube.statistics.sk\/#!\/view\/sk\/VBD_INTERN\/nu0001qs\/R%C3%BDchly%20odhad%20HDP%20a%20zamestnanosti%20pod%C4%BEa%20ESA%202010%20%5Bnu0001qs%5D\" target=\"_blank\" rel=\"noopener\"><img decoding=\"async\" class=\"icon alignnone size-full wp-image-1798\" src=\"https:\/\/agenda2030.statistics.sk\/Agenda2030\/wp-content\/uploads\/2018\/05\/metadata_14.png\" alt=\"Meta\u00fadaje\" \/><\/a> --><\/li>\n<\/ul>\n<\/li>\n<\/ul>\n<p>&nbsp;<\/p>\n<ul class=\"none\">\n<li>\n<p class=\"color\"><span style=\"margin: 0 0.3em 0 -0.15em; font-size: 1.4em;\">8.2<\/span> Dosiahnu\u0165 vy\u0161\u0161iu \u00farove\u0148 ekonomickej produktivity pomocou diverzifik\u00e1cie, technologick\u00e9ho rozvoja a inov\u00e1ci\u00ed, okrem in\u00e9ho tie\u017e zameran\u00edm sa na odvetvia s vysokou pridanou hodnotou a vysok\u00fdm podielom \u013eudskej pr\u00e1ce.<\/p>\n<ul class=\"sub\">\n<li><strong>Indik\u00e1tor 8.2.1<\/strong> Ro\u010dn\u00e1 miera rastu re\u00e1lneho HDP na zamestnanca\u00a0\u00a0<a title=\"\u00dadaje, (Do nov\u00e9ho okna)\" href=\"http:\/\/datacube.statistics.sk\/#!\/view\/sk\/VBD_SK_WIN\/nu1402rs\/v_nu1402rs_08_02_01_sk\" target=\"_blank\" rel=\"noopener\"><img decoding=\"async\" class=\"icon alignnone size-full wp-image-1797\" src=\"https:\/\/agenda2030.statistics.sk\/Agenda2030\/wp-content\/uploads\/2018\/05\/table.png\" alt=\"DATAcube.\" \/><\/a> <!--\u00a0\u00a0<a title=\"Meta\u00fadaje\" href=\"http:\/\/datacube.statistics.sk\/#!\/view\/sk\/VBD_INTERN\/nu0001qs\/R%C3%BDchly%20odhad%20HDP%20a%20zamestnanosti%20pod%C4%BEa%20ESA%202010%20%5Bnu0001qs%5D\"><img decoding=\"async\" class=\"icon alignnone size-full wp-image-1798\" src=\"https:\/\/agenda2030.statistics.sk\/Agenda2030\/wp-content\/uploads\/2018\/05\/metadata_14.png\" alt=\"Meta\u00fadaje\" \/><\/a>  --><\/li>\n<\/ul>\n<\/li>\n<\/ul>\n<p>&nbsp;<\/p>\n<ul class=\"none\">\n<li>\n<p class=\"color\"><span style=\"margin: 0 0.3em 0 -0.15em; font-size: 1.4em;\">8.3<\/span> Podporova\u0165 politiky orientovan\u00e9 na rozvoj, ktor\u00e9 podporuj\u00fa produkt\u00edvne \u010dinnosti, vytv\u00e1ranie d\u00f4stojn\u00fdch pracovn\u00fdch miest, podnikanie, kreativitu a inov\u00e1cie, a podporuj\u00fa vznik a rast mikropodnikov, mal\u00fdch a stredn\u00fdch podnikov, okrem in\u00e9ho prostredn\u00edctvom spr\u00edstup\u0148ovania finan\u010dn\u00fdch slu\u017eieb.<\/p>\n<ul class=\"sub\">\n<li><strong>Indik\u00e1tor 8.3.1<\/strong> Podiel neofici\u00e1lnej zamestnanosti na celkovej zamestnanosti pod\u013ea odvetv\u00ed a\u00a0pohlavia<!--\u00a0<a title=\"Meta\u00fadaje\" href=\"http:\/\/datacube.statistics.sk\/#!\/view\/sk\/VBD_INTERN\/nu0001qs\/R%C3%BDchly%20odhad%20HDP%20a%20zamestnanosti%20pod%C4%BEa%20ESA%202010%20%5Bnu0001qs%5D\" target=\"_blank\" rel=\"noopener\"><img decoding=\"async\" class=\"icon alignnone size-full wp-image-1798\" src=\"https:\/\/agenda2030.statistics.sk\/Agenda2030\/wp-content\/uploads\/2018\/05\/metadata_14.png\" alt=\"Meta\u00fadaje\" \/><\/a> --><\/li>\n<\/ul>\n<\/li>\n<\/ul>\n<p>&nbsp;<\/p>\n<ul class=\"none\">\n<li>\n<p class=\"color\"><span style=\"margin: 0 0.3em 0 -0.15em; font-size: 1.4em;\">8.4<\/span> Postupne a\u017e do roku 2030 zlep\u0161ova\u0165 efekt\u00edvne vyu\u017e\u00edvanie glob\u00e1lnych zdrojov v spotrebe a v\u00fdrobe a spravi\u0165 v\u0161etko potrebn\u00e9 pre to, aby ekonomick\u00fd rast nebol spojen\u00fd s po\u0161kodzovan\u00edm \u017eivotn\u00e9ho prostredia, v s\u00falade s 10-ro\u010dn\u00fdm r\u00e1mcov\u00fdm programom udr\u017eate\u013enej spotreby a v\u00fdroby, na ktor\u00e9ho \u010dele stoja rozvinut\u00e9 krajiny.<\/p>\n<ul class=\"sub\">\n<li><strong>Indik\u00e1tor 8.4.1<\/strong> Materi\u00e1lov\u00e1 stopa, materi\u00e1lov\u00e1 stopa na obyvate\u013ea a materi\u00e1lov\u00e1 stopa na HDP\u00a0<!--\u00a0<a title=\"\u00dadaje\" href=\"http:\/\/datacube.statistics.sk\/#!\/view\/sk\/VBD_INTERN\/nu0001qs\/R%C3%BDchly%20odhad%20HDP%20a%20zamestnanosti%20pod%C4%BEa%20ESA%202010%20%5Bnu0001qs%5D\" target=\"_blank\" rel=\"noopener\"><img decoding=\"async\" class=\"icon alignnone size-full wp-image-1797\" src=\"https:\/\/agenda2030.statistics.sk\/Agenda2030\/wp-content\/uploads\/2018\/05\/table.png\" alt=\"DATAcube.\" \/><\/a> -->\u00a0<!--\u00a0<a title=\"Meta\u00fadaje\" href=\"http:\/\/datacube.statistics.sk\/#!\/view\/sk\/VBD_INTERN\/nu0001qs\/R%C3%BDchly%20odhad%20HDP%20a%20zamestnanosti%20pod%C4%BEa%20ESA%202010%20%5Bnu0001qs%5D\" target=\"_blank\" rel=\"noopener\"><img decoding=\"async\" class=\"icon alignnone size-full wp-image-1798\" src=\"https:\/\/agenda2030.statistics.sk\/Agenda2030\/wp-content\/uploads\/2018\/05\/metadata_14.png\" alt=\"Meta\u00fadaje\" \/><\/a> --><\/li>\n<li><strong>Indik\u00e1tor 8.4.2<\/strong> Dom\u00e1ca materi\u00e1lov\u00e1 spotreba, dom\u00e1ca materi\u00e1lov\u00e1 spotreba na obyvate\u013ea, dom\u00e1ca materi\u00e1lov\u00e1 spotreba na HDP\u00a0\u00a0<a title=\"\u00dadaje, (Do nov\u00e9ho okna)\" href=\"http:\/\/datacube.statistics.sk\/#!\/view\/sk\/VBD_SK_WIN\/zp1008rs\/v_zp1008rs_08_04_02_sk\" target=\"_blank\" rel=\"noopener\"><img decoding=\"async\" class=\"icon alignnone size-full wp-image-1797\" src=\"https:\/\/agenda2030.statistics.sk\/Agenda2030\/wp-content\/uploads\/2018\/05\/table.png\" alt=\"DATAcube.\" \/><\/a> <!-- <a title=\"Meta\u00fadaje\" href=\"http:\/\/datacube.statistics.sk\/#!\/view\/sk\/VBD_INTERN\/nu0001qs\/R%C3%BDchly%20odhad%20HDP%20a%20zamestnanosti%20pod%C4%BEa%20ESA%202010%20%5Bnu0001qs%5D\" target=\"_blank\" rel=\"noopener\"><img decoding=\"async\" class=\"icon alignnone size-full wp-image-1798\" src=\"https:\/\/agenda2030.statistics.sk\/Agenda2030\/wp-content\/uploads\/2018\/05\/metadata_14.png\" alt=\"Meta\u00fadaje\" \/><\/a> --><\/li>\n<\/ul>\n<\/li>\n<\/ul>\n<p>&nbsp;<\/p>\n<ul class=\"none\">\n<li>\n<p class=\"color\"><span style=\"margin: 0 0.3em 0 -0.15em; font-size: 1.4em;\">8.5<\/span> Do roku 2030 dosiahnu\u0165 pln\u00fa a produkt\u00edvnu zamestnanos\u0165 a zabezpe\u010di\u0165 d\u00f4stojn\u00fa pr\u00e1cu pre v\u0161etky \u017eeny a mu\u017eov, vr\u00e1tane mlad\u00fdch os\u00f4b a os\u00f4b so zdravotn\u00fdm postihnut\u00edm a zabezpe\u010di\u0165 rovnak\u00fa odmenu za rovnak\u00fa pr\u00e1cu.<\/p>\n<ul class=\"sub\">\n<li><strong>Indik\u00e1tor 8.5.1<\/strong> Priemern\u00fd hodinov\u00fd z\u00e1robok zamestnan\u00fdch pod\u013ea pohlavia, veku, zamestnania a os\u00f4b so zdravotn\u00fdm postihnut\u00edm <!--\u00a0<a title=\"\u00dadaje\" href=\"http:\/\/datacube.statistics.sk\/#!\/view\/sk\/VBD_INTERN\/nu0001qs\/R%C3%BDchly%20odhad%20HDP%20a%20zamestnanosti%20pod%C4%BEa%20ESA%202010%20%5Bnu0001qs%5D\" target=\"_blank\" rel=\"noopener\"><img decoding=\"async\" class=\"icon alignnone size-full wp-image-1797\" src=\"https:\/\/agenda2030.statistics.sk\/Agenda2030\/wp-content\/uploads\/2018\/05\/table.png\" alt=\"DATAcube.\" \/><\/a> -->\u00a0<!--\u00a0<a title=\"Meta\u00fadaje\" href=\"http:\/\/datacube.statistics.sk\/#!\/view\/sk\/VBD_INTERN\/nu0001qs\/R%C3%BDchly%20odhad%20HDP%20a%20zamestnanosti%20pod%C4%BEa%20ESA%202010%20%5Bnu0001qs%5D\" target=\"_blank\" rel=\"noopener\"><img decoding=\"async\" class=\"icon alignnone size-full wp-image-1798\" src=\"https:\/\/agenda2030.statistics.sk\/Agenda2030\/wp-content\/uploads\/2018\/05\/metadata_14.png\" alt=\"Meta\u00fadaje\" \/><\/a> --><\/li>\n<li><strong>Indik\u00e1tor 8.5.2<\/strong> Miera nezamestnanosti pod\u013ea pohlavia, veku a zdravotn\u00e9ho postihnutia\u00a0\u00a0<a title=\"\u00dadaje, (Do nov\u00e9ho okna)\" href=\"http:\/\/datacube.statistics.sk\/#!\/view\/sk\/VBD_SK_WIN\/pr1402rs\/v_pr1402rs_08_05_02_sk\" target=\"_blank\" rel=\"noopener\"><img decoding=\"async\" class=\"icon alignnone size-full wp-image-1797\" src=\"https:\/\/agenda2030.statistics.sk\/Agenda2030\/wp-content\/uploads\/2018\/05\/table.png\" alt=\"DATAcube.\" \/><\/a>\u00a0<!--\u00a0<a title=\"Meta\u00fadaje\" href=\"http:\/\/datacube.statistics.sk\/#!\/view\/sk\/VBD_INTERN\/nu0001qs\/R%C3%BDchly%20odhad%20HDP%20a%20zamestnanosti%20pod%C4%BEa%20ESA%202010%20%5Bnu0001qs%5D\" target=\"_blank\" rel=\"noopener\"><img decoding=\"async\" class=\"icon alignnone size-full wp-image-1798\" src=\"https:\/\/agenda2030.statistics.sk\/Agenda2030\/wp-content\/uploads\/2018\/05\/metadata_14.png\" alt=\"Meta\u00fadaje\" \/><\/a> --><\/li>\n<\/ul>\n<\/li>\n<\/ul>\n<p>&nbsp;<\/p>\n<ul class=\"none\">\n<li>\n<p class=\"color\"><span style=\"margin: 0 0.3em 0 -0.15em; font-size: 1.4em;\">8.6<\/span> Do roku 2020 podstatne zn\u00ed\u017ei\u0165 podiel mlad\u00fdch os\u00f4b, ktor\u00ed nepracuj\u00fa ani ne\u0161tuduj\u00fa.<\/p>\n<ul class=\"sub\">\n<li><strong>Indik\u00e1tor 8.6.1<\/strong> Podiel mlad\u00fdch (vo veku 15 &#8211; 24 rokov), ktor\u00ed nie s\u00fa s\u00fa\u010das\u0165ou vzdel\u00e1vania, zamestnanosti ani odbornej pr\u00edpravy\u00a0\u00a0<a title=\"\u00dadaje, (Do nov\u00e9ho okna)\" href=\"http:\/\/datacube.statistics.sk\/#!\/view\/sk\/VBD_SK_WIN\/pr1401rs\/v_pr1401rs_08_06_01_sk\" target=\"_blank\" rel=\"noopener\"><img decoding=\"async\" class=\"icon alignnone size-full wp-image-1797\" src=\"https:\/\/agenda2030.statistics.sk\/Agenda2030\/wp-content\/uploads\/2018\/05\/table.png\" alt=\"DATAcube.\" \/><\/a> <!-- <a title=\"Meta\u00fadaje\" href=\"http:\/\/datacube.statistics.sk\/#!\/view\/sk\/VBD_INTERN\/nu0001qs\/R%C3%BDchly%20odhad%20HDP%20a%20zamestnanosti%20pod%C4%BEa%20ESA%202010%20%5Bnu0001qs%5D\" target=\"_blank\" rel=\"noopener\"><img decoding=\"async\" class=\"icon alignnone size-full wp-image-1798\" src=\"https:\/\/agenda2030.statistics.sk\/Agenda2030\/wp-content\/uploads\/2018\/05\/metadata_14.png\" alt=\"Meta\u00fadaje\" \/><\/a> --><\/li>\n<\/ul>\n<\/li>\n<\/ul>\n<p>&nbsp;<\/p>\n<ul class=\"none\">\n<li>\n<p class=\"color\"><span style=\"margin: 0 0.3em 0 -0.15em; font-size: 1.4em;\">8.7<\/span> Prija\u0165 okam\u017eit\u00e9 a \u00fa\u010dinn\u00e9 opatrenia na odstr\u00e1nenie n\u00fatenej pr\u00e1ce, skoncova\u0165 s modern\u00fdmi formami otroctva a s obchodovan\u00edm s \u013eu\u010fmi a dosiahnu\u0165 z\u00e1kaz a odstr\u00e1nenie najhor\u0161\u00edch foriem detskej pr\u00e1ce, vr\u00e1tane n\u00e1borov a vyu\u017e\u00edvania detsk\u00fdch vojakov, a do roku 2025 odstr\u00e1ni\u0165 detsk\u00fa pr\u00e1cu vo v\u0161etk\u00fdch jej form\u00e1ch.<\/p>\n<ul class=\"sub\">\n<li><strong>Indik\u00e1tor 8.7.1<\/strong> Podiel a po\u010det det\u00ed vo veku 5 &#8211; 17 rokov zapojen\u00fdch do detskej pr\u00e1ce pod\u013ea pohlavia a veku <!-- <a title=\"\u00dadaje\" href=\"http:\/\/datacube.statistics.sk\/#!\/view\/sk\/VBD_INTERN\/nu0001qs\/R%C3%BDchly%20odhad%20HDP%20a%20zamestnanosti%20pod%C4%BEa%20ESA%202010%20%5Bnu0001qs%5D\" target=\"_blank\" rel=\"noopener\"><img decoding=\"async\" class=\"icon alignnone size-full wp-image-1797\" src=\"https:\/\/agenda2030.statistics.sk\/Agenda2030\/wp-content\/uploads\/2018\/05\/table.png\" alt=\"DATAcube.\" \/><\/a> --> <!-- <a title=\"Meta\u00fadaje\" href=\"http:\/\/datacube.statistics.sk\/#!\/view\/sk\/VBD_INTERN\/nu0001qs\/R%C3%BDchly%20odhad%20HDP%20a%20zamestnanosti%20pod%C4%BEa%20ESA%202010%20%5Bnu0001qs%5D\" target=\"_blank\" rel=\"noopener\"><img decoding=\"async\" class=\"icon alignnone size-full wp-image-1798\" src=\"https:\/\/agenda2030.statistics.sk\/Agenda2030\/wp-content\/uploads\/2018\/05\/metadata_14.png\" alt=\"Meta\u00fadaje\" \/><\/a> --><\/li>\n<\/ul>\n<\/li>\n<\/ul>\n<p>&nbsp;<\/p>\n<ul class=\"none\">\n<li>\n<p class=\"color\"><span style=\"margin: 0 0.3em 0 -0.15em; font-size: 1.4em;\">8.8<\/span> Chr\u00e1ni\u0165 pr\u00e1va a podporova\u0165 bezpe\u010dn\u00e9 a stabiln\u00e9 pracovn\u00e9 podmienky pre v\u0161etk\u00fdch pracuj\u00facich, vr\u00e1tane pracuj\u00facich migrantov &#8211; najm\u00e4 \u017eien a os\u00f4b s nebezpe\u010dn\u00fdm povolan\u00edm.<\/p>\n<ul class=\"sub\">\n<li><strong>Indik\u00e1tor 8.8.1<\/strong> Smrte\u013en\u00e9 a nefat\u00e1lne pracovn\u00e9 \u00farazy na 100 000 pracovn\u00edkov pod\u013ea pohlavia a migra\u010dn\u00e9ho statusu<!-- <a title=\"\u00dadaje\" href=\"http:\/\/datacube.statistics.sk\/#!\/view\/sk\/VBD_INTERN\/nu0001qs\/R%C3%BDchly%20odhad%20HDP%20a%20zamestnanosti%20pod%C4%BEa%20ESA%202010%20%5Bnu0001qs%5D\" target=\"_blank\" rel=\"noopener\"><img decoding=\"async\" class=\"icon alignnone size-full wp-image-1797\" src=\"https:\/\/agenda2030.statistics.sk\/Agenda2030\/wp-content\/uploads\/2018\/05\/table.png\" alt=\"DATAcube.\" \/><\/a> --> <!-- <a title=\"Meta\u00fadaje\" href=\"http:\/\/datacube.statistics.sk\/#!\/view\/sk\/VBD_INTERN\/nu0001qs\/R%C3%BDchly%20odhad%20HDP%20a%20zamestnanosti%20pod%C4%BEa%20ESA%202010%20%5Bnu0001qs%5D\" target=\"_blank\" rel=\"noopener\"><img decoding=\"async\" class=\"icon alignnone size-full wp-image-1798\" src=\"https:\/\/agenda2030.statistics.sk\/Agenda2030\/wp-content\/uploads\/2018\/05\/metadata_14.png\" alt=\"Meta\u00fadaje\" \/><\/a> --><\/li>\n<li><strong>Indik\u00e1tor 8.8.2<\/strong> \u00darove\u0148 n\u00e1rodn\u00e9ho s\u00faladu s pracovn\u00fdmi pr\u00e1vami (sloboda zdru\u017eovania a kolekt\u00edvneho vyjedn\u00e1vania) zalo\u017eenom na textov\u00fdch zdrojoch Medzin\u00e1rodnej organiz\u00e1cie pr\u00e1ce (ILO) a vn\u00fatro\u0161t\u00e1tnych pr\u00e1vnych predpisoch pod\u013ea pohlavia a migra\u010dn\u00e9ho statusu <!-- <a title=\"\u00dadaje\" href=\"http:\/\/datacube.statistics.sk\/#!\/view\/sk\/VBD_INTERN\/nu0001qs\/R%C3%BDchly%20odhad%20HDP%20a%20zamestnanosti%20pod%C4%BEa%20ESA%202010%20%5Bnu0001qs%5D\" target=\"_blank\" rel=\"noopener\"><img decoding=\"async\" class=\"icon alignnone size-full wp-image-1797\" src=\"https:\/\/agenda2030.statistics.sk\/Agenda2030\/wp-content\/uploads\/2018\/05\/table.png\" alt=\"DATAcube.\" \/><\/a> --> <!-- <a title=\"Meta\u00fadaje\" href=\"http:\/\/datacube.statistics.sk\/#!\/view\/sk\/VBD_INTERN\/nu0001qs\/R%C3%BDchly%20odhad%20HDP%20a%20zamestnanosti%20pod%C4%BEa%20ESA%202010%20%5Bnu0001qs%5D\" target=\"_blank\" rel=\"noopener\"><img decoding=\"async\" class=\"icon alignnone size-full wp-image-1798\" src=\"https:\/\/agenda2030.statistics.sk\/Agenda2030\/wp-content\/uploads\/2018\/05\/metadata_14.png\" alt=\"Meta\u00fadaje\" \/><\/a> --><\/li>\n<\/ul>\n<\/li>\n<\/ul>\n<p>&nbsp;<\/p>\n<ul class=\"none\">\n<li>\n<p class=\"color\"><span style=\"margin: 0 0.3em 0 -0.15em; font-size: 1.4em;\">8.9<\/span> Do roku 2030 navrhn\u00fa\u0165 a realizova\u0165 politiky podpory udr\u017eate\u013en\u00e9ho cestovn\u00e9ho ruchu, ktor\u00fd vytv\u00e1ra pracovn\u00e9 miesta a podporuje miestnu kult\u00faru a produkty.<\/p>\n<ul class=\"sub\">\n<li><strong>Indik\u00e1tor 8.9.1<\/strong> Priamy HDP cestovn\u00e9ho ruchu ako podiel na celkovom HDP a jeho miera rastu\u00a0 <a title=\"\u00dadaje\" href=\"http:\/\/datacube.statistics.sk\/#!\/view\/sk\/VBD_SK_WIN\/nu1405rs\/v_nu1405rs_08_09_01_sk\" target=\"_blank\" rel=\"noopener\"><img decoding=\"async\" class=\"icon alignnone size-full wp-image-1797\" src=\"https:\/\/agenda2030.statistics.sk\/Agenda2030\/wp-content\/uploads\/2018\/05\/table.png\" alt=\"DATAcube.\" \/><\/a> <!-- <a title=\"Meta\u00fadaje\" href=\"http:\/\/datacube.statistics.sk\/#!\/view\/sk\/VBD_INTERN\/nu0001qs\/R%C3%BDchly%20odhad%20HDP%20a%20zamestnanosti%20pod%C4%BEa%20ESA%202010%20%5Bnu0001qs%5D\" target=\"_blank\" rel=\"noopener\"><img decoding=\"async\" class=\"icon alignnone size-full wp-image-1798\" src=\"https:\/\/agenda2030.statistics.sk\/Agenda2030\/wp-content\/uploads\/2018\/05\/metadata_14.png\" alt=\"Meta\u00fadaje\" \/><\/a> --><!-- <a title=\"\u00dadaje\" href=\"http:\/\/datacube.statistics.sk\/#!\/view\/sk\/VBD_INTERN\/nu0001qs\/R%C3%BDchly%20odhad%20HDP%20a%20zamestnanosti%20pod%C4%BEa%20ESA%202010%20%5Bnu0001qs%5D\" target=\"_blank\" rel=\"noopener\"><img decoding=\"async\" class=\"icon alignnone size-full wp-image-1797\" src=\"https:\/\/agenda2030.statistics.sk\/Agenda2030\/wp-content\/uploads\/2018\/05\/table.png\" alt=\"DATAcube.\" \/><\/a> --><\/li>\n<li><strong>Indik\u00e1tor 8.9.2<\/strong> Zamestnan\u00e9 osoby v odvetv\u00ed cestovn\u00e9ho ruchu<\/li>\n<li><\/li>\n<\/ul>\n<\/li>\n<\/ul>\n<p>&nbsp;<\/p>\n<ul class=\"none\">\n<li>\n<p class=\"color\"><span style=\"margin: 0 0.3em 0 -0.15em; font-size: 1.4em;\">8.10<\/span> Posilni\u0165 kapacitu dom\u00e1cich finan\u010dn\u00fdch in\u0161tit\u00faci\u00ed na podporu a roz\u0161\u00edrenie pr\u00edstupu k bankovn\u00edctvu, pois\u0165ovn\u00edctvu a finan\u010dn\u00fdm slu\u017eb\u00e1m pre v\u0161etk\u00fdch.<\/p>\n<ul class=\"sub\">\n<li><strong>Indik\u00e1tor 8.10.1<\/strong> (a) Po\u010det pobo\u010diek komer\u010dn\u00fdch b\u00e1nk na 100 000 dospel\u00fdch a (b) po\u010det bankomatov na 100 000 dospel\u00fdch<!-- <a title=\"\u00dadaje\" href=\"http:\/\/datacube.statistics.sk\/#!\/view\/sk\/VBD_INTERN\/nu0001qs\/R%C3%BDchly%20odhad%20HDP%20a%20zamestnanosti%20pod%C4%BEa%20ESA%202010%20%5Bnu0001qs%5D\" target=\"_blank\" rel=\"noopener\"><img decoding=\"async\" class=\"icon alignnone size-full wp-image-1797\" src=\"https:\/\/agenda2030.statistics.sk\/Agenda2030\/wp-content\/uploads\/2018\/05\/table.png\" alt=\"DATAcube.\" \/><\/a> --> <!-- <a title=\"Meta\u00fadaje\" href=\"http:\/\/datacube.statistics.sk\/#!\/view\/sk\/VBD_INTERN\/nu0001qs\/R%C3%BDchly%20odhad%20HDP%20a%20zamestnanosti%20pod%C4%BEa%20ESA%202010%20%5Bnu0001qs%5D\" target=\"_blank\" rel=\"noopener\"><img decoding=\"async\" class=\"icon alignnone size-full wp-image-1798\" src=\"https:\/\/agenda2030.statistics.sk\/Agenda2030\/wp-content\/uploads\/2018\/05\/metadata_14.png\" alt=\"Meta\u00fadaje\" \/><\/a> --><\/li>\n<li><strong>Indik\u00e1tor 8.10.2<\/strong>\u00a0Podiel dospel\u00fdch (15 rokov a viac) s \u00fa\u010dtom v banke alebo inej finan\u010dnej in\u0161tit\u00facii alebo s finan\u010dnou providerskou slu\u017ebou mobilnej telef\u00f3nie<\/li>\n<\/ul>\n<\/li>\n<\/ul>\n<p>&nbsp;<\/p>\n<ul class=\"none\">\n<li>\n<p class=\"color\"><span style=\"margin: 0 0.3em 0 -0.15em; font-size: 1.4em;\">8.a<\/span> Zv\u00fd\u0161i\u0165 podporu konceptu &#8222;Pomoc na podporu obchodu&#8220; (Aid for Trade) pre rozvojov\u00e9 krajiny, hlavne tie najmenej rozvinut\u00e9, okrem in\u00e9ho prostredn\u00edctvom programu &#8222;Preh\u013aben\u00fd integrovan\u00fd r\u00e1mec pre obchodn\u00fa technick\u00fa asistenciu pre najmenej rozvinut\u00e9 \u0161t\u00e1ty&#8220; (Enhanced Integrated Framework for Trade-Related Technical Assistance to Least Developed Countries, EIF).<\/p>\n<ul class=\"sub\">\n<li><strong>Indik\u00e1tor 8.a.1<\/strong> Z\u00e1v\u00e4zky a vyplaten\u00e9 prostriedky na podporu obchodu\u00a0\u00a0<!-- <a title=\"\u00dadaje\" href=\"http:\/\/datacube.statistics.sk\/#!\/view\/sk\/VBD_INTERN\/nu0001qs\/R%C3%BDchly%20odhad%20HDP%20a%20zamestnanosti%20pod%C4%BEa%20ESA%202010%20%5Bnu0001qs%5D\" target=\"_blank\" rel=\"noopener\"><img decoding=\"async\" class=\"icon alignnone size-full wp-image-1797\" src=\"https:\/\/agenda2030.statistics.sk\/Agenda2030\/wp-content\/uploads\/2018\/05\/table.png\" alt=\"DATAcube.\" \/><\/a> --> <!--\u00a0\u00a0<a title=\"Meta\u00fadaje\" href=\"http:\/\/datacube.statistics.sk\/#!\/view\/sk\/VBD_INTERN\/nu0001qs\/R%C3%BDchly%20odhad%20HDP%20a%20zamestnanosti%20pod%C4%BEa%20ESA%202010%20%5Bnu0001qs%5D\" target=\"_blank\" rel=\"noopener\"><img decoding=\"async\" class=\"icon alignnone size-full wp-image-1798\" src=\"https:\/\/agenda2030.statistics.sk\/Agenda2030\/wp-content\/uploads\/2018\/05\/metadata_14.png\" alt=\"Meta\u00fadaje\" \/><\/a> --><\/li>\n<\/ul>\n<\/li>\n<\/ul>\n<p>&nbsp;<\/p>\n<ul class=\"none\">\n<li>\n<p class=\"color\"><span style=\"margin: 0 0.3em 0 -0.15em; font-size: 1.4em;\">8.b<\/span> Do roku 2020 rozvin\u00fa\u0165 a privies\u0165 k \u017eivotu glob\u00e1lnu strat\u00e9giu pre zamestn\u00e1vanie mlad\u00fdch a realizova\u0165 Glob\u00e1lny pakt pre pracovn\u00e9 miesta Medzin\u00e1rodnej organiz\u00e1cie pr\u00e1ce.<\/p>\n<ul class=\"sub\">\n<li><strong>Indik\u00e1tor 8.b.1<\/strong> Existencia a realizovanie n\u00e1rodnej strat\u00e9gie pre zamestnanos\u0165 ml\u00e1de\u017ee ako samostatnej strat\u00e9gie alebo ako s\u00fa\u010das\u0165 n\u00e1rodnej strat\u00e9gie zamestnanosti\u00a0\u00a0<!-- <a title=\"\u00dadaje\" href=\"http:\/\/datacube.statistics.sk\/#!\/view\/sk\/VBD_INTERN\/nu0001qs\/R%C3%BDchly%20odhad%20HDP%20a%20zamestnanosti%20pod%C4%BEa%20ESA%202010%20%5Bnu0001qs%5D\" target=\"_blank\" rel=\"noopener\"><img decoding=\"async\" class=\"icon alignnone size-full wp-image-1797\" src=\"https:\/\/agenda2030.statistics.sk\/Agenda2030\/wp-content\/uploads\/2018\/05\/table.png\" alt=\"DATAcube.\" \/><\/a> -->\u00a0<!--\u00a0<a title=\"Meta\u00fadaje\" href=\"http:\/\/datacube.statistics.sk\/#!\/view\/sk\/VBD_INTERN\/nu0001qs\/R%C3%BDchly%20odhad%20HDP%20a%20zamestnanosti%20pod%C4%BEa%20ESA%202010%20%5Bnu0001qs%5D\" target=\"_blank\" rel=\"noopener\"><img decoding=\"async\" class=\"icon alignnone size-full wp-image-1798\" src=\"https:\/\/agenda2030.statistics.sk\/Agenda2030\/wp-content\/uploads\/2018\/05\/metadata_14.png\" alt=\"Meta\u00fadaje\" \/><\/a> --><\/li>\n<\/ul>\n<\/li>\n<\/ul>\n<\/div>\n\t\t<\/div><\/div><\/div><\/div><\/div><\/div><p class=\"last-updated\">Posledn\u00e1 aktualiz\u00e1cia: 26. 01. 2026<\/p>","protected":false},"excerpt":{"rendered":"<p>Glob\u00e1lna \u00farove\u0148 CIE\u013d 8: Podporova\u0165 trval\u00fd, inkluz\u00edvny a udr\u017eate\u013en\u00fd ekonomick\u00fd rast, pln\u00fa a produkt\u00edvnu zamestnanos\u0165 a riadnu pr\u00e1cu pre v\u0161etk\u00fdch.<\/p>\n","protected":false},"author":2,"featured_media":0,"parent":0,"menu_order":0,"comment_status":"closed","ping_status":"closed","template":"","meta":{"_exactmetrics_skip_tracking":false,"_exactmetrics_sitenote_active":false,"_exactmetrics_sitenote_note":"","_exactmetrics_sitenote_category":0,"footnotes":""},"class_list":["post-2249","page","type-page","status-publish","hentry"],"_links":{"self":[{"href":"https:\/\/agenda2030.statistics.sk\/Agenda2030\/wp-json\/wp\/v2\/pages\/2249","targetHints":{"allow":["GET"]}}],"collection":[{"href":"https:\/\/agenda2030.statistics.sk\/Agenda2030\/wp-json\/wp\/v2\/pages"}],"about":[{"href":"https:\/\/agenda2030.statistics.sk\/Agenda2030\/wp-json\/wp\/v2\/types\/page"}],"author":[{"embeddable":true,"href":"https:\/\/agenda2030.statistics.sk\/Agenda2030\/wp-json\/wp\/v2\/users\/2"}],"replies":[{"embeddable":true,"href":"https:\/\/agenda2030.statistics.sk\/Agenda2030\/wp-json\/wp\/v2\/comments?post=2249"}],"version-history":[{"count":28,"href":"https:\/\/agenda2030.statistics.sk\/Agenda2030\/wp-json\/wp\/v2\/pages\/2249\/revisions"}],"predecessor-version":[{"id":4143,"href":"https:\/\/agenda2030.statistics.sk\/Agenda2030\/wp-json\/wp\/v2\/pages\/2249\/revisions\/4143"}],"wp:attachment":[{"href":"https:\/\/agenda2030.statistics.sk\/Agenda2030\/wp-json\/wp\/v2\/media?parent=2249"}],"curies":[{"name":"wp","href":"https:\/\/api.w.org\/{rel}","templated":true}]}}