{"id":2263,"date":"2018-06-01T09:28:17","date_gmt":"2018-06-01T07:28:17","guid":{"rendered":"https:\/\/agenda2030.statistics.sk\/Agenda2030\/?page_id=2263"},"modified":"2026-01-26T09:15:06","modified_gmt":"2026-01-26T08:15:06","slug":"indikatory-globalna-uroven-ciel-11","status":"publish","type":"page","link":"https:\/\/agenda2030.statistics.sk\/Agenda2030\/indikatory-globalna-uroven-ciel-11\/","title":{"rendered":"Indik\u00e1tory &#8211; Glob\u00e1lna \u00farove\u0148 &#8211; cie\u013e 11"},"content":{"rendered":"<div id=\"pl-2263\"  class=\"panel-layout\" ><div id=\"pg-2263-0\"  class=\"panel-grid panel-has-style\" ><div class=\"center-content aux-fold panel-row-style panel-row-style-for-2263-0\" data-stretch-type=\"boxed\" ><div id=\"pgc-2263-0-0\"  class=\"panel-grid-cell\" ><section id=\"panel-2263-0-0-0\" class=\"widget-container aux-widget-text aux-parent-au0008feb5 so-panel widget widget_aux_text panel-first-child panel-last-child\" data-index=\"0\"  style=\"\"  >        <div class=\"aux-widget-advanced-text aux-wrap-style-simple aux-ico-pos-top aux-text-left aux-text-resp-left aux-text-widget-bg-cover  \" >\n        \n            \n            <div class=\"aux-text-inner aux-text-widget-content\">\n                                <div class=\"widget-content\">\n                                        <style type=\"text\/css\">\r\n\t#foogallery-gallery-1435 .fg-image {\r\n        width: 121px;\r\n    }\r\n<\/style>\r\n\t\t\t\t<div class=\"foogallery foogallery-container foogallery-default foogallery-lightbox-none fg-gutter-10 fg-center fg-default fg-light fg-hover-instant fg-ready\" id=\"foogallery-gallery-1435\" data-foogallery=\"{&quot;item&quot;:{&quot;showCaptionTitle&quot;:false,&quot;showCaptionDescription&quot;:false},&quot;lazy&quot;:true}\" >\r\n\t<div class=\"fg-item fg-type-iframe fg-idle\"><figure class=\"fg-item-inner\"><a href=\" https:\/\/agenda2030.statistics.sk\/Agenda2030\/indikatory-globalna-uroven-ciel-1\/\" target=\"_self\" data-attachment-id=\"1531\" data-type=\"iframe\" class=\"fg-thumb\"><span class=\"fg-image-wrap\"><img decoding=\"async\" width=\"121\" height=\"121\" class=\"skip-lazy fg-image\" data-src-fg=\"https:\/\/agenda2030.statistics.sk\/Agenda2030\/wp-content\/uploads\/2018\/05\/target1_121.jpg\" src=\"data:image\/svg+xml,%3Csvg%20xmlns%3D%22http%3A%2F%2Fwww.w3.org%2F2000%2Fsvg%22%20width%3D%22121%22%20height%3D%22121%22%20viewBox%3D%220%200%20121%20121%22%3E%3C%2Fsvg%3E\" loading=\"eager\"><\/span><span class=\"fg-image-overlay\"><\/span><\/a><figcaption class=\"fg-caption\"><div class=\"fg-caption-inner\"><\/div><\/figcaption><\/figure><div class=\"fg-loader\"><\/div><\/div><div class=\"fg-item fg-type-iframe fg-idle\"><figure class=\"fg-item-inner\"><a href=\"https:\/\/agenda2030.statistics.sk\/Agenda2030\/indikatory-globalna-uroven-ciel-2\/\" target=\"_self\" data-attachment-id=\"1532\" data-type=\"iframe\" class=\"fg-thumb\"><span class=\"fg-image-wrap\"><img decoding=\"async\" width=\"121\" height=\"121\" class=\"skip-lazy fg-image\" data-src-fg=\"https:\/\/agenda2030.statistics.sk\/Agenda2030\/wp-content\/uploads\/2018\/05\/target2_121.jpg\" src=\"data:image\/svg+xml,%3Csvg%20xmlns%3D%22http%3A%2F%2Fwww.w3.org%2F2000%2Fsvg%22%20width%3D%22121%22%20height%3D%22121%22%20viewBox%3D%220%200%20121%20121%22%3E%3C%2Fsvg%3E\" loading=\"eager\"><\/span><span class=\"fg-image-overlay\"><\/span><\/a><figcaption class=\"fg-caption\"><div class=\"fg-caption-inner\"><\/div><\/figcaption><\/figure><div class=\"fg-loader\"><\/div><\/div><div class=\"fg-item fg-type-iframe fg-idle\"><figure class=\"fg-item-inner\"><a href=\"https:\/\/agenda2030.statistics.sk\/Agenda2030\/indikatory-globalna-uroven-ciel-3\/\" target=\"_self\" data-attachment-id=\"1533\" data-type=\"iframe\" class=\"fg-thumb\"><span class=\"fg-image-wrap\"><img decoding=\"async\" width=\"121\" height=\"121\" class=\"skip-lazy fg-image\" data-src-fg=\"https:\/\/agenda2030.statistics.sk\/Agenda2030\/wp-content\/uploads\/2018\/05\/target3_121.jpg\" src=\"data:image\/svg+xml,%3Csvg%20xmlns%3D%22http%3A%2F%2Fwww.w3.org%2F2000%2Fsvg%22%20width%3D%22121%22%20height%3D%22121%22%20viewBox%3D%220%200%20121%20121%22%3E%3C%2Fsvg%3E\" loading=\"eager\"><\/span><span class=\"fg-image-overlay\"><\/span><\/a><figcaption class=\"fg-caption\"><div class=\"fg-caption-inner\"><\/div><\/figcaption><\/figure><div class=\"fg-loader\"><\/div><\/div><div class=\"fg-item fg-type-iframe fg-idle\"><figure class=\"fg-item-inner\"><a href=\"https:\/\/agenda2030.statistics.sk\/Agenda2030\/indikatory-globalna-uroven-ciel-4\/\" target=\"_self\" data-attachment-id=\"1534\" data-type=\"iframe\" class=\"fg-thumb\"><span class=\"fg-image-wrap\"><img decoding=\"async\" width=\"121\" height=\"121\" class=\"skip-lazy fg-image\" data-src-fg=\"https:\/\/agenda2030.statistics.sk\/Agenda2030\/wp-content\/uploads\/2018\/05\/target4_121.jpg\" src=\"data:image\/svg+xml,%3Csvg%20xmlns%3D%22http%3A%2F%2Fwww.w3.org%2F2000%2Fsvg%22%20width%3D%22121%22%20height%3D%22121%22%20viewBox%3D%220%200%20121%20121%22%3E%3C%2Fsvg%3E\" loading=\"eager\"><\/span><span class=\"fg-image-overlay\"><\/span><\/a><figcaption class=\"fg-caption\"><div class=\"fg-caption-inner\"><\/div><\/figcaption><\/figure><div class=\"fg-loader\"><\/div><\/div><div class=\"fg-item fg-type-iframe fg-idle\"><figure class=\"fg-item-inner\"><a href=\"https:\/\/agenda2030.statistics.sk\/Agenda2030\/indikatory-globalna-uroven-ciel-5\/\" data-attachment-id=\"1535\" data-type=\"iframe\" class=\"fg-thumb\"><span class=\"fg-image-wrap\"><img decoding=\"async\" width=\"121\" height=\"121\" class=\"skip-lazy fg-image\" data-src-fg=\"https:\/\/agenda2030.statistics.sk\/Agenda2030\/wp-content\/uploads\/2018\/05\/target5_121.jpg\" src=\"data:image\/svg+xml,%3Csvg%20xmlns%3D%22http%3A%2F%2Fwww.w3.org%2F2000%2Fsvg%22%20width%3D%22121%22%20height%3D%22121%22%20viewBox%3D%220%200%20121%20121%22%3E%3C%2Fsvg%3E\" loading=\"eager\"><\/span><span class=\"fg-image-overlay\"><\/span><\/a><figcaption class=\"fg-caption\"><div class=\"fg-caption-inner\"><\/div><\/figcaption><\/figure><div class=\"fg-loader\"><\/div><\/div><div class=\"fg-item fg-type-iframe fg-idle\"><figure class=\"fg-item-inner\"><a href=\"https:\/\/agenda2030.statistics.sk\/Agenda2030\/indikatory-globalna-uroven-ciel-6\/\" target=\"_self\" data-attachment-id=\"1536\" data-type=\"iframe\" class=\"fg-thumb\"><span class=\"fg-image-wrap\"><img decoding=\"async\" width=\"121\" height=\"121\" class=\"skip-lazy fg-image\" data-src-fg=\"https:\/\/agenda2030.statistics.sk\/Agenda2030\/wp-content\/uploads\/2018\/05\/target6_121.jpg\" src=\"data:image\/svg+xml,%3Csvg%20xmlns%3D%22http%3A%2F%2Fwww.w3.org%2F2000%2Fsvg%22%20width%3D%22121%22%20height%3D%22121%22%20viewBox%3D%220%200%20121%20121%22%3E%3C%2Fsvg%3E\" loading=\"eager\"><\/span><span class=\"fg-image-overlay\"><\/span><\/a><figcaption class=\"fg-caption\"><div class=\"fg-caption-inner\"><\/div><\/figcaption><\/figure><div class=\"fg-loader\"><\/div><\/div><div class=\"fg-item fg-type-iframe fg-idle\"><figure class=\"fg-item-inner\"><a href=\"https:\/\/agenda2030.statistics.sk\/Agenda2030\/indikatory-globalna-uroven-ciel-7\/\" data-attachment-id=\"1537\" data-type=\"iframe\" class=\"fg-thumb\"><span class=\"fg-image-wrap\"><img decoding=\"async\" width=\"121\" height=\"121\" class=\"skip-lazy fg-image\" data-src-fg=\"https:\/\/agenda2030.statistics.sk\/Agenda2030\/wp-content\/uploads\/2018\/05\/target7_121.jpg\" src=\"data:image\/svg+xml,%3Csvg%20xmlns%3D%22http%3A%2F%2Fwww.w3.org%2F2000%2Fsvg%22%20width%3D%22121%22%20height%3D%22121%22%20viewBox%3D%220%200%20121%20121%22%3E%3C%2Fsvg%3E\" loading=\"eager\"><\/span><span class=\"fg-image-overlay\"><\/span><\/a><figcaption class=\"fg-caption\"><div class=\"fg-caption-inner\"><\/div><\/figcaption><\/figure><div class=\"fg-loader\"><\/div><\/div><div class=\"fg-item fg-type-iframe fg-idle\"><figure class=\"fg-item-inner\"><a href=\"https:\/\/agenda2030.statistics.sk\/Agenda2030\/indikatory-globalna-uroven-ciel-8\/\" target=\"_self\" data-attachment-id=\"1538\" data-type=\"iframe\" class=\"fg-thumb\"><span class=\"fg-image-wrap\"><img decoding=\"async\" width=\"121\" height=\"121\" class=\"skip-lazy fg-image\" data-src-fg=\"https:\/\/agenda2030.statistics.sk\/Agenda2030\/wp-content\/uploads\/2018\/05\/target8_121.jpg\" src=\"data:image\/svg+xml,%3Csvg%20xmlns%3D%22http%3A%2F%2Fwww.w3.org%2F2000%2Fsvg%22%20width%3D%22121%22%20height%3D%22121%22%20viewBox%3D%220%200%20121%20121%22%3E%3C%2Fsvg%3E\" loading=\"eager\"><\/span><span class=\"fg-image-overlay\"><\/span><\/a><figcaption class=\"fg-caption\"><div class=\"fg-caption-inner\"><\/div><\/figcaption><\/figure><div class=\"fg-loader\"><\/div><\/div><div class=\"fg-item fg-type-iframe fg-idle\"><figure class=\"fg-item-inner\"><a href=\"https:\/\/agenda2030.statistics.sk\/Agenda2030\/indikatory-globalna-uroven-ciel-9\/\" target=\"_self\" data-attachment-id=\"1539\" data-type=\"iframe\" class=\"fg-thumb\"><span class=\"fg-image-wrap\"><img decoding=\"async\" width=\"121\" height=\"121\" class=\"skip-lazy fg-image\" data-src-fg=\"https:\/\/agenda2030.statistics.sk\/Agenda2030\/wp-content\/uploads\/2018\/05\/target9_121.jpg\" src=\"data:image\/svg+xml,%3Csvg%20xmlns%3D%22http%3A%2F%2Fwww.w3.org%2F2000%2Fsvg%22%20width%3D%22121%22%20height%3D%22121%22%20viewBox%3D%220%200%20121%20121%22%3E%3C%2Fsvg%3E\" loading=\"eager\"><\/span><span class=\"fg-image-overlay\"><\/span><\/a><figcaption class=\"fg-caption\"><div class=\"fg-caption-inner\"><\/div><\/figcaption><\/figure><div class=\"fg-loader\"><\/div><\/div><div class=\"fg-item fg-type-iframe fg-idle\"><figure class=\"fg-item-inner\"><a href=\"https:\/\/agenda2030.statistics.sk\/Agenda2030\/indikatory-globalna-uroven-ciel-10\/\" target=\"_self\" data-attachment-id=\"2007\" data-type=\"iframe\" class=\"fg-thumb\"><span class=\"fg-image-wrap\"><img decoding=\"async\" width=\"121\" height=\"121\" class=\"skip-lazy fg-image\" data-src-fg=\"https:\/\/agenda2030.statistics.sk\/Agenda2030\/wp-content\/uploads\/2018\/05\/target10_121SKnew.jpg\" src=\"data:image\/svg+xml,%3Csvg%20xmlns%3D%22http%3A%2F%2Fwww.w3.org%2F2000%2Fsvg%22%20width%3D%22121%22%20height%3D%22121%22%20viewBox%3D%220%200%20121%20121%22%3E%3C%2Fsvg%3E\" loading=\"eager\"><\/span><span class=\"fg-image-overlay\"><\/span><\/a><figcaption class=\"fg-caption\"><div class=\"fg-caption-inner\"><\/div><\/figcaption><\/figure><div class=\"fg-loader\"><\/div><\/div><div class=\"fg-item fg-type-iframe fg-idle\"><figure class=\"fg-item-inner\"><a href=\"https:\/\/agenda2030.statistics.sk\/Agenda2030\/indikatory-globalna-uroven-ciel-11\/\" target=\"_self\" data-attachment-id=\"1541\" data-type=\"iframe\" class=\"fg-thumb\"><span class=\"fg-image-wrap\"><img decoding=\"async\" width=\"121\" height=\"121\" class=\"skip-lazy fg-image\" data-src-fg=\"https:\/\/agenda2030.statistics.sk\/Agenda2030\/wp-content\/uploads\/2018\/05\/target11_121.jpg\" src=\"data:image\/svg+xml,%3Csvg%20xmlns%3D%22http%3A%2F%2Fwww.w3.org%2F2000%2Fsvg%22%20width%3D%22121%22%20height%3D%22121%22%20viewBox%3D%220%200%20121%20121%22%3E%3C%2Fsvg%3E\" loading=\"eager\"><\/span><span class=\"fg-image-overlay\"><\/span><\/a><figcaption class=\"fg-caption\"><div class=\"fg-caption-inner\"><\/div><\/figcaption><\/figure><div class=\"fg-loader\"><\/div><\/div><div class=\"fg-item fg-type-iframe fg-idle\"><figure class=\"fg-item-inner\"><a href=\"https:\/\/agenda2030.statistics.sk\/Agenda2030\/indikatory-globalna-uroven-ciel-12\/\" target=\"_self\" data-attachment-id=\"1542\" data-type=\"iframe\" class=\"fg-thumb\"><span class=\"fg-image-wrap\"><img decoding=\"async\" width=\"121\" height=\"121\" class=\"skip-lazy fg-image\" data-src-fg=\"https:\/\/agenda2030.statistics.sk\/Agenda2030\/wp-content\/uploads\/2018\/05\/target12_121.jpg\" src=\"data:image\/svg+xml,%3Csvg%20xmlns%3D%22http%3A%2F%2Fwww.w3.org%2F2000%2Fsvg%22%20width%3D%22121%22%20height%3D%22121%22%20viewBox%3D%220%200%20121%20121%22%3E%3C%2Fsvg%3E\" loading=\"eager\"><\/span><span class=\"fg-image-overlay\"><\/span><\/a><figcaption class=\"fg-caption\"><div class=\"fg-caption-inner\"><\/div><\/figcaption><\/figure><div class=\"fg-loader\"><\/div><\/div><div class=\"fg-item fg-type-iframe fg-idle\"><figure class=\"fg-item-inner\"><a href=\"https:\/\/agenda2030.statistics.sk\/Agenda2030\/indikatory-globalna-uroven-ciel-13\/\" target=\"_self\" data-attachment-id=\"1543\" data-type=\"iframe\" class=\"fg-thumb\"><span class=\"fg-image-wrap\"><img decoding=\"async\" width=\"121\" height=\"121\" class=\"skip-lazy fg-image\" data-src-fg=\"https:\/\/agenda2030.statistics.sk\/Agenda2030\/wp-content\/uploads\/2018\/05\/target13_121.jpg\" src=\"data:image\/svg+xml,%3Csvg%20xmlns%3D%22http%3A%2F%2Fwww.w3.org%2F2000%2Fsvg%22%20width%3D%22121%22%20height%3D%22121%22%20viewBox%3D%220%200%20121%20121%22%3E%3C%2Fsvg%3E\" loading=\"eager\"><\/span><span class=\"fg-image-overlay\"><\/span><\/a><figcaption class=\"fg-caption\"><div class=\"fg-caption-inner\"><\/div><\/figcaption><\/figure><div class=\"fg-loader\"><\/div><\/div><div class=\"fg-item fg-type-iframe fg-idle\"><figure class=\"fg-item-inner\"><a href=\"https:\/\/agenda2030.statistics.sk\/Agenda2030\/indikatory-globalna-uroven-ciel-14\/\" target=\"_self\" data-attachment-id=\"1544\" data-type=\"iframe\" class=\"fg-thumb\"><span class=\"fg-image-wrap\"><img decoding=\"async\" width=\"121\" height=\"121\" class=\"skip-lazy fg-image\" data-src-fg=\"https:\/\/agenda2030.statistics.sk\/Agenda2030\/wp-content\/uploads\/2018\/05\/target14_121.jpg\" src=\"data:image\/svg+xml,%3Csvg%20xmlns%3D%22http%3A%2F%2Fwww.w3.org%2F2000%2Fsvg%22%20width%3D%22121%22%20height%3D%22121%22%20viewBox%3D%220%200%20121%20121%22%3E%3C%2Fsvg%3E\" loading=\"eager\"><\/span><span class=\"fg-image-overlay\"><\/span><\/a><figcaption class=\"fg-caption\"><div class=\"fg-caption-inner\"><\/div><\/figcaption><\/figure><div class=\"fg-loader\"><\/div><\/div><div class=\"fg-item fg-type-iframe fg-idle\"><figure class=\"fg-item-inner\"><a href=\"https:\/\/agenda2030.statistics.sk\/Agenda2030\/indikatory-globalna-uroven-ciel-15\/\" target=\"_self\" data-attachment-id=\"1545\" data-type=\"iframe\" class=\"fg-thumb\"><span class=\"fg-image-wrap\"><img decoding=\"async\" width=\"121\" height=\"121\" class=\"skip-lazy fg-image\" data-src-fg=\"https:\/\/agenda2030.statistics.sk\/Agenda2030\/wp-content\/uploads\/2018\/05\/target15_121.jpg\" src=\"data:image\/svg+xml,%3Csvg%20xmlns%3D%22http%3A%2F%2Fwww.w3.org%2F2000%2Fsvg%22%20width%3D%22121%22%20height%3D%22121%22%20viewBox%3D%220%200%20121%20121%22%3E%3C%2Fsvg%3E\" loading=\"eager\"><\/span><span class=\"fg-image-overlay\"><\/span><\/a><figcaption class=\"fg-caption\"><div class=\"fg-caption-inner\"><\/div><\/figcaption><\/figure><div class=\"fg-loader\"><\/div><\/div><div class=\"fg-item fg-type-iframe fg-idle\"><figure class=\"fg-item-inner\"><a href=\"https:\/\/agenda2030.statistics.sk\/Agenda2030\/indikatory-globalna-uroven-ciel-16\/\" target=\"_self\" data-attachment-id=\"1546\" data-type=\"iframe\" class=\"fg-thumb\"><span class=\"fg-image-wrap\"><img decoding=\"async\" width=\"121\" height=\"121\" class=\"skip-lazy fg-image\" data-src-fg=\"https:\/\/agenda2030.statistics.sk\/Agenda2030\/wp-content\/uploads\/2018\/05\/target16_121.jpg\" src=\"data:image\/svg+xml,%3Csvg%20xmlns%3D%22http%3A%2F%2Fwww.w3.org%2F2000%2Fsvg%22%20width%3D%22121%22%20height%3D%22121%22%20viewBox%3D%220%200%20121%20121%22%3E%3C%2Fsvg%3E\" loading=\"eager\"><\/span><span class=\"fg-image-overlay\"><\/span><\/a><figcaption class=\"fg-caption\"><div class=\"fg-caption-inner\"><\/div><\/figcaption><\/figure><div class=\"fg-loader\"><\/div><\/div><div class=\"fg-item fg-type-iframe fg-idle\"><figure class=\"fg-item-inner\"><a href=\"https:\/\/agenda2030.statistics.sk\/Agenda2030\/indikatory-globalna-uroven-ciel-17\/\" data-attachment-id=\"1547\" data-type=\"iframe\" class=\"fg-thumb\"><span class=\"fg-image-wrap\"><img decoding=\"async\" width=\"121\" height=\"121\" class=\"skip-lazy fg-image\" data-src-fg=\"https:\/\/agenda2030.statistics.sk\/Agenda2030\/wp-content\/uploads\/2018\/05\/target17_121.jpg\" src=\"data:image\/svg+xml,%3Csvg%20xmlns%3D%22http%3A%2F%2Fwww.w3.org%2F2000%2Fsvg%22%20width%3D%22121%22%20height%3D%22121%22%20viewBox%3D%220%200%20121%20121%22%3E%3C%2Fsvg%3E\" loading=\"eager\"><\/span><span class=\"fg-image-overlay\"><\/span><\/a><figcaption class=\"fg-caption\"><div class=\"fg-caption-inner\"><\/div><\/figcaption><\/figure><div class=\"fg-loader\"><\/div><\/div><div class=\"fg-item fg-type-iframe fg-idle\"><figure class=\"fg-item-inner\"><a href=\"https:\/\/unstats.un.org\/sdgs\/indicators\/database\/\" target=\"_blank\" data-attachment-id=\"2937\" data-type=\"iframe\" class=\"last fg-thumb\"><span class=\"fg-image-wrap\"><img decoding=\"async\" width=\"121\" height=\"121\" class=\"skip-lazy fg-image\" data-src-fg=\"https:\/\/agenda2030.statistics.sk\/Agenda2030\/wp-content\/uploads\/2018\/07\/logo_SK_nonUN.jpg\" src=\"data:image\/svg+xml,%3Csvg%20xmlns%3D%22http%3A%2F%2Fwww.w3.org%2F2000%2Fsvg%22%20width%3D%22121%22%20height%3D%22121%22%20viewBox%3D%220%200%20121%20121%22%3E%3C%2Fsvg%3E\" loading=\"eager\"><\/span><span class=\"fg-image-overlay\"><\/span><\/a><figcaption class=\"fg-caption\"><div class=\"fg-caption-inner\"><\/div><\/figcaption><\/figure><div class=\"fg-loader\"><\/div><\/div><\/div>\r\n                <\/div>\n                            <\/div>\n        <\/div>\n                    <div class=\"aux-text-widget-footer\">\n                <div class=\"aux-border-shape-none \">\n                                <\/div>\n            <\/div>\n        \n<\/section><\/div><\/div><\/div><div id=\"pg-2263-1\"  class=\"panel-grid panel-has-style\" ><div class=\"center-content aux-fold panel-row-style panel-row-style-for-2263-1\" data-stretch-type=\"boxed\" ><div id=\"pgc-2263-1-0\"  class=\"panel-grid-cell\" ><div id=\"panel-2263-1-0-0\" class=\"so-panel widget widget_text panel-first-child panel-last-child\" data-index=\"1\" ><div class=\"h2_target_2 panel-widget-style panel-widget-style-for-2263-1-0-0\" >\t\t\t<div class=\"textwidget\"><p><img loading=\"lazy\" decoding=\"async\" class=\"img-target size-full wp-image-1532 alignleft\" src=\"https:\/\/agenda2030.statistics.sk\/Agenda2030\/wp-content\/uploads\/2018\/05\/target11_121.jpg\" alt=\"\" width=\"121\" height=\"121\" \/><\/p>\n<h2 class=\"h2-target-11\">Glob\u00e1lna \u00farove\u0148<\/h2>\n<h3 class=\"h3-target-11\">CIE\u013d 11: Premeni\u0165 mest\u00e1 a \u013eudsk\u00e9 obydlia na inkluz\u00edvne, bezpe\u010dn\u00e9, odoln\u00e9 a udr\u017eate\u013en\u00e9.<\/h3>\n<\/div>\n\t\t<\/div><\/div><\/div><\/div><\/div><div id=\"pg-2263-2\"  class=\"panel-grid panel-has-style\" ><div class=\"center-content aux-fold panel-row-style panel-row-style-for-2263-2\" data-stretch-type=\"boxed\" ><div id=\"pgc-2263-2-0\"  class=\"panel-grid-cell\" ><div id=\"panel-2263-2-0-0\" class=\"so-panel widget widget_text panel-first-child panel-last-child\" data-index=\"2\" ><div class=\"target panel-widget-style panel-widget-style-for-2263-2-0-0\" >\t\t\t<div class=\"textwidget\"><p>\u201eTempo rastu miest bolo neb\u00fdval\u00e9. Okolo prelomu storo\u010dia, prv\u00fdkr\u00e1t v\u00a0hist\u00f3rii, obyvatelia miest po\u010dtom prev\u00fd\u0161ili obyvate\u013eov vidieka, a do roku 2015 \u017eili v mest\u00e1ch takmer 4 miliardy \u013eud\u00ed \u2013 54 % svetovej popul\u00e1cie. O\u010dak\u00e1va sa, \u017ee do roku 2030 tento po\u010det dosiahne 5 mili\u00e1rd. R\u00fdchla urbaniz\u00e1cia prin\u00e1\u0161a obrovsk\u00e9 v\u00fdzvy, ktor\u00e9 sa t\u00fdkaj\u00fa rast\u00faceho po\u010dtu obyvate\u013estva \u017eij\u00faceho v slumoch, zv\u00fd\u0161en\u00e9 zne\u010distenie ovzdu\u0161ia, neposta\u010duj\u00face z\u00e1kladn\u00e9 slu\u017eby, neposta\u010duj\u00faca infra\u0161trukt\u00fara a nepl\u00e1novan\u00e9 rozrastanie miest, ktor\u00e9 tie\u017e sp\u00f4sobuje vy\u0161\u0161iu zranite\u013enos\u0165 t\u00fdchto miest vo\u010di katastrof\u00e1m. Av\u0161ak pri rozumnom pl\u00e1novan\u00ed a\u00a0riaden\u00ed sa z\u00a0t\u00fdchto miest, po celom svete, m\u00f4\u017eu sta\u0165 inkluz\u00edvne, bezpe\u010dn\u00e9, rezistentn\u00e9, udr\u017eate\u013en\u00e9 a dynamick\u00e9 centr\u00e1 inov\u00e1cie a\u00a0podnikania.\u201c<\/p>\n<p><em>Zdroj: OSN, Spr\u00e1va o cie\u013eoch udr\u017eate\u013en\u00e9ho rozvoja, rok 2017<\/em><\/p>\n<\/div>\n\t\t<\/div><\/div><\/div><\/div><\/div><div id=\"pg-2263-3\"  class=\"panel-grid panel-has-style\" ><div class=\"center-content aux-fold panel-row-style panel-row-style-for-2263-3\" data-stretch-type=\"boxed\" ><div id=\"pgc-2263-3-0\"  class=\"panel-grid-cell\" ><div id=\"panel-2263-3-0-0\" class=\"so-panel widget widget_text panel-first-child panel-last-child\" data-index=\"3\" ><div class=\"target panel-widget-style panel-widget-style-for-2263-3-0-0\" >\t\t\t<div class=\"textwidget\"><h4>\u010ciastkov\u00e9 ciele:<\/h4>\n<ul class=\"none\">\n<li>\n<p class=\"color\"><span style=\"margin: 0 0.3em 0 -0.15em; font-size: 1.4em;\">11.1<\/span>Do roku 2030 v\u0161etk\u00fdm zabezpe\u010di\u0165 pr\u00edstup k zodpovedaj\u00facemu, bezpe\u010dn\u00e9mu a cenovo dostupn\u00e9mu b\u00fdvaniu a z\u00e1kladn\u00fdm slu\u017eb\u00e1m, a zlep\u0161i\u0165 podmienky b\u00fdvania v slumoch.<\/p>\n<ul class=\"sub\">\n<li><strong>Indik\u00e1tor 11.1.1<\/strong> Podiel mestskej popul\u00e1cie \u017eij\u00facej v chudobn\u00fdch \u010dastiach (slumoch), neleg\u00e1lnych osad\u00e1ch alebo v neadekv\u00e1tnom obydl\u00ed\u00a0\u00a0<!-- <a title=\"\u00dadaje\" href=\"http:\/\/datacube.statistics.sk\/#!\/view\/sk\/VBD_INTERN\/nu0001qs\/R%C3%BDchly%20odhad%20HDP%20a%20zamestnanosti%20pod%C4%BEa%20ESA%202010%20%5Bnu0001qs%5D\" target=\"_blank\" rel=\"noopener\"><img decoding=\"async\" class=\"icon alignnone size-full wp-image-1797\" src=\"https:\/\/agenda2030.statistics.sk\/Agenda2030\/wp-content\/uploads\/2018\/05\/table.png\" alt=\"DATAcube.\" \/><\/a> -->\u00a0<!--\u00a0<a title=\"Meta\u00fadaje\" href=\"http:\/\/datacube.statistics.sk\/#!\/view\/sk\/VBD_INTERN\/nu0001qs\/R%C3%BDchly%20odhad%20HDP%20a%20zamestnanosti%20pod%C4%BEa%20ESA%202010%20%5Bnu0001qs%5D\" target=\"_blank\" rel=\"noopener\"><img decoding=\"async\" class=\"icon alignnone size-full wp-image-1798\" src=\"https:\/\/agenda2030.statistics.sk\/Agenda2030\/wp-content\/uploads\/2018\/05\/metadata_14.png\" alt=\"Meta\u00fadaje\" \/><\/a> --><\/li>\n<\/ul>\n<\/li>\n<\/ul>\n<p>&nbsp;<\/p>\n<ul class=\"none\">\n<li>\n<p class=\"color\"><span style=\"margin: 0 0.3em 0 -0.15em; font-size: 1.4em;\">11.2<\/span> Do roku 2030 v\u0161etk\u00fdm poskytn\u00fa\u0165 pr\u00edstup k bezpe\u010dn\u00fdm, finan\u010dne dostupn\u00fdm, \u013eahko pr\u00edstupn\u00fdm a udr\u017eate\u013en\u00fdm dopravn\u00fdm syst\u00e9mom, zlep\u0161i\u0165 bezpe\u010dnos\u0165 cestnej prem\u00e1vky, predov\u0161etk\u00fdm roz\u0161\u00edren\u00edm verejnej dopravy so zvl\u00e1\u0161tnym d\u00f4razom na potreby os\u00f4b v \u0165a\u017ekej situ\u00e1cii, ako s\u00fa \u017eeny, deti, osoby so zdravotn\u00fdm postihnut\u00edm a\u00a0star\u0161\u00edch os\u00f4b.<\/p>\n<ul class=\"sub\">\n<li><strong>Indik\u00e1tor 11.2.1<\/strong> Podiel obyvate\u013eov, ktor\u00fd m\u00e1 vyhovuj\u00faci pr\u00edstup k verejnej doprave pod\u013ea pohlavia, veku a os\u00f4b so zdravotn\u00fdm postihnut\u00edm\u00a0\u00a0<!-- <a title=\"\u00dadaje\" href=\"http:\/\/datacube.statistics.sk\/#!\/view\/sk\/VBD_INTERN\/nu0001qs\/R%C3%BDchly%20odhad%20HDP%20a%20zamestnanosti%20pod%C4%BEa%20ESA%202010%20%5Bnu0001qs%5D\"><img decoding=\"async\" class=\"icon alignnone size-full wp-image-1797\" src=\"https:\/\/agenda2030.statistics.sk\/Agenda2030\/wp-content\/uploads\/2018\/05\/table.png\" alt=\"DATAcube.\" \/><\/a> -->\u00a0<!--\u00a0<a title=\"Meta\u00fadaje\" href=\"http:\/\/datacube.statistics.sk\/#!\/view\/sk\/VBD_INTERN\/nu0001qs\/R%C3%BDchly%20odhad%20HDP%20a%20zamestnanosti%20pod%C4%BEa%20ESA%202010%20%5Bnu0001qs%5D\"><img decoding=\"async\" class=\"icon alignnone size-full wp-image-1798\" src=\"https:\/\/agenda2030.statistics.sk\/Agenda2030\/wp-content\/uploads\/2018\/05\/metadata_14.png\" alt=\"Meta\u00fadaje\" \/><\/a> --><\/li>\n<\/ul>\n<\/li>\n<\/ul>\n<p>&nbsp;<\/p>\n<ul class=\"none\">\n<li>\n<p class=\"color\"><span style=\"margin: 0 0.3em 0 -0.15em; font-size: 1.4em;\">11.3<\/span> Do roku 2030 posilni\u0165 inkluz\u00edvnu a udr\u017eate\u013en\u00fa urbaniz\u00e1ciu a kapacity pre participat\u00edvne, integrovan\u00e9 a udr\u017eate\u013en\u00e9 pl\u00e1novanie a spr\u00e1vu miest a obc\u00ed vo v\u0161etk\u00fdch krajin\u00e1ch.<\/p>\n<ul class=\"sub\">\n<li><strong>Indik\u00e1tor 11.3.1<\/strong> Pomer spotreby p\u00f4dy s mierou rastu obyvate\u013estva\u00a0<!--\u00a0<a title=\"\u00dadaje\" href=\"http:\/\/datacube.statistics.sk\/#!\/view\/sk\/VBD_INTERN\/nu0001qs\/R%C3%BDchly%20odhad%20HDP%20a%20zamestnanosti%20pod%C4%BEa%20ESA%202010%20%5Bnu0001qs%5D\" target=\"_blank\" rel=\"noopener\"><img decoding=\"async\" class=\"icon alignnone size-full wp-image-1797\" src=\"https:\/\/agenda2030.statistics.sk\/Agenda2030\/wp-content\/uploads\/2018\/05\/table.png\" alt=\"DATAcube.\" \/><\/a> -->\u00a0<!--\u00a0<a title=\"Meta\u00fadaje\" href=\"http:\/\/datacube.statistics.sk\/#!\/view\/sk\/VBD_INTERN\/nu0001qs\/R%C3%BDchly%20odhad%20HDP%20a%20zamestnanosti%20pod%C4%BEa%20ESA%202010%20%5Bnu0001qs%5D\" target=\"_blank\" rel=\"noopener\"><img decoding=\"async\" class=\"icon alignnone size-full wp-image-1798\" src=\"https:\/\/agenda2030.statistics.sk\/Agenda2030\/wp-content\/uploads\/2018\/05\/metadata_14.png\" alt=\"Meta\u00fadaje\" \/><\/a> --><\/li>\n<li><strong>Indik\u00e1tor 11.3.2<\/strong> Podiel miest s priamym zapojen\u00edm obyvate\u013eov do procesu mestsk\u00e9ho pl\u00e1novania a spr\u00e1vy, ktor\u00e1 funguje pravidelne a demokraticky\u00a0<!--\u00a0<a title=\"\u00dadaje\" href=\"http:\/\/datacube.statistics.sk\/#!\/view\/sk\/VBD_INTERN\/nu0001qs\/R%C3%BDchly%20odhad%20HDP%20a%20zamestnanosti%20pod%C4%BEa%20ESA%202010%20%5Bnu0001qs%5D\" target=\"_blank\" rel=\"noopener\"><img decoding=\"async\" class=\"icon alignnone size-full wp-image-1797\" src=\"https:\/\/agenda2030.statistics.sk\/Agenda2030\/wp-content\/uploads\/2018\/05\/table.png\" alt=\"DATAcube.\" \/><\/a> -->\u00a0<!--\u00a0<a title=\"Meta\u00fadaje\" href=\"http:\/\/datacube.statistics.sk\/#!\/view\/sk\/VBD_INTERN\/nu0001qs\/R%C3%BDchly%20odhad%20HDP%20a%20zamestnanosti%20pod%C4%BEa%20ESA%202010%20%5Bnu0001qs%5D\" target=\"_blank\" rel=\"noopener\"><img decoding=\"async\" class=\"icon alignnone size-full wp-image-1798\" src=\"https:\/\/agenda2030.statistics.sk\/Agenda2030\/wp-content\/uploads\/2018\/05\/metadata_14.png\" alt=\"Meta\u00fadaje\" \/><\/a> --><\/li>\n<\/ul>\n<\/li>\n<\/ul>\n<p>&nbsp;<\/p>\n<ul class=\"none\">\n<li>\n<p class=\"color\"><span style=\"margin: 0 0.3em 0 -0.15em; font-size: 1.4em;\">11.4<\/span> Zlep\u0161i\u0165 \u00fasilie na ochranu a z\u00e1chranu svetov\u00e9ho kult\u00farneho a pr\u00edrodn\u00e9ho dedi\u010dstva.<\/p>\n<ul class=\"sub\">\n<li><strong>Indik\u00e1tor 11.4.1<\/strong> Celkov\u00e9 v\u00fddavky na obyvate\u013ea pou\u017eit\u00e9 na uchovanie a ochranu celkov\u00e9ho kult\u00farneho a pr\u00edrodn\u00e9ho dedi\u010dstva pod\u013ea zdrojov financovania (verejn\u00e9, s\u00fakromn\u00e9), druhu dedi\u010dstva (kult\u00farne, pr\u00edrodn\u00e9) a \u00farovne spr\u00e1vy (n\u00e1rodn\u00e1, region\u00e1lna, miestna\/obecn\u00e1) <!--\u00a0<a title=\"\u00dadaje\" href=\"http:\/\/datacube.statistics.sk\/#!\/view\/sk\/VBD_INTERN\/nu0001qs\/R%C3%BDchly%20odhad%20HDP%20a%20zamestnanosti%20pod%C4%BEa%20ESA%202010%20%5Bnu0001qs%5D\" target=\"_blank\" rel=\"noopener\"><img decoding=\"async\" class=\"icon alignnone size-full wp-image-1797\" src=\"https:\/\/agenda2030.statistics.sk\/Agenda2030\/wp-content\/uploads\/2018\/05\/table.png\" alt=\"DATAcube.\" \/><\/a> -->\u00a0<!--\u00a0<a title=\"Meta\u00fadaje\" href=\"http:\/\/datacube.statistics.sk\/#!\/view\/sk\/VBD_INTERN\/nu0001qs\/R%C3%BDchly%20odhad%20HDP%20a%20zamestnanosti%20pod%C4%BEa%20ESA%202010%20%5Bnu0001qs%5D\" target=\"_blank\" rel=\"noopener\"><img decoding=\"async\" class=\"icon alignnone size-full wp-image-1798\" src=\"https:\/\/agenda2030.statistics.sk\/Agenda2030\/wp-content\/uploads\/2018\/05\/metadata_14.png\" alt=\"Meta\u00fadaje\" \/><\/a> --><\/li>\n<\/ul>\n<\/li>\n<\/ul>\n<p>&nbsp;<\/p>\n<ul class=\"none\">\n<li>\n<p class=\"color\"><span style=\"margin: 0 0.3em 0 -0.15em; font-size: 1.4em;\">11.5<\/span> Do roku 2030 v\u00fdrazne zn\u00ed\u017ei\u0165 po\u010det \u00famrt\u00ed a \u010fal\u0161\u00edch negat\u00edvnych dopadov pr\u00edrodn\u00fdch katastrof zah\u0155\u0148aj\u00facich pohromy spojen\u00e9 s vodou. T\u00fdka sa to tie\u017e priamych ekonomick\u00fdch str\u00e1t vo vz\u0165ahu ku glob\u00e1lnemu HDP. Zvl\u00e1\u0161tnu pozornos\u0165 je nutn\u00e9 venova\u0165 ochrane chudobn\u00fdch a zranite\u013en\u00fdch os\u00f4b<\/p>\n<ul class=\"sub\">\n<li><strong>Indik\u00e1tor 11.5.1<\/strong> Po\u010det \u00famrt\u00ed, nezvestn\u00fdch os\u00f4b a os\u00f4b postihnut\u00fdch pr\u00edrodn\u00fdmi katastrofami na 100 000 obyvate\u013eov\u00a0<!--\u00a0<a title=\"\u00dadaje\" href=\"http:\/\/datacube.statistics.sk\/#!\/view\/sk\/VBD_INTERN\/nu0001qs\/R%C3%BDchly%20odhad%20HDP%20a%20zamestnanosti%20pod%C4%BEa%20ESA%202010%20%5Bnu0001qs%5D\" target=\"_blank\" rel=\"noopener\"><img decoding=\"async\" class=\"icon alignnone size-full wp-image-1797\" src=\"https:\/\/agenda2030.statistics.sk\/Agenda2030\/wp-content\/uploads\/2018\/05\/table.png\" alt=\"DATAcube.\" \/><\/a> -->\u00a0<!--\u00a0<a title=\"Meta\u00fadaje\" href=\"http:\/\/datacube.statistics.sk\/#!\/view\/sk\/VBD_INTERN\/nu0001qs\/R%C3%BDchly%20odhad%20HDP%20a%20zamestnanosti%20pod%C4%BEa%20ESA%202010%20%5Bnu0001qs%5D\" target=\"_blank\" rel=\"noopener\"><img decoding=\"async\" class=\"icon alignnone size-full wp-image-1798\" src=\"https:\/\/agenda2030.statistics.sk\/Agenda2030\/wp-content\/uploads\/2018\/05\/metadata_14.png\" alt=\"Meta\u00fadaje\" \/><\/a> --><\/li>\n<li><strong>Indik\u00e1tor 11.5.2<\/strong> Priame ekonomick\u00e9 straty sp\u00f4soben\u00e9 katastrofami vo vz\u0165ahu ku glob\u00e1lnemu hrub\u00e9mu dom\u00e1cemu produktu (HDP)<\/li>\n<li><strong>Indik\u00e1tor 11.5.3 <\/strong><em>a)<\/em> \u0160kody na strategickej infra\u0161trukt\u00fare a <em>b)<\/em> po\u010det naru\u0161en\u00ed z\u00e1kladn\u00fdch slu\u017eieb pripisovan\u00fdch katastrof\u00e1m\u00a0\u00a0 <!-- <a title=\"\u00dadaje\" href=\"http:\/\/datacube.statistics.sk\/#!\/view\/sk\/VBD_INTERN\/nu0001qs\/R%C3%BDchly%20odhad%20HDP%20a%20zamestnanosti%20pod%C4%BEa%20ESA%202010%20%5Bnu0001qs%5D\" target=\"_blank\" rel=\"noopener\"><img decoding=\"async\" class=\"icon alignnone size-full wp-image-1797\" src=\"https:\/\/agenda2030.statistics.sk\/Agenda2030\/wp-content\/uploads\/2018\/05\/table.png\" alt=\"DATAcube.\" \/><\/a> -->\u00a0<!--\u00a0<a title=\"Meta\u00fadaje\" href=\"http:\/\/datacube.statistics.sk\/#!\/view\/sk\/VBD_INTERN\/nu0001qs\/R%C3%BDchly%20odhad%20HDP%20a%20zamestnanosti%20pod%C4%BEa%20ESA%202010%20%5Bnu0001qs%5D\" target=\"_blank\" rel=\"noopener\"><img decoding=\"async\" class=\"icon alignnone size-full wp-image-1798\" src=\"https:\/\/agenda2030.statistics.sk\/Agenda2030\/wp-content\/uploads\/2018\/05\/metadata_14.png\" alt=\"Meta\u00fadaje\" \/><\/a> --><\/li>\n<\/ul>\n<\/li>\n<\/ul>\n<p>&nbsp;<\/p>\n<ul class=\"none\">\n<li>\n<p class=\"color\"><span style=\"margin: 0 0.3em 0 -0.15em; font-size: 1.4em;\">11.6<\/span> Do roku 2030 zn\u00ed\u017ei\u0165 nepriazniv\u00fd dopad \u017eivotn\u00e9ho prostredia miest na ich obyvate\u013eov, predov\u0161etk\u00fdm zameran\u00edm pozornosti na kvalitu ovzdu\u0161ia a nakladanie s komun\u00e1lnym a in\u00fdm odpadom.<\/p>\n<ul class=\"sub\">\n<li><strong>Indik\u00e1tor 11.6.1<\/strong> Podiel tuh\u00e9ho komun\u00e1lneho odpadu zozbieran\u00e9ho a spravovan\u00e9ho v kontrolovan\u00fdch zariadeniach z celkov\u00e9ho mno\u017estva vyprodukovan\u00e9ho komun\u00e1lneho odpadu v\u00a0mest\u00e1ch <!-- <a title=\"\u00dadaje\" href=\"http:\/\/datacube.statistics.sk\/#!\/view\/sk\/VBD_INTERN\/nu0001qs\/R%C3%BDchly%20odhad%20HDP%20a%20zamestnanosti%20pod%C4%BEa%20ESA%202010%20%5Bnu0001qs%5D\" target=\"_blank\" rel=\"noopener\"><img decoding=\"async\" class=\"icon alignnone size-full wp-image-1797\" src=\"https:\/\/agenda2030.statistics.sk\/Agenda2030\/wp-content\/uploads\/2018\/05\/table.png\" alt=\"DATAcube.\" \/><\/a> --> <!-- <a title=\"Meta\u00fadaje\" href=\"http:\/\/datacube.statistics.sk\/#!\/view\/sk\/VBD_INTERN\/nu0001qs\/R%C3%BDchly%20odhad%20HDP%20a%20zamestnanosti%20pod%C4%BEa%20ESA%202010%20%5Bnu0001qs%5D\" target=\"_blank\" rel=\"noopener\"><img decoding=\"async\" class=\"icon alignnone size-full wp-image-1798\" src=\"https:\/\/agenda2030.statistics.sk\/Agenda2030\/wp-content\/uploads\/2018\/05\/metadata_14.png\" alt=\"Meta\u00fadaje\" \/><\/a> --><\/li>\n<li><strong>Indik\u00e1tor 11.6.2<\/strong> Priemern\u00e9 ro\u010dn\u00e9 hodnoty jemn\u00fdch suspendovan\u00fdch \u010dast\u00edc (napr. PM 2,5 a PM 10) v mest\u00e1ch (v\u00e1\u017een\u00e9 po\u010dtom obyvate\u013eov) <!-- <a title=\"\u00dadaje\" href=\"http:\/\/datacube.statistics.sk\/#!\/view\/sk\/VBD_INTERN\/nu0001qs\/R%C3%BDchly%20odhad%20HDP%20a%20zamestnanosti%20pod%C4%BEa%20ESA%202010%20%5Bnu0001qs%5D\" target=\"_blank\" rel=\"noopener\"><img decoding=\"async\" class=\"icon alignnone size-full wp-image-1797\" src=\"https:\/\/agenda2030.statistics.sk\/Agenda2030\/wp-content\/uploads\/2018\/05\/table.png\" alt=\"DATAcube.\" \/><\/a> --> <!-- <a title=\"Meta\u00fadaje\" href=\"http:\/\/datacube.statistics.sk\/#!\/view\/sk\/VBD_INTERN\/nu0001qs\/R%C3%BDchly%20odhad%20HDP%20a%20zamestnanosti%20pod%C4%BEa%20ESA%202010%20%5Bnu0001qs%5D\" target=\"_blank\" rel=\"noopener\"><img decoding=\"async\" class=\"icon alignnone size-full wp-image-1798\" src=\"https:\/\/agenda2030.statistics.sk\/Agenda2030\/wp-content\/uploads\/2018\/05\/metadata_14.png\" alt=\"Meta\u00fadaje\" \/><\/a> --><\/li>\n<\/ul>\n<\/li>\n<\/ul>\n<p>&nbsp;<\/p>\n<ul class=\"none\">\n<li>\n<p class=\"color\"><span style=\"margin: 0 0.3em 0 -0.15em; font-size: 1.4em;\">11.7<\/span> Do roku 2030 zabezpe\u010di\u0165 v\u0161eobecn\u00fd pr\u00edstup k bezpe\u010dnej, inkluz\u00edvnej a pr\u00edstupnej mestskej zeleni a verejn\u00e9mu priestoru, najm\u00e4 pre \u017eeny a deti, star\u0161ie osoby a osoby so zdravotn\u00fdm postihnut\u00edm<\/p>\n<ul class=\"sub\">\n<li><strong>Indik\u00e1tor 11.7.1<\/strong> Priemern\u00fd podiel zastavanej plochy miest, ktor\u00e1 je vo\u013en\u00fdm priestorom na verejn\u00e9 pou\u017eitie pre v\u0161etk\u00fdch pod\u013ea pohlavia, veku a zdravotne postihnut\u00fdch os\u00f4b <!-- <a title=\"\u00dadaje\" href=\"http:\/\/datacube.statistics.sk\/#!\/view\/sk\/VBD_INTERN\/nu0001qs\/R%C3%BDchly%20odhad%20HDP%20a%20zamestnanosti%20pod%C4%BEa%20ESA%202010%20%5Bnu0001qs%5D\" target=\"_blank\" rel=\"noopener\"><img decoding=\"async\" class=\"icon alignnone size-full wp-image-1797\" src=\"https:\/\/agenda2030.statistics.sk\/Agenda2030\/wp-content\/uploads\/2018\/05\/table.png\" alt=\"DATAcube.\" \/><\/a> --> <!-- <a title=\"Meta\u00fadaje\" href=\"http:\/\/datacube.statistics.sk\/#!\/view\/sk\/VBD_INTERN\/nu0001qs\/R%C3%BDchly%20odhad%20HDP%20a%20zamestnanosti%20pod%C4%BEa%20ESA%202010%20%5Bnu0001qs%5D\" target=\"_blank\" rel=\"noopener\"><img decoding=\"async\" class=\"icon alignnone size-full wp-image-1798\" src=\"https:\/\/agenda2030.statistics.sk\/Agenda2030\/wp-content\/uploads\/2018\/05\/metadata_14.png\" alt=\"Meta\u00fadaje\" \/><\/a> --><\/li>\n<li><strong>Indik\u00e1tor 11.7.2<\/strong> Podiel os\u00f4b, ktor\u00e9 sa stali obe\u0165ou in\u00e9ho ako sexu\u00e1lneho ob\u0165a\u017eovania, pod\u013ea pohlavia, veku, zdravotn\u00e9ho postihnutia a miesta v\u00fdskytu za posledn\u00fdch 12 mesiacov <!-- <a title=\"\u00dadaje\" href=\"http:\/\/datacube.statistics.sk\/#!\/view\/sk\/VBD_INTERN\/nu0001qs\/R%C3%BDchly%20odhad%20HDP%20a%20zamestnanosti%20pod%C4%BEa%20ESA%202010%20%5Bnu0001qs%5D\" target=\"_blank\" rel=\"noopener\"><img decoding=\"async\" class=\"icon alignnone size-full wp-image-1797\" src=\"https:\/\/agenda2030.statistics.sk\/Agenda2030\/wp-content\/uploads\/2018\/05\/table.png\" alt=\"DATAcube.\" \/><\/a> --> <!-- <a title=\"Meta\u00fadaje\" href=\"http:\/\/datacube.statistics.sk\/#!\/view\/sk\/VBD_INTERN\/nu0001qs\/R%C3%BDchly%20odhad%20HDP%20a%20zamestnanosti%20pod%C4%BEa%20ESA%202010%20%5Bnu0001qs%5D\" target=\"_blank\" rel=\"noopener\"><img decoding=\"async\" class=\"icon alignnone size-full wp-image-1798\" src=\"https:\/\/agenda2030.statistics.sk\/Agenda2030\/wp-content\/uploads\/2018\/05\/metadata_14.png\" alt=\"Meta\u00fadaje\" \/><\/a> --><\/li>\n<\/ul>\n<\/li>\n<\/ul>\n<p>&nbsp;<\/p>\n<ul class=\"none\">\n<li>\n<p class=\"color\"><span style=\"margin: 0 0.3em 0 -0.15em; font-size: 1.4em;\">11.a<\/span> Podporova\u0165 pozit\u00edvne ekonomick\u00e9, soci\u00e1lne a environment\u00e1lne v\u00e4zby medzi mestsk\u00fdmi, pr\u00edmestsk\u00fdmi a vidieckymi oblas\u0165ami, zlep\u0161en\u00edm n\u00e1rodn\u00e9ho a region\u00e1lneho rozvojov\u00e9ho pl\u00e1novania.<\/p>\n<ul class=\"sub\">\n<li><strong>Indik\u00e1tor 11.a.1<\/strong> Po\u010det kraj\u00edn, ktor\u00e9 maj\u00fa n\u00e1rodn\u00e9 mestsk\u00e9 politiky alebo pl\u00e1ny region\u00e1lneho rozvoja, ktor\u00e9 <em>(a)<\/em> reaguj\u00fa k popula\u010dnej dynamike; <em>(b)<\/em> zabezpe\u010duj\u00fa vyv\u00e1\u017een\u00fd \u00fazemn\u00fd rozvoj; a <em>(c)<\/em> zv\u00e4\u010d\u0161uj\u00fa miestny fi\u0161k\u00e1lny priestor <!-- <a title=\"\u00dadaje\" href=\"http:\/\/datacube.statistics.sk\/#!\/view\/sk\/VBD_INTERN\/nu0001qs\/R%C3%BDchly%20odhad%20HDP%20a%20zamestnanosti%20pod%C4%BEa%20ESA%202010%20%5Bnu0001qs%5D\" target=\"_blank\" rel=\"noopener\"><img decoding=\"async\" class=\"icon alignnone size-full wp-image-1797\" src=\"https:\/\/agenda2030.statistics.sk\/Agenda2030\/wp-content\/uploads\/2018\/05\/table.png\" alt=\"DATAcube.\" \/><\/a> -->\u00a0<!--\u00a0<a title=\"Meta\u00fadaje\" href=\"http:\/\/datacube.statistics.sk\/#!\/view\/sk\/VBD_INTERN\/nu0001qs\/R%C3%BDchly%20odhad%20HDP%20a%20zamestnanosti%20pod%C4%BEa%20ESA%202010%20%5Bnu0001qs%5D\" target=\"_blank\" rel=\"noopener\"><img decoding=\"async\" class=\"icon alignnone size-full wp-image-1798\" src=\"https:\/\/agenda2030.statistics.sk\/Agenda2030\/wp-content\/uploads\/2018\/05\/metadata_14.png\" alt=\"Meta\u00fadaje\" \/><\/a> --><\/li>\n<\/ul>\n<\/li>\n<\/ul>\n<p>&nbsp;<\/p>\n<ul class=\"none\">\n<li>\n<p class=\"color\"><span style=\"margin: 0 0.3em 0 -0.15em; font-size: 1.4em;\">11.b<\/span> Do roku 2020 v\u00fdrazne zv\u00fd\u0161i\u0165 po\u010det miest a obc\u00ed, ktor\u00e9 prij\u00edmaj\u00fa a realizuj\u00fa integrovan\u00e9 politiky a pl\u00e1ny na podporu inkl\u00fazie, \u00fa\u010dinn\u00e9ho vyu\u017e\u00edvania zdrojov, zmier\u0148ovania a adapt\u00e1cie na klimatick\u00e9 zmeny, odolnos\u0165 vo\u010di katastrof\u00e1m, a vypracova\u0165 a realizova\u0165 komplexn\u00e9 riadenie rizika katastrof na v\u0161etk\u00fdch \u00farovniach v s\u00falade so Sendaisk\u00fdm r\u00e1mcom pre DRR 2015 &#8211; 2030.<\/p>\n<ul class=\"sub\">\n<li><strong>Indik\u00e1tor 11.b.1<\/strong>\u00a0Po\u010det kraj\u00edn, ktor\u00e9 prijali a implementovali n\u00e1rodn\u00e9 strat\u00e9gie zni\u017eovania rizika katastrof v s\u00falade so Sendaisk\u00fdm r\u00e1mcom zni\u017eovania rizika katastrof 2015 \u2013 2030<\/li>\n<li><strong>Indik\u00e1tor 11.b.2<\/strong>\u00a0Podiel miestnych samospr\u00e1v, ktor\u00e9 prijali a implementovali miestne strat\u00e9gie na zn\u00ed\u017eenie rizika miestnych pr\u00edrodn\u00fdch katastrof v s\u00falade s n\u00e1rodn\u00fdmi strat\u00e9giami na zn\u00ed\u017eenie rizika katastrof<\/li>\n<\/ul>\n<\/li>\n<li>\n<p class=\"color\"><span style=\"margin: 0 0.3em 0 -0.15em; font-size: 1.4em;\">11.c<\/span> Podporova\u0165 najmenej rozvinut\u00e9 krajiny, a to aj prostredn\u00edctvom finan\u010dnej a technickej pomoci, pri v\u00fdstavbe udr\u017eate\u013en\u00fdch a odoln\u00fdch budov s vyu\u017eit\u00edm miestnych materi\u00e1lov<\/p>\n<ul class=\"sub\">\n<li><strong>Indik\u00e1tor 11.c.1<\/strong> Celkov\u00e1 ofici\u00e1lna rozvojov\u00e1 pomoc a in\u00e9 ofici\u00e1lne toky na podporu mestskej infra\u0161trukt\u00fary alebo projektov mestskej infra\u0161trukt\u00fary pod\u013ea sektora<\/li>\n<\/ul>\n<\/li>\n<\/ul>\n<p>&nbsp;<\/p>\n<\/div>\n\t\t<\/div><\/div><\/div><\/div><\/div><\/div><p class=\"last-updated\">Posledn\u00e1 aktualiz\u00e1cia: 26. 01. 2026<\/p>","protected":false},"excerpt":{"rendered":"<p>Glob\u00e1lna \u00farove\u0148 CIE\u013d 11: Premeni\u0165 mest\u00e1 a \u013eudsk\u00e9 obydlia na inkluz\u00edvne, bezpe\u010dn\u00e9, odoln\u00e9 a udr\u017eate\u013en\u00e9.<\/p>\n","protected":false},"author":2,"featured_media":0,"parent":0,"menu_order":0,"comment_status":"closed","ping_status":"closed","template":"","meta":{"_exactmetrics_skip_tracking":false,"_exactmetrics_sitenote_active":false,"_exactmetrics_sitenote_note":"","_exactmetrics_sitenote_category":0,"footnotes":""},"class_list":["post-2263","page","type-page","status-publish","hentry"],"_links":{"self":[{"href":"https:\/\/agenda2030.statistics.sk\/Agenda2030\/wp-json\/wp\/v2\/pages\/2263","targetHints":{"allow":["GET"]}}],"collection":[{"href":"https:\/\/agenda2030.statistics.sk\/Agenda2030\/wp-json\/wp\/v2\/pages"}],"about":[{"href":"https:\/\/agenda2030.statistics.sk\/Agenda2030\/wp-json\/wp\/v2\/types\/page"}],"author":[{"embeddable":true,"href":"https:\/\/agenda2030.statistics.sk\/Agenda2030\/wp-json\/wp\/v2\/users\/2"}],"replies":[{"embeddable":true,"href":"https:\/\/agenda2030.statistics.sk\/Agenda2030\/wp-json\/wp\/v2\/comments?post=2263"}],"version-history":[{"count":19,"href":"https:\/\/agenda2030.statistics.sk\/Agenda2030\/wp-json\/wp\/v2\/pages\/2263\/revisions"}],"predecessor-version":[{"id":4144,"href":"https:\/\/agenda2030.statistics.sk\/Agenda2030\/wp-json\/wp\/v2\/pages\/2263\/revisions\/4144"}],"wp:attachment":[{"href":"https:\/\/agenda2030.statistics.sk\/Agenda2030\/wp-json\/wp\/v2\/media?parent=2263"}],"curies":[{"name":"wp","href":"https:\/\/api.w.org\/{rel}","templated":true}]}}