{"id":2270,"date":"2018-06-01T09:33:29","date_gmt":"2018-06-01T07:33:29","guid":{"rendered":"https:\/\/agenda2030.statistics.sk\/Agenda2030\/?page_id=2270"},"modified":"2024-04-30T12:16:14","modified_gmt":"2024-04-30T10:16:14","slug":"indikatory-globalna-uroven-ciel-12","status":"publish","type":"page","link":"https:\/\/agenda2030.statistics.sk\/Agenda2030\/indikatory-globalna-uroven-ciel-12\/","title":{"rendered":"Indik\u00e1tory &#8211; Glob\u00e1lna \u00farove\u0148 &#8211; cie\u013e 12"},"content":{"rendered":"<div id=\"pl-2270\"  class=\"panel-layout\" ><div id=\"pg-2270-0\"  class=\"panel-grid panel-has-style\" ><div class=\"center-content aux-fold panel-row-style panel-row-style-for-2270-0\" data-stretch-type=\"boxed\" ><div id=\"pgc-2270-0-0\"  class=\"panel-grid-cell\" ><section id=\"panel-2270-0-0-0\" class=\"widget-container aux-widget-text aux-parent-aub29f4b3a so-panel widget widget_aux_text panel-first-child panel-last-child\" data-index=\"0\"  style=\"\"  >        <div class=\"aux-widget-advanced-text aux-wrap-style-simple aux-ico-pos-top aux-text-left aux-text-resp-left aux-text-widget-bg-cover  \" >\n        \n            \n            <div class=\"aux-text-inner aux-text-widget-content\">\n                                <div class=\"widget-content\">\n                                        <style type=\"text\/css\">\r\n\t#foogallery-gallery-1435 .fg-image {\r\n        width: 121px;\r\n    }\r\n<\/style>\r\n\t\t\t\t<div class=\"foogallery foogallery-container foogallery-default foogallery-lightbox-none fg-gutter-10 fg-center fg-default fg-light fg-hover-instant fg-ready\" id=\"foogallery-gallery-1435\" data-foogallery=\"{&quot;item&quot;:{&quot;showCaptionTitle&quot;:false,&quot;showCaptionDescription&quot;:false},&quot;lazy&quot;:true}\" >\r\n\t<div class=\"fg-item fg-type-iframe fg-idle\"><figure class=\"fg-item-inner\"><a href=\" https:\/\/agenda2030.statistics.sk\/Agenda2030\/indikatory-globalna-uroven-ciel-1\/\" target=\"_self\" data-attachment-id=\"1531\" data-type=\"iframe\" class=\"fg-thumb\"><span class=\"fg-image-wrap\"><img decoding=\"async\" width=\"121\" height=\"121\" class=\"skip-lazy fg-image\" data-src-fg=\"https:\/\/agenda2030.statistics.sk\/Agenda2030\/wp-content\/uploads\/2018\/05\/target1_121.jpg\" src=\"data:image\/svg+xml,%3Csvg%20xmlns%3D%22http%3A%2F%2Fwww.w3.org%2F2000%2Fsvg%22%20width%3D%22121%22%20height%3D%22121%22%20viewBox%3D%220%200%20121%20121%22%3E%3C%2Fsvg%3E\" loading=\"eager\"><\/span><span class=\"fg-image-overlay\"><\/span><\/a><figcaption class=\"fg-caption\"><div class=\"fg-caption-inner\"><\/div><\/figcaption><\/figure><div class=\"fg-loader\"><\/div><\/div><div class=\"fg-item fg-type-iframe fg-idle\"><figure class=\"fg-item-inner\"><a href=\"https:\/\/agenda2030.statistics.sk\/Agenda2030\/indikatory-globalna-uroven-ciel-2\/\" target=\"_self\" data-attachment-id=\"1532\" data-type=\"iframe\" class=\"fg-thumb\"><span class=\"fg-image-wrap\"><img decoding=\"async\" width=\"121\" height=\"121\" class=\"skip-lazy fg-image\" data-src-fg=\"https:\/\/agenda2030.statistics.sk\/Agenda2030\/wp-content\/uploads\/2018\/05\/target2_121.jpg\" src=\"data:image\/svg+xml,%3Csvg%20xmlns%3D%22http%3A%2F%2Fwww.w3.org%2F2000%2Fsvg%22%20width%3D%22121%22%20height%3D%22121%22%20viewBox%3D%220%200%20121%20121%22%3E%3C%2Fsvg%3E\" loading=\"eager\"><\/span><span class=\"fg-image-overlay\"><\/span><\/a><figcaption class=\"fg-caption\"><div class=\"fg-caption-inner\"><\/div><\/figcaption><\/figure><div class=\"fg-loader\"><\/div><\/div><div class=\"fg-item fg-type-iframe fg-idle\"><figure class=\"fg-item-inner\"><a href=\"https:\/\/agenda2030.statistics.sk\/Agenda2030\/indikatory-globalna-uroven-ciel-3\/\" target=\"_self\" data-attachment-id=\"1533\" data-type=\"iframe\" class=\"fg-thumb\"><span class=\"fg-image-wrap\"><img decoding=\"async\" width=\"121\" height=\"121\" class=\"skip-lazy fg-image\" data-src-fg=\"https:\/\/agenda2030.statistics.sk\/Agenda2030\/wp-content\/uploads\/2018\/05\/target3_121.jpg\" src=\"data:image\/svg+xml,%3Csvg%20xmlns%3D%22http%3A%2F%2Fwww.w3.org%2F2000%2Fsvg%22%20width%3D%22121%22%20height%3D%22121%22%20viewBox%3D%220%200%20121%20121%22%3E%3C%2Fsvg%3E\" loading=\"eager\"><\/span><span class=\"fg-image-overlay\"><\/span><\/a><figcaption class=\"fg-caption\"><div class=\"fg-caption-inner\"><\/div><\/figcaption><\/figure><div class=\"fg-loader\"><\/div><\/div><div class=\"fg-item fg-type-iframe fg-idle\"><figure class=\"fg-item-inner\"><a href=\"https:\/\/agenda2030.statistics.sk\/Agenda2030\/indikatory-globalna-uroven-ciel-4\/\" target=\"_self\" data-attachment-id=\"1534\" data-type=\"iframe\" class=\"fg-thumb\"><span class=\"fg-image-wrap\"><img decoding=\"async\" width=\"121\" height=\"121\" class=\"skip-lazy fg-image\" data-src-fg=\"https:\/\/agenda2030.statistics.sk\/Agenda2030\/wp-content\/uploads\/2018\/05\/target4_121.jpg\" src=\"data:image\/svg+xml,%3Csvg%20xmlns%3D%22http%3A%2F%2Fwww.w3.org%2F2000%2Fsvg%22%20width%3D%22121%22%20height%3D%22121%22%20viewBox%3D%220%200%20121%20121%22%3E%3C%2Fsvg%3E\" loading=\"eager\"><\/span><span class=\"fg-image-overlay\"><\/span><\/a><figcaption class=\"fg-caption\"><div class=\"fg-caption-inner\"><\/div><\/figcaption><\/figure><div class=\"fg-loader\"><\/div><\/div><div class=\"fg-item fg-type-iframe fg-idle\"><figure class=\"fg-item-inner\"><a href=\"https:\/\/agenda2030.statistics.sk\/Agenda2030\/indikatory-globalna-uroven-ciel-5\/\" data-attachment-id=\"1535\" data-type=\"iframe\" class=\"fg-thumb\"><span class=\"fg-image-wrap\"><img decoding=\"async\" width=\"121\" height=\"121\" class=\"skip-lazy fg-image\" data-src-fg=\"https:\/\/agenda2030.statistics.sk\/Agenda2030\/wp-content\/uploads\/2018\/05\/target5_121.jpg\" src=\"data:image\/svg+xml,%3Csvg%20xmlns%3D%22http%3A%2F%2Fwww.w3.org%2F2000%2Fsvg%22%20width%3D%22121%22%20height%3D%22121%22%20viewBox%3D%220%200%20121%20121%22%3E%3C%2Fsvg%3E\" loading=\"eager\"><\/span><span class=\"fg-image-overlay\"><\/span><\/a><figcaption class=\"fg-caption\"><div class=\"fg-caption-inner\"><\/div><\/figcaption><\/figure><div class=\"fg-loader\"><\/div><\/div><div class=\"fg-item fg-type-iframe fg-idle\"><figure class=\"fg-item-inner\"><a href=\"https:\/\/agenda2030.statistics.sk\/Agenda2030\/indikatory-globalna-uroven-ciel-6\/\" target=\"_self\" data-attachment-id=\"1536\" data-type=\"iframe\" class=\"fg-thumb\"><span class=\"fg-image-wrap\"><img decoding=\"async\" width=\"121\" height=\"121\" class=\"skip-lazy fg-image\" data-src-fg=\"https:\/\/agenda2030.statistics.sk\/Agenda2030\/wp-content\/uploads\/2018\/05\/target6_121.jpg\" src=\"data:image\/svg+xml,%3Csvg%20xmlns%3D%22http%3A%2F%2Fwww.w3.org%2F2000%2Fsvg%22%20width%3D%22121%22%20height%3D%22121%22%20viewBox%3D%220%200%20121%20121%22%3E%3C%2Fsvg%3E\" loading=\"eager\"><\/span><span class=\"fg-image-overlay\"><\/span><\/a><figcaption class=\"fg-caption\"><div class=\"fg-caption-inner\"><\/div><\/figcaption><\/figure><div class=\"fg-loader\"><\/div><\/div><div class=\"fg-item fg-type-iframe fg-idle\"><figure class=\"fg-item-inner\"><a href=\"https:\/\/agenda2030.statistics.sk\/Agenda2030\/indikatory-globalna-uroven-ciel-7\/\" data-attachment-id=\"1537\" data-type=\"iframe\" class=\"fg-thumb\"><span class=\"fg-image-wrap\"><img decoding=\"async\" width=\"121\" height=\"121\" class=\"skip-lazy fg-image\" data-src-fg=\"https:\/\/agenda2030.statistics.sk\/Agenda2030\/wp-content\/uploads\/2018\/05\/target7_121.jpg\" src=\"data:image\/svg+xml,%3Csvg%20xmlns%3D%22http%3A%2F%2Fwww.w3.org%2F2000%2Fsvg%22%20width%3D%22121%22%20height%3D%22121%22%20viewBox%3D%220%200%20121%20121%22%3E%3C%2Fsvg%3E\" loading=\"eager\"><\/span><span class=\"fg-image-overlay\"><\/span><\/a><figcaption class=\"fg-caption\"><div class=\"fg-caption-inner\"><\/div><\/figcaption><\/figure><div class=\"fg-loader\"><\/div><\/div><div class=\"fg-item fg-type-iframe fg-idle\"><figure class=\"fg-item-inner\"><a href=\"https:\/\/agenda2030.statistics.sk\/Agenda2030\/indikatory-globalna-uroven-ciel-8\/\" target=\"_self\" data-attachment-id=\"1538\" data-type=\"iframe\" class=\"fg-thumb\"><span class=\"fg-image-wrap\"><img decoding=\"async\" width=\"121\" height=\"121\" class=\"skip-lazy fg-image\" data-src-fg=\"https:\/\/agenda2030.statistics.sk\/Agenda2030\/wp-content\/uploads\/2018\/05\/target8_121.jpg\" src=\"data:image\/svg+xml,%3Csvg%20xmlns%3D%22http%3A%2F%2Fwww.w3.org%2F2000%2Fsvg%22%20width%3D%22121%22%20height%3D%22121%22%20viewBox%3D%220%200%20121%20121%22%3E%3C%2Fsvg%3E\" loading=\"eager\"><\/span><span class=\"fg-image-overlay\"><\/span><\/a><figcaption class=\"fg-caption\"><div class=\"fg-caption-inner\"><\/div><\/figcaption><\/figure><div class=\"fg-loader\"><\/div><\/div><div class=\"fg-item fg-type-iframe fg-idle\"><figure class=\"fg-item-inner\"><a href=\"https:\/\/agenda2030.statistics.sk\/Agenda2030\/indikatory-globalna-uroven-ciel-9\/\" target=\"_self\" data-attachment-id=\"1539\" data-type=\"iframe\" class=\"fg-thumb\"><span class=\"fg-image-wrap\"><img decoding=\"async\" width=\"121\" height=\"121\" class=\"skip-lazy fg-image\" data-src-fg=\"https:\/\/agenda2030.statistics.sk\/Agenda2030\/wp-content\/uploads\/2018\/05\/target9_121.jpg\" src=\"data:image\/svg+xml,%3Csvg%20xmlns%3D%22http%3A%2F%2Fwww.w3.org%2F2000%2Fsvg%22%20width%3D%22121%22%20height%3D%22121%22%20viewBox%3D%220%200%20121%20121%22%3E%3C%2Fsvg%3E\" loading=\"eager\"><\/span><span class=\"fg-image-overlay\"><\/span><\/a><figcaption class=\"fg-caption\"><div class=\"fg-caption-inner\"><\/div><\/figcaption><\/figure><div class=\"fg-loader\"><\/div><\/div><div class=\"fg-item fg-type-iframe fg-idle\"><figure class=\"fg-item-inner\"><a href=\"https:\/\/agenda2030.statistics.sk\/Agenda2030\/indikatory-globalna-uroven-ciel-10\/\" target=\"_self\" data-attachment-id=\"2007\" data-type=\"iframe\" class=\"fg-thumb\"><span class=\"fg-image-wrap\"><img decoding=\"async\" width=\"121\" height=\"121\" class=\"skip-lazy fg-image\" data-src-fg=\"https:\/\/agenda2030.statistics.sk\/Agenda2030\/wp-content\/uploads\/2018\/05\/target10_121SKnew.jpg\" src=\"data:image\/svg+xml,%3Csvg%20xmlns%3D%22http%3A%2F%2Fwww.w3.org%2F2000%2Fsvg%22%20width%3D%22121%22%20height%3D%22121%22%20viewBox%3D%220%200%20121%20121%22%3E%3C%2Fsvg%3E\" loading=\"eager\"><\/span><span class=\"fg-image-overlay\"><\/span><\/a><figcaption class=\"fg-caption\"><div class=\"fg-caption-inner\"><\/div><\/figcaption><\/figure><div class=\"fg-loader\"><\/div><\/div><div class=\"fg-item fg-type-iframe fg-idle\"><figure class=\"fg-item-inner\"><a href=\"https:\/\/agenda2030.statistics.sk\/Agenda2030\/indikatory-globalna-uroven-ciel-11\/\" target=\"_self\" data-attachment-id=\"1541\" data-type=\"iframe\" class=\"fg-thumb\"><span class=\"fg-image-wrap\"><img decoding=\"async\" width=\"121\" height=\"121\" class=\"skip-lazy fg-image\" data-src-fg=\"https:\/\/agenda2030.statistics.sk\/Agenda2030\/wp-content\/uploads\/2018\/05\/target11_121.jpg\" src=\"data:image\/svg+xml,%3Csvg%20xmlns%3D%22http%3A%2F%2Fwww.w3.org%2F2000%2Fsvg%22%20width%3D%22121%22%20height%3D%22121%22%20viewBox%3D%220%200%20121%20121%22%3E%3C%2Fsvg%3E\" loading=\"eager\"><\/span><span class=\"fg-image-overlay\"><\/span><\/a><figcaption class=\"fg-caption\"><div class=\"fg-caption-inner\"><\/div><\/figcaption><\/figure><div class=\"fg-loader\"><\/div><\/div><div class=\"fg-item fg-type-iframe fg-idle\"><figure class=\"fg-item-inner\"><a href=\"https:\/\/agenda2030.statistics.sk\/Agenda2030\/indikatory-globalna-uroven-ciel-12\/\" target=\"_self\" data-attachment-id=\"1542\" data-type=\"iframe\" class=\"fg-thumb\"><span class=\"fg-image-wrap\"><img decoding=\"async\" width=\"121\" height=\"121\" class=\"skip-lazy fg-image\" data-src-fg=\"https:\/\/agenda2030.statistics.sk\/Agenda2030\/wp-content\/uploads\/2018\/05\/target12_121.jpg\" src=\"data:image\/svg+xml,%3Csvg%20xmlns%3D%22http%3A%2F%2Fwww.w3.org%2F2000%2Fsvg%22%20width%3D%22121%22%20height%3D%22121%22%20viewBox%3D%220%200%20121%20121%22%3E%3C%2Fsvg%3E\" loading=\"eager\"><\/span><span class=\"fg-image-overlay\"><\/span><\/a><figcaption class=\"fg-caption\"><div class=\"fg-caption-inner\"><\/div><\/figcaption><\/figure><div class=\"fg-loader\"><\/div><\/div><div class=\"fg-item fg-type-iframe fg-idle\"><figure class=\"fg-item-inner\"><a href=\"https:\/\/agenda2030.statistics.sk\/Agenda2030\/indikatory-globalna-uroven-ciel-13\/\" target=\"_self\" data-attachment-id=\"1543\" data-type=\"iframe\" class=\"fg-thumb\"><span class=\"fg-image-wrap\"><img decoding=\"async\" width=\"121\" height=\"121\" class=\"skip-lazy fg-image\" data-src-fg=\"https:\/\/agenda2030.statistics.sk\/Agenda2030\/wp-content\/uploads\/2018\/05\/target13_121.jpg\" src=\"data:image\/svg+xml,%3Csvg%20xmlns%3D%22http%3A%2F%2Fwww.w3.org%2F2000%2Fsvg%22%20width%3D%22121%22%20height%3D%22121%22%20viewBox%3D%220%200%20121%20121%22%3E%3C%2Fsvg%3E\" loading=\"eager\"><\/span><span class=\"fg-image-overlay\"><\/span><\/a><figcaption class=\"fg-caption\"><div class=\"fg-caption-inner\"><\/div><\/figcaption><\/figure><div class=\"fg-loader\"><\/div><\/div><div class=\"fg-item fg-type-iframe fg-idle\"><figure class=\"fg-item-inner\"><a href=\"https:\/\/agenda2030.statistics.sk\/Agenda2030\/indikatory-globalna-uroven-ciel-14\/\" target=\"_self\" data-attachment-id=\"1544\" data-type=\"iframe\" class=\"fg-thumb\"><span class=\"fg-image-wrap\"><img decoding=\"async\" width=\"121\" height=\"121\" class=\"skip-lazy fg-image\" data-src-fg=\"https:\/\/agenda2030.statistics.sk\/Agenda2030\/wp-content\/uploads\/2018\/05\/target14_121.jpg\" src=\"data:image\/svg+xml,%3Csvg%20xmlns%3D%22http%3A%2F%2Fwww.w3.org%2F2000%2Fsvg%22%20width%3D%22121%22%20height%3D%22121%22%20viewBox%3D%220%200%20121%20121%22%3E%3C%2Fsvg%3E\" loading=\"eager\"><\/span><span class=\"fg-image-overlay\"><\/span><\/a><figcaption class=\"fg-caption\"><div class=\"fg-caption-inner\"><\/div><\/figcaption><\/figure><div class=\"fg-loader\"><\/div><\/div><div class=\"fg-item fg-type-iframe fg-idle\"><figure class=\"fg-item-inner\"><a href=\"https:\/\/agenda2030.statistics.sk\/Agenda2030\/indikatory-globalna-uroven-ciel-15\/\" target=\"_self\" data-attachment-id=\"1545\" data-type=\"iframe\" class=\"fg-thumb\"><span class=\"fg-image-wrap\"><img decoding=\"async\" width=\"121\" height=\"121\" class=\"skip-lazy fg-image\" data-src-fg=\"https:\/\/agenda2030.statistics.sk\/Agenda2030\/wp-content\/uploads\/2018\/05\/target15_121.jpg\" src=\"data:image\/svg+xml,%3Csvg%20xmlns%3D%22http%3A%2F%2Fwww.w3.org%2F2000%2Fsvg%22%20width%3D%22121%22%20height%3D%22121%22%20viewBox%3D%220%200%20121%20121%22%3E%3C%2Fsvg%3E\" loading=\"eager\"><\/span><span class=\"fg-image-overlay\"><\/span><\/a><figcaption class=\"fg-caption\"><div class=\"fg-caption-inner\"><\/div><\/figcaption><\/figure><div class=\"fg-loader\"><\/div><\/div><div class=\"fg-item fg-type-iframe fg-idle\"><figure class=\"fg-item-inner\"><a href=\"https:\/\/agenda2030.statistics.sk\/Agenda2030\/indikatory-globalna-uroven-ciel-16\/\" target=\"_self\" data-attachment-id=\"1546\" data-type=\"iframe\" class=\"fg-thumb\"><span class=\"fg-image-wrap\"><img decoding=\"async\" width=\"121\" height=\"121\" class=\"skip-lazy fg-image\" data-src-fg=\"https:\/\/agenda2030.statistics.sk\/Agenda2030\/wp-content\/uploads\/2018\/05\/target16_121.jpg\" src=\"data:image\/svg+xml,%3Csvg%20xmlns%3D%22http%3A%2F%2Fwww.w3.org%2F2000%2Fsvg%22%20width%3D%22121%22%20height%3D%22121%22%20viewBox%3D%220%200%20121%20121%22%3E%3C%2Fsvg%3E\" loading=\"eager\"><\/span><span class=\"fg-image-overlay\"><\/span><\/a><figcaption class=\"fg-caption\"><div class=\"fg-caption-inner\"><\/div><\/figcaption><\/figure><div class=\"fg-loader\"><\/div><\/div><div class=\"fg-item fg-type-iframe fg-idle\"><figure class=\"fg-item-inner\"><a href=\"https:\/\/agenda2030.statistics.sk\/Agenda2030\/indikatory-globalna-uroven-ciel-17\/\" data-attachment-id=\"1547\" data-type=\"iframe\" class=\"fg-thumb\"><span class=\"fg-image-wrap\"><img decoding=\"async\" width=\"121\" height=\"121\" class=\"skip-lazy fg-image\" data-src-fg=\"https:\/\/agenda2030.statistics.sk\/Agenda2030\/wp-content\/uploads\/2018\/05\/target17_121.jpg\" src=\"data:image\/svg+xml,%3Csvg%20xmlns%3D%22http%3A%2F%2Fwww.w3.org%2F2000%2Fsvg%22%20width%3D%22121%22%20height%3D%22121%22%20viewBox%3D%220%200%20121%20121%22%3E%3C%2Fsvg%3E\" loading=\"eager\"><\/span><span class=\"fg-image-overlay\"><\/span><\/a><figcaption class=\"fg-caption\"><div class=\"fg-caption-inner\"><\/div><\/figcaption><\/figure><div class=\"fg-loader\"><\/div><\/div><div class=\"fg-item fg-type-iframe fg-idle\"><figure class=\"fg-item-inner\"><a href=\"https:\/\/unstats.un.org\/sdgs\/indicators\/database\/\" target=\"_blank\" data-attachment-id=\"2937\" data-type=\"iframe\" class=\"last fg-thumb\"><span class=\"fg-image-wrap\"><img decoding=\"async\" width=\"121\" height=\"121\" class=\"skip-lazy fg-image\" data-src-fg=\"https:\/\/agenda2030.statistics.sk\/Agenda2030\/wp-content\/uploads\/2018\/07\/logo_SK_nonUN.jpg\" src=\"data:image\/svg+xml,%3Csvg%20xmlns%3D%22http%3A%2F%2Fwww.w3.org%2F2000%2Fsvg%22%20width%3D%22121%22%20height%3D%22121%22%20viewBox%3D%220%200%20121%20121%22%3E%3C%2Fsvg%3E\" loading=\"eager\"><\/span><span class=\"fg-image-overlay\"><\/span><\/a><figcaption class=\"fg-caption\"><div class=\"fg-caption-inner\"><\/div><\/figcaption><\/figure><div class=\"fg-loader\"><\/div><\/div><\/div>\r\n                <\/div>\n                            <\/div>\n        <\/div>\n                    <div class=\"aux-text-widget-footer\">\n                <div class=\"aux-border-shape-none \">\n                                <\/div>\n            <\/div>\n        \n<\/section><\/div><\/div><\/div><div id=\"pg-2270-1\"  class=\"panel-grid panel-has-style\" ><div class=\"center-content aux-fold panel-row-style panel-row-style-for-2270-1\" data-stretch-type=\"boxed\" ><div id=\"pgc-2270-1-0\"  class=\"panel-grid-cell\" ><div id=\"panel-2270-1-0-0\" class=\"so-panel widget widget_text panel-first-child panel-last-child\" data-index=\"1\" ><div class=\"h2_target_2 panel-widget-style panel-widget-style-for-2270-1-0-0\" >\t\t\t<div class=\"textwidget\"><p><img loading=\"lazy\" decoding=\"async\" class=\"img-target size-full wp-image-1532 alignleft\" src=\"https:\/\/agenda2030.statistics.sk\/Agenda2030\/wp-content\/uploads\/2018\/05\/target12_121.jpg\" alt=\"\" width=\"121\" height=\"121\" \/><\/p>\n<h2 class=\"h2-target-12\">Glob\u00e1lna \u00farove\u0148<\/h2>\n<h3 class=\"h3-target-12\">CIE\u013d 12: Zabezpe\u010di\u0165 udr\u017eate\u013en\u00fa spotrebu a v\u00fdrobn\u00e9 sch\u00e9my.<\/h3>\n<\/div>\n\t\t<\/div><\/div><\/div><\/div><\/div><div id=\"pg-2270-2\"  class=\"panel-grid panel-has-style\" ><div class=\"center-content aux-fold panel-row-style panel-row-style-for-2270-2\" data-stretch-type=\"boxed\" ><div id=\"pgc-2270-2-0\"  class=\"panel-grid-cell\" ><div id=\"panel-2270-2-0-0\" class=\"so-panel widget widget_text panel-first-child panel-last-child\" data-index=\"2\" ><div class=\"target panel-widget-style panel-widget-style-for-2270-2-0-0\" >\t\t\t<div class=\"textwidget\"><p>\u201eSch\u00e9my spotreby a\u00a0v\u00fdroby formuj\u00fa riadenie vyu\u017e\u00edvania zdrojov a s\u00favisiace soci\u00e1lne a environment\u00e1lne dopady, \u010d\u00edm vpl\u00fdvaj\u00fa na udr\u017eate\u013enos\u0165. Udr\u017eate\u013en\u00e1 v\u00fdroba vyu\u017e\u00edva menej zdrojov na rovnak\u00fa hodnotu ekonomick\u00e9ho v\u00fdstupu a\u00a0tie\u017e plat\u00ed, \u017ee udr\u017eate\u013en\u00e1 spotreba odb\u00farava potrebu nadmernej \u0165a\u017eby surov\u00edn. Po\u010das prvej dek\u00e1dy tohto storo\u010dia v\u0161ak materi\u00e1lov\u00e1 stopa, ktor\u00e1 meria mno\u017estvo vy\u0165a\u017eenej suroviny na uspokojenie spotrebite\u013esk\u00e9ho dopytu, sa zv\u00fd\u0161ila glob\u00e1lne, rovnako ako mno\u017estvo materi\u00e1lu pou\u017eit\u00e9ho vo v\u00fdrobn\u00fdch procesoch. Dosiahnutie tohto cie\u013ea si vy\u017eaduje siln\u00e9 n\u00e1rodn\u00e9 r\u00e1mce pre udr\u017eate\u013en\u00fa spotrebu a v\u00fdrobu, ktor\u00e9 s\u00fa integrovan\u00e9 do n\u00e1rodn\u00fdch a odvetvov\u00fdch pl\u00e1nov spolu s udr\u017eate\u013en\u00fdmi podnikate\u013esk\u00fdmi postupmi a spr\u00e1van\u00edm spotrebite\u013eov. V\u00a0kone\u010dnom d\u00f4sledku si to vy\u017eaduje dodr\u017eiavanie medzin\u00e1rodn\u00fdch noriem, ktor\u00e9 sa t\u00fdkaj\u00fa nebezpe\u010dn\u00fdch chemik\u00e1li\u00ed a odpadov.\u201c<\/p>\n<p><em>Zdroj: OSN, Spr\u00e1va o cie\u013eoch udr\u017eate\u013en\u00e9ho rozvoja, rok 2017<\/em><\/p>\n<\/div>\n\t\t<\/div><\/div><\/div><\/div><\/div><div id=\"pg-2270-3\"  class=\"panel-grid panel-has-style\" ><div class=\"center-content aux-fold panel-row-style panel-row-style-for-2270-3\" data-stretch-type=\"boxed\" ><div id=\"pgc-2270-3-0\"  class=\"panel-grid-cell\" ><div id=\"panel-2270-3-0-0\" class=\"so-panel widget widget_text panel-first-child panel-last-child\" data-index=\"3\" ><div class=\"target panel-widget-style panel-widget-style-for-2270-3-0-0\" >\t\t\t<div class=\"textwidget\"><h4>\u010ciastkov\u00e9 ciele:<\/h4>\n<ul class=\"none\">\n<li>\n<p class=\"color\"><span style=\"margin: 0 0.3em 0 -0.15em; font-size: 1.4em;\">12.1<\/span>Uplat\u0148ova\u0165 10-ro\u010dn\u00fd r\u00e1mec programov pre udr\u017eate\u013en\u00fa spotrebu a v\u00fdrobu so zapojen\u00edm v\u0161etk\u00fdch \u0161t\u00e1tov na \u010dele s rozvinut\u00fdmi \u0161t\u00e1tmi, s prihliadnut\u00edm na rozvoj a schopnosti rozvojov\u00fdch \u0161t\u00e1tov.<\/p>\n<ul class=\"sub\">\n<li><strong>Indik\u00e1tor 12.1.1<\/strong> Po\u010det kraj\u00edn, ktor\u00e9 vyv\u00edjaj\u00fa, prij\u00edmaj\u00fa alebo vykon\u00e1vaj\u00fa politick\u00e9 n\u00e1stroje zameran\u00e9 na podporu prechodu k udr\u017eate\u013enej spotrebe a\u00a0v\u00fdrobe <!--\u00a0<a title=\"\u00dadaje\" href=\"http:\/\/datacube.statistics.sk\/#!\/view\/sk\/VBD_INTERN\/nu0001qs\/R%C3%BDchly%20odhad%20HDP%20a%20zamestnanosti%20pod%C4%BEa%20ESA%202010%20%5Bnu0001qs%5D\" target=\"_blank\" rel=\"noopener\"><img decoding=\"async\" class=\"icon alignnone size-full wp-image-1797\" src=\"https:\/\/agenda2030.statistics.sk\/Agenda2030\/wp-content\/uploads\/2018\/05\/table.png\" alt=\"DATAcube.\" \/><\/a> -->\u00a0<!--\u00a0<a title=\"Meta\u00fadaje\" href=\"http:\/\/datacube.statistics.sk\/#!\/view\/sk\/VBD_INTERN\/nu0001qs\/R%C3%BDchly%20odhad%20HDP%20a%20zamestnanosti%20pod%C4%BEa%20ESA%202010%20%5Bnu0001qs%5D\" target=\"_blank\" rel=\"noopener\"><img decoding=\"async\" class=\"icon alignnone size-full wp-image-1798\" src=\"https:\/\/agenda2030.statistics.sk\/Agenda2030\/wp-content\/uploads\/2018\/05\/metadata_14.png\" alt=\"Meta\u00fadaje\" \/><\/a> --><\/li>\n<\/ul>\n<\/li>\n<\/ul>\n<p>&nbsp;<\/p>\n<ul class=\"none\">\n<li>\n<p class=\"color\"><span style=\"margin: 0 0.3em 0 -0.15em; font-size: 1.4em;\">12.2<\/span> Do roku 2030 dosiahnu\u0165 udr\u017eate\u013en\u00e9 hospod\u00e1renie s pr\u00edrodn\u00fdmi zdrojmi a ich efekt\u00edvne vyu\u017e\u00edvanie.<\/p>\n<ul class=\"sub\">\n<li><strong>Indik\u00e1tor 12.2.1<\/strong> Materi\u00e1lov\u00e1 stopa, materi\u00e1lov\u00e1 stopa na obyvate\u013ea a materi\u00e1lov\u00e1 stopa na HDP\u00a0\u00a0<!-- <a title=\"\u00dadaje\" href=\"http:\/\/datacube.statistics.sk\/#!\/view\/sk\/VBD_INTERN\/nu0001qs\/R%C3%BDchly%20odhad%20HDP%20a%20zamestnanosti%20pod%C4%BEa%20ESA%202010%20%5Bnu0001qs%5D\"><img decoding=\"async\" class=\"icon alignnone size-full wp-image-1797\" src=\"https:\/\/agenda2030.statistics.sk\/Agenda2030\/wp-content\/uploads\/2018\/05\/table.png\" alt=\"DATAcube.\" \/><\/a> -->\u00a0<!--\u00a0<a title=\"Meta\u00fadaje\" href=\"http:\/\/datacube.statistics.sk\/#!\/view\/sk\/VBD_INTERN\/nu0001qs\/R%C3%BDchly%20odhad%20HDP%20a%20zamestnanosti%20pod%C4%BEa%20ESA%202010%20%5Bnu0001qs%5D\"><img decoding=\"async\" class=\"icon alignnone size-full wp-image-1798\" src=\"https:\/\/agenda2030.statistics.sk\/Agenda2030\/wp-content\/uploads\/2018\/05\/metadata_14.png\" alt=\"Meta\u00fadaje\" \/><\/a> --><\/li>\n<li><strong>Indik\u00e1tor 12.2.2<\/strong> Dom\u00e1ca materi\u00e1lov\u00e1 spotreba, dom\u00e1ca materi\u00e1lov\u00e1 spotreba na obyvate\u013ea, dom\u00e1ca materi\u00e1lov\u00e1 spotreba na HDP\u00a0\u00a0<a title=\"\u00dadaje, (Do nov\u00e9ho okna)\" href=\"http:\/\/datacube.statistics.sk\/#!\/view\/sk\/VBD_SK_WIN\/zp1008rs\/v_zp1008rs_12_02_02_sk\"><img decoding=\"async\" class=\"icon alignnone size-full wp-image-1797\" src=\"https:\/\/agenda2030.statistics.sk\/Agenda2030\/wp-content\/uploads\/2018\/05\/table.png\" alt=\"DATAcube.\" \/><\/a>\u00a0<!--\u00a0<a title=\"Meta\u00fadaje\" href=\"http:\/\/datacube.statistics.sk\/#!\/view\/sk\/VBD_INTERN\/nu0001qs\/R%C3%BDchly%20odhad%20HDP%20a%20zamestnanosti%20pod%C4%BEa%20ESA%202010%20%5Bnu0001qs%5D\"><img decoding=\"async\" class=\"icon alignnone size-full wp-image-1798\" src=\"https:\/\/agenda2030.statistics.sk\/Agenda2030\/wp-content\/uploads\/2018\/05\/metadata_14.png\" alt=\"Meta\u00fadaje\" \/><\/a> --><\/li>\n<\/ul>\n<\/li>\n<\/ul>\n<p>&nbsp;<\/p>\n<ul class=\"none\">\n<li>\n<p class=\"color\"><span style=\"margin: 0 0.3em 0 -0.15em; font-size: 1.4em;\">12.3<\/span> Do roku 2030 zn\u00ed\u017ei\u0165, v prepo\u010dte na hlavu, glob\u00e1lne plytvanie potravinami na maloobchodnej a spotrebite\u013eskej \u00farovni na polovicu, a zn\u00ed\u017ei\u0165 straty na potravin\u00e1ch v celom v\u00fdrobnom a z\u00e1sobovacom procese, vr\u00e1tane straty po zbere.<\/p>\n<ul class=\"sub\">\n<li><strong>Indik\u00e1tor 12.3.1<\/strong> <em>(a)<\/em> Index straty potrav\u00edn <em>(b)<\/em> Index odpadu potrav\u00edn <!--\u00a0<a title=\"\u00dadaje\" href=\"http:\/\/datacube.statistics.sk\/#!\/view\/sk\/VBD_INTERN\/nu0001qs\/R%C3%BDchly%20odhad%20HDP%20a%20zamestnanosti%20pod%C4%BEa%20ESA%202010%20%5Bnu0001qs%5D\" target=\"_blank\" rel=\"noopener\"><img decoding=\"async\" class=\"icon alignnone size-full wp-image-1797\" src=\"https:\/\/agenda2030.statistics.sk\/Agenda2030\/wp-content\/uploads\/2018\/05\/table.png\" alt=\"DATAcube.\" \/><\/a> -->\u00a0<!--\u00a0<a title=\"Meta\u00fadaje\" href=\"http:\/\/datacube.statistics.sk\/#!\/view\/sk\/VBD_INTERN\/nu0001qs\/R%C3%BDchly%20odhad%20HDP%20a%20zamestnanosti%20pod%C4%BEa%20ESA%202010%20%5Bnu0001qs%5D\" target=\"_blank\" rel=\"noopener\"><img decoding=\"async\" class=\"icon alignnone size-full wp-image-1798\" src=\"https:\/\/agenda2030.statistics.sk\/Agenda2030\/wp-content\/uploads\/2018\/05\/metadata_14.png\" alt=\"Meta\u00fadaje\" \/><\/a> --><\/li>\n<\/ul>\n<\/li>\n<\/ul>\n<p>&nbsp;<\/p>\n<ul class=\"none\">\n<li>\n<p class=\"color\"><span style=\"margin: 0 0.3em 0 -0.15em; font-size: 1.4em;\">12.4<\/span> Do roku 2020 dosiahnu\u0165 tak\u00e9 nakladanie s chemick\u00fdmi l\u00e1tkami a odpadmi po\u010das cel\u00e9ho ich \u017eivotn\u00e9ho cyklu, aby bolo \u0161etrn\u00e9 k \u017eivotn\u00e9mu prostrediu, v s\u00falade s dohodnut\u00fdmi medzin\u00e1rodn\u00fdmi r\u00e1mcami, a v\u00fdrazne zn\u00ed\u017ei\u0165 ich uvo\u013e\u0148ovanie do ovzdu\u0161ia, vody a p\u00f4dy tak, aby sa minimalizovali nepriazniv\u00e9 dopady na \u013eudsk\u00e9 zdravie a \u017eivotn\u00e9 prostredie.<\/p>\n<ul class=\"sub\">\n<li><strong>Indik\u00e1tor 12.4.1<\/strong> Po\u010det z\u00fa\u010dastnen\u00fdch str\u00e1n medzin\u00e1rodn\u00fdch multilater\u00e1lnych doh\u00f4d o \u017eivotnom prostred\u00ed t\u00fdkaj\u00facich sa nebezpe\u010dn\u00e9ho odpadu a in\u00fdch chemick\u00fdch l\u00e1tok, ktor\u00e9 plnia svoje z\u00e1v\u00e4zky a povinnosti pri poskytovan\u00ed inform\u00e1ci\u00ed tak, ako to vy\u017eaduje ka\u017ed\u00e1 pr\u00edslu\u0161n\u00e1 dohoda\u00a0<!--\u00a0<a title=\"\u00dadaje\" href=\"http:\/\/datacube.statistics.sk\/#!\/view\/sk\/VBD_INTERN\/nu0001qs\/R%C3%BDchly%20odhad%20HDP%20a%20zamestnanosti%20pod%C4%BEa%20ESA%202010%20%5Bnu0001qs%5D\" target=\"_blank\" rel=\"noopener\"><img decoding=\"async\" class=\"icon alignnone size-full wp-image-1797\" src=\"https:\/\/agenda2030.statistics.sk\/Agenda2030\/wp-content\/uploads\/2018\/05\/table.png\" alt=\"DATAcube.\" \/><\/a> -->\u00a0<!--\u00a0<a title=\"Meta\u00fadaje\" href=\"http:\/\/datacube.statistics.sk\/#!\/view\/sk\/VBD_INTERN\/nu0001qs\/R%C3%BDchly%20odhad%20HDP%20a%20zamestnanosti%20pod%C4%BEa%20ESA%202010%20%5Bnu0001qs%5D\" target=\"_blank\" rel=\"noopener\"><img decoding=\"async\" class=\"icon alignnone size-full wp-image-1798\" src=\"https:\/\/agenda2030.statistics.sk\/Agenda2030\/wp-content\/uploads\/2018\/05\/metadata_14.png\" alt=\"Meta\u00fadaje\" \/><\/a> --><\/li>\n<li><strong>Indik\u00e1tor 12.4.2<\/strong> <em>(a)<\/em> Vytvoren\u00fd nebezpe\u010dn\u00fd odpad prepo\u010d\u00edtan\u00fd na obyvate\u013ea a <em>(b)<\/em> podiel spracov\u00e1van\u00e9ho nebezpe\u010dn\u00e9ho odpadu pod\u013ea typu \u00fapravy <!-- <a title=\"\u00dadaje\" href=\"http:\/\/datacube.statistics.sk\/#!\/view\/sk\/VBD_INTERN\/nu0001qs\/R%C3%BDchly%20odhad%20HDP%20a%20zamestnanosti%20pod%C4%BEa%20ESA%202010%20%5Bnu0001qs%5D\" target=\"_blank\" rel=\"noopener\"><img decoding=\"async\" class=\"icon alignnone size-full wp-image-1797\" src=\"https:\/\/agenda2030.statistics.sk\/Agenda2030\/wp-content\/uploads\/2018\/05\/table.png\" alt=\"DATAcube.\" \/><\/a> --> <!-- <a title=\"Meta\u00fadaje\" href=\"http:\/\/datacube.statistics.sk\/#!\/view\/sk\/VBD_INTERN\/nu0001qs\/R%C3%BDchly%20odhad%20HDP%20a%20zamestnanosti%20pod%C4%BEa%20ESA%202010%20%5Bnu0001qs%5D\" target=\"_blank\" rel=\"noopener\"><img decoding=\"async\" class=\"icon alignnone size-full wp-image-1798\" src=\"https:\/\/agenda2030.statistics.sk\/Agenda2030\/wp-content\/uploads\/2018\/05\/metadata_14.png\" alt=\"Meta\u00fadaje\" \/><\/a> --><\/li>\n<\/ul>\n<\/li>\n<\/ul>\n<p>&nbsp;<\/p>\n<ul class=\"none\">\n<li>\n<p class=\"color\"><span style=\"margin: 0 0.3em 0 -0.15em; font-size: 1.4em;\">12.5<\/span> Do roku 2030 v\u00fdrazne zn\u00ed\u017ei\u0165 produkciu odpadov pomocou prevencie, redukcie, recykl\u00e1cie a op\u00e4tovn\u00e9ho pou\u017e\u00edvania.<\/p>\n<ul class=\"sub\">\n<li><strong>Indik\u00e1tor 12.5.1<\/strong> N\u00e1rodn\u00e1 miera recykl\u00e1cie, tony recyklovan\u00e9ho materi\u00e1lu\u00a0<!--\u00a0<a title=\"\u00dadaje\" href=\"http:\/\/datacube.statistics.sk\/#!\/view\/sk\/VBD_INTERN\/nu0001qs\/R%C3%BDchly%20odhad%20HDP%20a%20zamestnanosti%20pod%C4%BEa%20ESA%202010%20%5Bnu0001qs%5D\" target=\"_blank\" rel=\"noopener\"><img decoding=\"async\" class=\"icon alignnone size-full wp-image-1797\" src=\"https:\/\/agenda2030.statistics.sk\/Agenda2030\/wp-content\/uploads\/2018\/05\/table.png\" alt=\"DATAcube.\" \/><\/a> -->\u00a0<!--\u00a0<a title=\"Meta\u00fadaje\" href=\"http:\/\/datacube.statistics.sk\/#!\/view\/sk\/VBD_INTERN\/nu0001qs\/R%C3%BDchly%20odhad%20HDP%20a%20zamestnanosti%20pod%C4%BEa%20ESA%202010%20%5Bnu0001qs%5D\" target=\"_blank\" rel=\"noopener\"><img decoding=\"async\" class=\"icon alignnone size-full wp-image-1798\" src=\"https:\/\/agenda2030.statistics.sk\/Agenda2030\/wp-content\/uploads\/2018\/05\/metadata_14.png\" alt=\"Meta\u00fadaje\" \/><\/a> --><\/li>\n<\/ul>\n<\/li>\n<\/ul>\n<p>&nbsp;<\/p>\n<ul class=\"none\">\n<li>\n<p class=\"color\"><span style=\"margin: 0 0.3em 0 -0.15em; font-size: 1.4em;\">12.6<\/span> Podporova\u0165 podniky, hlavne ve\u013ek\u00e9 a nadn\u00e1rodn\u00e9 spolo\u010dnosti, aby prijali udr\u017eate\u013en\u00e9 postupy a za\u010dlenili inform\u00e1cie o udr\u017eate\u013enosti do svojich pravideln\u00fdch spr\u00e1v.<\/p>\n<ul class=\"sub\">\n<li><strong>Indik\u00e1tor 12.6.1<\/strong> Po\u010det spolo\u010dnost\u00ed, ktor\u00e9 zverej\u0148uj\u00fa spr\u00e1vy o udr\u017eate\u013enosti <!-- <a title=\"\u00dadaje\" href=\"http:\/\/datacube.statistics.sk\/#!\/view\/sk\/VBD_INTERN\/nu0001qs\/R%C3%BDchly%20odhad%20HDP%20a%20zamestnanosti%20pod%C4%BEa%20ESA%202010%20%5Bnu0001qs%5D\" target=\"_blank\" rel=\"noopener\"><img decoding=\"async\" class=\"icon alignnone size-full wp-image-1797\" src=\"https:\/\/agenda2030.statistics.sk\/Agenda2030\/wp-content\/uploads\/2018\/05\/table.png\" alt=\"DATAcube.\" \/><\/a> --> <!-- <a title=\"Meta\u00fadaje\" href=\"http:\/\/datacube.statistics.sk\/#!\/view\/sk\/VBD_INTERN\/nu0001qs\/R%C3%BDchly%20odhad%20HDP%20a%20zamestnanosti%20pod%C4%BEa%20ESA%202010%20%5Bnu0001qs%5D\" target=\"_blank\" rel=\"noopener\"><img decoding=\"async\" class=\"icon alignnone size-full wp-image-1798\" src=\"https:\/\/agenda2030.statistics.sk\/Agenda2030\/wp-content\/uploads\/2018\/05\/metadata_14.png\" alt=\"Meta\u00fadaje\" \/><\/a> --><\/li>\n<\/ul>\n<\/li>\n<\/ul>\n<p>&nbsp;<\/p>\n<ul class=\"none\">\n<li>\n<p class=\"color\"><span style=\"margin: 0 0.3em 0 -0.15em; font-size: 1.4em;\">12.7<\/span> Presadzova\u0165 udr\u017eate\u013en\u00e9 postupy pri zad\u00e1van\u00ed verejn\u00fdch obstar\u00e1van\u00ed v s\u00falade s n\u00e1rodn\u00fdmi politikami a prioritami.<\/p>\n<ul class=\"sub\">\n<li><strong>Indik\u00e1tor 12.7.1 <\/strong>Po\u010det kraj\u00edn, ktor\u00e9 uplat\u0148uj\u00fa udr\u017eate\u013en\u00e9 politiky verejn\u00e9ho obstar\u00e1vania a ak\u010dn\u00e9 pl\u00e1ny<!-- <a title=\"\u00dadaje\" href=\"http:\/\/datacube.statistics.sk\/#!\/view\/sk\/VBD_INTERN\/nu0001qs\/R%C3%BDchly%20odhad%20HDP%20a%20zamestnanosti%20pod%C4%BEa%20ESA%202010%20%5Bnu0001qs%5D\" target=\"_blank\" rel=\"noopener\"><img decoding=\"async\" class=\"icon alignnone size-full wp-image-1797\" src=\"https:\/\/agenda2030.statistics.sk\/Agenda2030\/wp-content\/uploads\/2018\/05\/table.png\" alt=\"DATAcube.\" \/><\/a> --> <!-- <a title=\"Meta\u00fadaje\" href=\"http:\/\/datacube.statistics.sk\/#!\/view\/sk\/VBD_INTERN\/nu0001qs\/R%C3%BDchly%20odhad%20HDP%20a%20zamestnanosti%20pod%C4%BEa%20ESA%202010%20%5Bnu0001qs%5D\" target=\"_blank\" rel=\"noopener\"><img decoding=\"async\" class=\"icon alignnone size-full wp-image-1798\" src=\"https:\/\/agenda2030.statistics.sk\/Agenda2030\/wp-content\/uploads\/2018\/05\/metadata_14.png\" alt=\"Meta\u00fadaje\" \/><\/a> --><\/li>\n<\/ul>\n<\/li>\n<\/ul>\n<p>&nbsp;<\/p>\n<ul class=\"none\">\n<li>\n<p class=\"color\"><span style=\"margin: 0 0.3em 0 -0.15em; font-size: 1.4em;\">12.8<\/span> Do roku 2030 zabezpe\u010di\u0165, aby \u013eudia na celom svete mali relevantn\u00e9 inform\u00e1cie a povedomie o udr\u017eate\u013enom rozvoji a \u017eivotnom \u0161t\u00fdle v s\u00falade s pr\u00edrodou.<\/p>\n<ul class=\"sub\">\n<li><strong>Indik\u00e1tor 12.8.1<\/strong> Rozsah, v ktorom s\u00fa (i) vzdel\u00e1vanie v oblasti glob\u00e1lneho ob\u010dianstva a (ii) v\u00fdchova k udr\u017eate\u013en\u00e9mu rozvoju, za\u010dlenen\u00e9 na v\u0161etk\u00fdch \u00farovniach do: <em>(a)<\/em> vn\u00fatro\u0161t\u00e1tnych vzdel\u00e1vac\u00edch polit\u00edk, <em>(b)<\/em> u\u010debn\u00fdch osnov, <em>(c)<\/em> vzdel\u00e1vania u\u010dite\u013eov a <em>(d)<\/em> hodnotenia \u0161tudentov <!-- <a title=\"\u00dadaje\" href=\"http:\/\/datacube.statistics.sk\/#!\/view\/sk\/VBD_INTERN\/nu0001qs\/R%C3%BDchly%20odhad%20HDP%20a%20zamestnanosti%20pod%C4%BEa%20ESA%202010%20%5Bnu0001qs%5D\" target=\"_blank\" rel=\"noopener\"><img decoding=\"async\" class=\"icon alignnone size-full wp-image-1797\" src=\"https:\/\/agenda2030.statistics.sk\/Agenda2030\/wp-content\/uploads\/2018\/05\/table.png\" alt=\"DATAcube.\" \/><\/a> --> <!-- <a title=\"Meta\u00fadaje\" href=\"http:\/\/datacube.statistics.sk\/#!\/view\/sk\/VBD_INTERN\/nu0001qs\/R%C3%BDchly%20odhad%20HDP%20a%20zamestnanosti%20pod%C4%BEa%20ESA%202010%20%5Bnu0001qs%5D\" target=\"_blank\" rel=\"noopener\"><img decoding=\"async\" class=\"icon alignnone size-full wp-image-1798\" src=\"https:\/\/agenda2030.statistics.sk\/Agenda2030\/wp-content\/uploads\/2018\/05\/metadata_14.png\" alt=\"Meta\u00fadaje\" \/><\/a> --><\/li>\n<\/ul>\n<\/li>\n<\/ul>\n<p>&nbsp;<\/p>\n<ul class=\"none\">\n<li>\n<p class=\"color\"><span style=\"margin: 0 0.3em 0 -0.15em; font-size: 1.4em;\">12.a<\/span> Podporova\u0165 rozvojov\u00e9 krajiny, aby posilnili svoje vedeck\u00e9 a technologick\u00e9 kapacity, a pre\u0161li tak k udr\u017eate\u013enej\u0161iemu sp\u00f4sobu v\u00fdroby a spotreby.<\/p>\n<ul class=\"sub\">\n<li><strong>Indik\u00e1tor 12.a.1<\/strong> Zavedenie v\u00fdroby energie z obnovite\u013en\u00fdch zdrojov v rozvojov\u00fdch a rozvinut\u00fdch krajin\u00e1ch (vo wattoch na obyvate\u013ea) <!-- <a title=\"\u00dadaje\" href=\"http:\/\/datacube.statistics.sk\/#!\/view\/sk\/VBD_INTERN\/nu0001qs\/R%C3%BDchly%20odhad%20HDP%20a%20zamestnanosti%20pod%C4%BEa%20ESA%202010%20%5Bnu0001qs%5D\" target=\"_blank\" rel=\"noopener\"><img decoding=\"async\" class=\"icon alignnone size-full wp-image-1797\" src=\"https:\/\/agenda2030.statistics.sk\/Agenda2030\/wp-content\/uploads\/2018\/05\/table.png\" alt=\"DATAcube.\" \/><\/a> -->\u00a0<!--\u00a0<a title=\"Meta\u00fadaje\" href=\"http:\/\/datacube.statistics.sk\/#!\/view\/sk\/VBD_INTERN\/nu0001qs\/R%C3%BDchly%20odhad%20HDP%20a%20zamestnanosti%20pod%C4%BEa%20ESA%202010%20%5Bnu0001qs%5D\" target=\"_blank\" rel=\"noopener\"><img decoding=\"async\" class=\"icon alignnone size-full wp-image-1798\" src=\"https:\/\/agenda2030.statistics.sk\/Agenda2030\/wp-content\/uploads\/2018\/05\/metadata_14.png\" alt=\"Meta\u00fadaje\" \/><\/a> --><\/li>\n<\/ul>\n<\/li>\n<\/ul>\n<p>&nbsp;<\/p>\n<ul class=\"none\">\n<li>\n<p class=\"color\"><span style=\"margin: 0 0.3em 0 -0.15em; font-size: 1.4em;\">12.b<\/span> Vytvori\u0165 a zavies\u0165 n\u00e1stroje na sledovanie dopadov udr\u017eate\u013en\u00e9ho rozvoja na cestovn\u00fd ruch, ktor\u00fd vytv\u00e1ra pracovn\u00e9 miesta a podporuje miestnu kult\u00faru a produkty.<\/p>\n<ul class=\"sub\">\n<li><strong>Indik\u00e1tor 12.b.1<\/strong> Implement\u00e1cia \u0161tandardn\u00fdch \u00fa\u010dtovn\u00fdch n\u00e1strojov na monitorovanie ekonomick\u00fdch a environment\u00e1lnych aspektov udr\u017eate\u013enosti cestovn\u00e9ho ruchu <!--\u00a0<a title=\"\u00dadaje\" href=\"http:\/\/datacube.statistics.sk\/#!\/view\/sk\/VBD_INTERN\/nu0001qs\/R%C3%BDchly%20odhad%20HDP%20a%20zamestnanosti%20pod%C4%BEa%20ESA%202010%20%5Bnu0001qs%5D\" target=\"_blank\" rel=\"noopener\"><img decoding=\"async\" class=\"icon alignnone size-full wp-image-1797\" src=\"https:\/\/agenda2030.statistics.sk\/Agenda2030\/wp-content\/uploads\/2018\/05\/table.png\" alt=\"DATAcube.\" \/><\/a> -->\u00a0<!--\u00a0<a title=\"Meta\u00fadaje\" href=\"http:\/\/datacube.statistics.sk\/#!\/view\/sk\/VBD_INTERN\/nu0001qs\/R%C3%BDchly%20odhad%20HDP%20a%20zamestnanosti%20pod%C4%BEa%20ESA%202010%20%5Bnu0001qs%5D\" target=\"_blank\" rel=\"noopener\"><img decoding=\"async\" class=\"icon alignnone size-full wp-image-1798\" src=\"https:\/\/agenda2030.statistics.sk\/Agenda2030\/wp-content\/uploads\/2018\/05\/metadata_14.png\" alt=\"Meta\u00fadaje\" \/><\/a> --><\/li>\n<\/ul>\n<\/li>\n<\/ul>\n<p>&nbsp;<\/p>\n<ul class=\"none\">\n<li>\n<p class=\"color\"><span style=\"margin: 0 0.3em 0 -0.15em; font-size: 1.4em;\">12.c<\/span> Usmerni\u0165 neefekt\u00edvne dot\u00e1cie na fos\u00edlne paliv\u00e1, podporuj\u00face nadbyto\u010dn\u00fa spotrebu, odstra\u0148ovan\u00edm pokrivenia trhu, v s\u00falade s podmienkami v jednotliv\u00fdch \u0161t\u00e1toch, okrem in\u00e9ho aj prostredn\u00edctvom da\u0148ovej re\u0161trukturaliz\u00e1cie a ru\u0161en\u00edm t\u00fdchto \u0161kodliv\u00fdch dot\u00e1ci\u00ed tam, kde existuj\u00fa, aby bol zrejm\u00fd ich dopad na \u017eivotn\u00e9 prostredie. Pritom je potrebn\u00e9 bra\u0165 do \u00favahy \u0161pecifick\u00e9 potreby a podmienky rozvojov\u00fdch kraj\u00edn a minimalizova\u0165 mo\u017en\u00e9 negat\u00edvne dopady na ich rozvoj tak\u00fdm sp\u00f4sobom, ktor\u00fd bude chr\u00e1ni\u0165 chudobn\u00fdch a dotknut\u00e9 komunity.<\/p>\n<ul class=\"sub\">\n<li><strong>Indik\u00e1tor 12.c.1<\/strong> V\u00fd\u0161ka dot\u00e1ci\u00ed na fos\u00edlne paliv\u00e1 (v\u00fdroba a spotreba) na jednotku HDP<!--\u00a0<a title=\"Meta\u00fadaje\" href=\"http:\/\/datacube.statistics.sk\/#!\/view\/sk\/VBD_INTERN\/nu0001qs\/R%C3%BDchly%20odhad%20HDP%20a%20zamestnanosti%20pod%C4%BEa%20ESA%202010%20%5Bnu0001qs%5D\" target=\"_blank\" rel=\"noopener\"><img decoding=\"async\" class=\"icon alignnone size-full wp-image-1798\" src=\"https:\/\/agenda2030.statistics.sk\/Agenda2030\/wp-content\/uploads\/2018\/05\/metadata_14.png\" alt=\"Meta\u00fadaje\" \/><\/a> --><\/li>\n<\/ul>\n<\/li>\n<\/ul>\n<\/div>\n\t\t<\/div><\/div><\/div><\/div><\/div><\/div><p class=\"last-updated\">Posledn\u00e1 aktualiz\u00e1cia: 30. 04. 2024<\/p>","protected":false},"excerpt":{"rendered":"<p>Glob\u00e1lna \u00farove\u0148 CIE\u013d 12: Zabezpe\u010di\u0165 udr\u017eate\u013en\u00fa spotrebu a v\u00fdrobn\u00e9 sch\u00e9my.<\/p>\n","protected":false},"author":2,"featured_media":0,"parent":0,"menu_order":0,"comment_status":"closed","ping_status":"closed","template":"","meta":{"_exactmetrics_skip_tracking":false,"_exactmetrics_sitenote_active":false,"_exactmetrics_sitenote_note":"","_exactmetrics_sitenote_category":0,"footnotes":""},"class_list":["post-2270","page","type-page","status-publish","hentry"],"_links":{"self":[{"href":"https:\/\/agenda2030.statistics.sk\/Agenda2030\/wp-json\/wp\/v2\/pages\/2270","targetHints":{"allow":["GET"]}}],"collection":[{"href":"https:\/\/agenda2030.statistics.sk\/Agenda2030\/wp-json\/wp\/v2\/pages"}],"about":[{"href":"https:\/\/agenda2030.statistics.sk\/Agenda2030\/wp-json\/wp\/v2\/types\/page"}],"author":[{"embeddable":true,"href":"https:\/\/agenda2030.statistics.sk\/Agenda2030\/wp-json\/wp\/v2\/users\/2"}],"replies":[{"embeddable":true,"href":"https:\/\/agenda2030.statistics.sk\/Agenda2030\/wp-json\/wp\/v2\/comments?post=2270"}],"version-history":[{"count":21,"href":"https:\/\/agenda2030.statistics.sk\/Agenda2030\/wp-json\/wp\/v2\/pages\/2270\/revisions"}],"predecessor-version":[{"id":3998,"href":"https:\/\/agenda2030.statistics.sk\/Agenda2030\/wp-json\/wp\/v2\/pages\/2270\/revisions\/3998"}],"wp:attachment":[{"href":"https:\/\/agenda2030.statistics.sk\/Agenda2030\/wp-json\/wp\/v2\/media?parent=2270"}],"curies":[{"name":"wp","href":"https:\/\/api.w.org\/{rel}","templated":true}]}}