{"id":2288,"date":"2018-06-01T09:46:18","date_gmt":"2018-06-01T07:46:18","guid":{"rendered":"https:\/\/agenda2030.statistics.sk\/Agenda2030\/?page_id=2288"},"modified":"2026-01-28T12:17:18","modified_gmt":"2026-01-28T11:17:18","slug":"indikatory-globalna-uroven-ciel-16","status":"publish","type":"page","link":"https:\/\/agenda2030.statistics.sk\/Agenda2030\/indikatory-globalna-uroven-ciel-16\/","title":{"rendered":"Indik\u00e1tory &#8211; Glob\u00e1lna \u00farove\u0148 &#8211; cie\u013e 16"},"content":{"rendered":"<div id=\"pl-2288\"  class=\"panel-layout\" ><div id=\"pg-2288-0\"  class=\"panel-grid panel-has-style\" ><div class=\"center-content aux-fold panel-row-style panel-row-style-for-2288-0\" data-stretch-type=\"boxed\" ><div id=\"pgc-2288-0-0\"  class=\"panel-grid-cell\" ><section id=\"panel-2288-0-0-0\" class=\"widget-container aux-widget-text aux-parent-au76f42f13 so-panel widget widget_aux_text panel-first-child panel-last-child\" data-index=\"0\"  style=\"\"  >        <div class=\"aux-widget-advanced-text aux-wrap-style-simple aux-ico-pos-top aux-text-left aux-text-resp-left aux-text-widget-bg-cover  \" >\n        \n            \n            <div class=\"aux-text-inner aux-text-widget-content\">\n                                <div class=\"widget-content\">\n                                        <style type=\"text\/css\">\r\n\t#foogallery-gallery-1435 .fg-image {\r\n        width: 121px;\r\n    }\r\n<\/style>\r\n\t\t\t\t<div class=\"foogallery foogallery-container foogallery-default foogallery-lightbox-none fg-gutter-10 fg-center fg-default fg-light fg-hover-instant fg-ready\" id=\"foogallery-gallery-1435\" data-foogallery=\"{&quot;item&quot;:{&quot;showCaptionTitle&quot;:false,&quot;showCaptionDescription&quot;:false},&quot;lazy&quot;:true}\" >\r\n\t<div class=\"fg-item fg-type-iframe fg-idle\"><figure class=\"fg-item-inner\"><a href=\" https:\/\/agenda2030.statistics.sk\/Agenda2030\/indikatory-globalna-uroven-ciel-1\/\" target=\"_self\" data-attachment-id=\"1531\" data-type=\"iframe\" class=\"fg-thumb\"><span class=\"fg-image-wrap\"><img decoding=\"async\" width=\"121\" height=\"121\" class=\"skip-lazy fg-image\" data-src-fg=\"https:\/\/agenda2030.statistics.sk\/Agenda2030\/wp-content\/uploads\/2018\/05\/target1_121.jpg\" src=\"data:image\/svg+xml,%3Csvg%20xmlns%3D%22http%3A%2F%2Fwww.w3.org%2F2000%2Fsvg%22%20width%3D%22121%22%20height%3D%22121%22%20viewBox%3D%220%200%20121%20121%22%3E%3C%2Fsvg%3E\" loading=\"eager\"><\/span><span class=\"fg-image-overlay\"><\/span><\/a><figcaption class=\"fg-caption\"><div class=\"fg-caption-inner\"><\/div><\/figcaption><\/figure><div class=\"fg-loader\"><\/div><\/div><div class=\"fg-item fg-type-iframe fg-idle\"><figure class=\"fg-item-inner\"><a href=\"https:\/\/agenda2030.statistics.sk\/Agenda2030\/indikatory-globalna-uroven-ciel-2\/\" target=\"_self\" data-attachment-id=\"1532\" data-type=\"iframe\" class=\"fg-thumb\"><span class=\"fg-image-wrap\"><img decoding=\"async\" width=\"121\" height=\"121\" class=\"skip-lazy fg-image\" data-src-fg=\"https:\/\/agenda2030.statistics.sk\/Agenda2030\/wp-content\/uploads\/2018\/05\/target2_121.jpg\" src=\"data:image\/svg+xml,%3Csvg%20xmlns%3D%22http%3A%2F%2Fwww.w3.org%2F2000%2Fsvg%22%20width%3D%22121%22%20height%3D%22121%22%20viewBox%3D%220%200%20121%20121%22%3E%3C%2Fsvg%3E\" loading=\"eager\"><\/span><span class=\"fg-image-overlay\"><\/span><\/a><figcaption class=\"fg-caption\"><div class=\"fg-caption-inner\"><\/div><\/figcaption><\/figure><div class=\"fg-loader\"><\/div><\/div><div class=\"fg-item fg-type-iframe fg-idle\"><figure class=\"fg-item-inner\"><a href=\"https:\/\/agenda2030.statistics.sk\/Agenda2030\/indikatory-globalna-uroven-ciel-3\/\" target=\"_self\" data-attachment-id=\"1533\" data-type=\"iframe\" class=\"fg-thumb\"><span class=\"fg-image-wrap\"><img decoding=\"async\" width=\"121\" height=\"121\" class=\"skip-lazy fg-image\" data-src-fg=\"https:\/\/agenda2030.statistics.sk\/Agenda2030\/wp-content\/uploads\/2018\/05\/target3_121.jpg\" src=\"data:image\/svg+xml,%3Csvg%20xmlns%3D%22http%3A%2F%2Fwww.w3.org%2F2000%2Fsvg%22%20width%3D%22121%22%20height%3D%22121%22%20viewBox%3D%220%200%20121%20121%22%3E%3C%2Fsvg%3E\" loading=\"eager\"><\/span><span class=\"fg-image-overlay\"><\/span><\/a><figcaption class=\"fg-caption\"><div class=\"fg-caption-inner\"><\/div><\/figcaption><\/figure><div class=\"fg-loader\"><\/div><\/div><div class=\"fg-item fg-type-iframe fg-idle\"><figure class=\"fg-item-inner\"><a href=\"https:\/\/agenda2030.statistics.sk\/Agenda2030\/indikatory-globalna-uroven-ciel-4\/\" target=\"_self\" data-attachment-id=\"1534\" data-type=\"iframe\" class=\"fg-thumb\"><span class=\"fg-image-wrap\"><img decoding=\"async\" width=\"121\" height=\"121\" class=\"skip-lazy fg-image\" data-src-fg=\"https:\/\/agenda2030.statistics.sk\/Agenda2030\/wp-content\/uploads\/2018\/05\/target4_121.jpg\" src=\"data:image\/svg+xml,%3Csvg%20xmlns%3D%22http%3A%2F%2Fwww.w3.org%2F2000%2Fsvg%22%20width%3D%22121%22%20height%3D%22121%22%20viewBox%3D%220%200%20121%20121%22%3E%3C%2Fsvg%3E\" loading=\"eager\"><\/span><span class=\"fg-image-overlay\"><\/span><\/a><figcaption class=\"fg-caption\"><div class=\"fg-caption-inner\"><\/div><\/figcaption><\/figure><div class=\"fg-loader\"><\/div><\/div><div class=\"fg-item fg-type-iframe fg-idle\"><figure class=\"fg-item-inner\"><a href=\"https:\/\/agenda2030.statistics.sk\/Agenda2030\/indikatory-globalna-uroven-ciel-5\/\" data-attachment-id=\"1535\" data-type=\"iframe\" class=\"fg-thumb\"><span class=\"fg-image-wrap\"><img decoding=\"async\" width=\"121\" height=\"121\" class=\"skip-lazy fg-image\" data-src-fg=\"https:\/\/agenda2030.statistics.sk\/Agenda2030\/wp-content\/uploads\/2018\/05\/target5_121.jpg\" src=\"data:image\/svg+xml,%3Csvg%20xmlns%3D%22http%3A%2F%2Fwww.w3.org%2F2000%2Fsvg%22%20width%3D%22121%22%20height%3D%22121%22%20viewBox%3D%220%200%20121%20121%22%3E%3C%2Fsvg%3E\" loading=\"eager\"><\/span><span class=\"fg-image-overlay\"><\/span><\/a><figcaption class=\"fg-caption\"><div class=\"fg-caption-inner\"><\/div><\/figcaption><\/figure><div class=\"fg-loader\"><\/div><\/div><div class=\"fg-item fg-type-iframe fg-idle\"><figure class=\"fg-item-inner\"><a href=\"https:\/\/agenda2030.statistics.sk\/Agenda2030\/indikatory-globalna-uroven-ciel-6\/\" target=\"_self\" data-attachment-id=\"1536\" data-type=\"iframe\" class=\"fg-thumb\"><span class=\"fg-image-wrap\"><img decoding=\"async\" width=\"121\" height=\"121\" class=\"skip-lazy fg-image\" data-src-fg=\"https:\/\/agenda2030.statistics.sk\/Agenda2030\/wp-content\/uploads\/2018\/05\/target6_121.jpg\" src=\"data:image\/svg+xml,%3Csvg%20xmlns%3D%22http%3A%2F%2Fwww.w3.org%2F2000%2Fsvg%22%20width%3D%22121%22%20height%3D%22121%22%20viewBox%3D%220%200%20121%20121%22%3E%3C%2Fsvg%3E\" loading=\"eager\"><\/span><span class=\"fg-image-overlay\"><\/span><\/a><figcaption class=\"fg-caption\"><div class=\"fg-caption-inner\"><\/div><\/figcaption><\/figure><div class=\"fg-loader\"><\/div><\/div><div class=\"fg-item fg-type-iframe fg-idle\"><figure class=\"fg-item-inner\"><a href=\"https:\/\/agenda2030.statistics.sk\/Agenda2030\/indikatory-globalna-uroven-ciel-7\/\" data-attachment-id=\"1537\" data-type=\"iframe\" class=\"fg-thumb\"><span class=\"fg-image-wrap\"><img decoding=\"async\" width=\"121\" height=\"121\" class=\"skip-lazy fg-image\" data-src-fg=\"https:\/\/agenda2030.statistics.sk\/Agenda2030\/wp-content\/uploads\/2018\/05\/target7_121.jpg\" src=\"data:image\/svg+xml,%3Csvg%20xmlns%3D%22http%3A%2F%2Fwww.w3.org%2F2000%2Fsvg%22%20width%3D%22121%22%20height%3D%22121%22%20viewBox%3D%220%200%20121%20121%22%3E%3C%2Fsvg%3E\" loading=\"eager\"><\/span><span class=\"fg-image-overlay\"><\/span><\/a><figcaption class=\"fg-caption\"><div class=\"fg-caption-inner\"><\/div><\/figcaption><\/figure><div class=\"fg-loader\"><\/div><\/div><div class=\"fg-item fg-type-iframe fg-idle\"><figure class=\"fg-item-inner\"><a href=\"https:\/\/agenda2030.statistics.sk\/Agenda2030\/indikatory-globalna-uroven-ciel-8\/\" target=\"_self\" data-attachment-id=\"1538\" data-type=\"iframe\" class=\"fg-thumb\"><span class=\"fg-image-wrap\"><img decoding=\"async\" width=\"121\" height=\"121\" class=\"skip-lazy fg-image\" data-src-fg=\"https:\/\/agenda2030.statistics.sk\/Agenda2030\/wp-content\/uploads\/2018\/05\/target8_121.jpg\" src=\"data:image\/svg+xml,%3Csvg%20xmlns%3D%22http%3A%2F%2Fwww.w3.org%2F2000%2Fsvg%22%20width%3D%22121%22%20height%3D%22121%22%20viewBox%3D%220%200%20121%20121%22%3E%3C%2Fsvg%3E\" loading=\"eager\"><\/span><span class=\"fg-image-overlay\"><\/span><\/a><figcaption class=\"fg-caption\"><div class=\"fg-caption-inner\"><\/div><\/figcaption><\/figure><div class=\"fg-loader\"><\/div><\/div><div class=\"fg-item fg-type-iframe fg-idle\"><figure class=\"fg-item-inner\"><a href=\"https:\/\/agenda2030.statistics.sk\/Agenda2030\/indikatory-globalna-uroven-ciel-9\/\" target=\"_self\" data-attachment-id=\"1539\" data-type=\"iframe\" class=\"fg-thumb\"><span class=\"fg-image-wrap\"><img decoding=\"async\" width=\"121\" height=\"121\" class=\"skip-lazy fg-image\" data-src-fg=\"https:\/\/agenda2030.statistics.sk\/Agenda2030\/wp-content\/uploads\/2018\/05\/target9_121.jpg\" src=\"data:image\/svg+xml,%3Csvg%20xmlns%3D%22http%3A%2F%2Fwww.w3.org%2F2000%2Fsvg%22%20width%3D%22121%22%20height%3D%22121%22%20viewBox%3D%220%200%20121%20121%22%3E%3C%2Fsvg%3E\" loading=\"eager\"><\/span><span class=\"fg-image-overlay\"><\/span><\/a><figcaption class=\"fg-caption\"><div class=\"fg-caption-inner\"><\/div><\/figcaption><\/figure><div class=\"fg-loader\"><\/div><\/div><div class=\"fg-item fg-type-iframe fg-idle\"><figure class=\"fg-item-inner\"><a href=\"https:\/\/agenda2030.statistics.sk\/Agenda2030\/indikatory-globalna-uroven-ciel-10\/\" target=\"_self\" data-attachment-id=\"2007\" data-type=\"iframe\" class=\"fg-thumb\"><span class=\"fg-image-wrap\"><img decoding=\"async\" width=\"121\" height=\"121\" class=\"skip-lazy fg-image\" data-src-fg=\"https:\/\/agenda2030.statistics.sk\/Agenda2030\/wp-content\/uploads\/2018\/05\/target10_121SKnew.jpg\" src=\"data:image\/svg+xml,%3Csvg%20xmlns%3D%22http%3A%2F%2Fwww.w3.org%2F2000%2Fsvg%22%20width%3D%22121%22%20height%3D%22121%22%20viewBox%3D%220%200%20121%20121%22%3E%3C%2Fsvg%3E\" loading=\"eager\"><\/span><span class=\"fg-image-overlay\"><\/span><\/a><figcaption class=\"fg-caption\"><div class=\"fg-caption-inner\"><\/div><\/figcaption><\/figure><div class=\"fg-loader\"><\/div><\/div><div class=\"fg-item fg-type-iframe fg-idle\"><figure class=\"fg-item-inner\"><a href=\"https:\/\/agenda2030.statistics.sk\/Agenda2030\/indikatory-globalna-uroven-ciel-11\/\" target=\"_self\" data-attachment-id=\"1541\" data-type=\"iframe\" class=\"fg-thumb\"><span class=\"fg-image-wrap\"><img decoding=\"async\" width=\"121\" height=\"121\" class=\"skip-lazy fg-image\" data-src-fg=\"https:\/\/agenda2030.statistics.sk\/Agenda2030\/wp-content\/uploads\/2018\/05\/target11_121.jpg\" src=\"data:image\/svg+xml,%3Csvg%20xmlns%3D%22http%3A%2F%2Fwww.w3.org%2F2000%2Fsvg%22%20width%3D%22121%22%20height%3D%22121%22%20viewBox%3D%220%200%20121%20121%22%3E%3C%2Fsvg%3E\" loading=\"eager\"><\/span><span class=\"fg-image-overlay\"><\/span><\/a><figcaption class=\"fg-caption\"><div class=\"fg-caption-inner\"><\/div><\/figcaption><\/figure><div class=\"fg-loader\"><\/div><\/div><div class=\"fg-item fg-type-iframe fg-idle\"><figure class=\"fg-item-inner\"><a href=\"https:\/\/agenda2030.statistics.sk\/Agenda2030\/indikatory-globalna-uroven-ciel-12\/\" target=\"_self\" data-attachment-id=\"1542\" data-type=\"iframe\" class=\"fg-thumb\"><span class=\"fg-image-wrap\"><img decoding=\"async\" width=\"121\" height=\"121\" class=\"skip-lazy fg-image\" data-src-fg=\"https:\/\/agenda2030.statistics.sk\/Agenda2030\/wp-content\/uploads\/2018\/05\/target12_121.jpg\" src=\"data:image\/svg+xml,%3Csvg%20xmlns%3D%22http%3A%2F%2Fwww.w3.org%2F2000%2Fsvg%22%20width%3D%22121%22%20height%3D%22121%22%20viewBox%3D%220%200%20121%20121%22%3E%3C%2Fsvg%3E\" loading=\"eager\"><\/span><span class=\"fg-image-overlay\"><\/span><\/a><figcaption class=\"fg-caption\"><div class=\"fg-caption-inner\"><\/div><\/figcaption><\/figure><div class=\"fg-loader\"><\/div><\/div><div class=\"fg-item fg-type-iframe fg-idle\"><figure class=\"fg-item-inner\"><a href=\"https:\/\/agenda2030.statistics.sk\/Agenda2030\/indikatory-globalna-uroven-ciel-13\/\" target=\"_self\" data-attachment-id=\"1543\" data-type=\"iframe\" class=\"fg-thumb\"><span class=\"fg-image-wrap\"><img decoding=\"async\" width=\"121\" height=\"121\" class=\"skip-lazy fg-image\" data-src-fg=\"https:\/\/agenda2030.statistics.sk\/Agenda2030\/wp-content\/uploads\/2018\/05\/target13_121.jpg\" src=\"data:image\/svg+xml,%3Csvg%20xmlns%3D%22http%3A%2F%2Fwww.w3.org%2F2000%2Fsvg%22%20width%3D%22121%22%20height%3D%22121%22%20viewBox%3D%220%200%20121%20121%22%3E%3C%2Fsvg%3E\" loading=\"eager\"><\/span><span class=\"fg-image-overlay\"><\/span><\/a><figcaption class=\"fg-caption\"><div class=\"fg-caption-inner\"><\/div><\/figcaption><\/figure><div class=\"fg-loader\"><\/div><\/div><div class=\"fg-item fg-type-iframe fg-idle\"><figure class=\"fg-item-inner\"><a href=\"https:\/\/agenda2030.statistics.sk\/Agenda2030\/indikatory-globalna-uroven-ciel-14\/\" target=\"_self\" data-attachment-id=\"1544\" data-type=\"iframe\" class=\"fg-thumb\"><span class=\"fg-image-wrap\"><img decoding=\"async\" width=\"121\" height=\"121\" class=\"skip-lazy fg-image\" data-src-fg=\"https:\/\/agenda2030.statistics.sk\/Agenda2030\/wp-content\/uploads\/2018\/05\/target14_121.jpg\" src=\"data:image\/svg+xml,%3Csvg%20xmlns%3D%22http%3A%2F%2Fwww.w3.org%2F2000%2Fsvg%22%20width%3D%22121%22%20height%3D%22121%22%20viewBox%3D%220%200%20121%20121%22%3E%3C%2Fsvg%3E\" loading=\"eager\"><\/span><span class=\"fg-image-overlay\"><\/span><\/a><figcaption class=\"fg-caption\"><div class=\"fg-caption-inner\"><\/div><\/figcaption><\/figure><div class=\"fg-loader\"><\/div><\/div><div class=\"fg-item fg-type-iframe fg-idle\"><figure class=\"fg-item-inner\"><a href=\"https:\/\/agenda2030.statistics.sk\/Agenda2030\/indikatory-globalna-uroven-ciel-15\/\" target=\"_self\" data-attachment-id=\"1545\" data-type=\"iframe\" class=\"fg-thumb\"><span class=\"fg-image-wrap\"><img decoding=\"async\" width=\"121\" height=\"121\" class=\"skip-lazy fg-image\" data-src-fg=\"https:\/\/agenda2030.statistics.sk\/Agenda2030\/wp-content\/uploads\/2018\/05\/target15_121.jpg\" src=\"data:image\/svg+xml,%3Csvg%20xmlns%3D%22http%3A%2F%2Fwww.w3.org%2F2000%2Fsvg%22%20width%3D%22121%22%20height%3D%22121%22%20viewBox%3D%220%200%20121%20121%22%3E%3C%2Fsvg%3E\" loading=\"eager\"><\/span><span class=\"fg-image-overlay\"><\/span><\/a><figcaption class=\"fg-caption\"><div class=\"fg-caption-inner\"><\/div><\/figcaption><\/figure><div class=\"fg-loader\"><\/div><\/div><div class=\"fg-item fg-type-iframe fg-idle\"><figure class=\"fg-item-inner\"><a href=\"https:\/\/agenda2030.statistics.sk\/Agenda2030\/indikatory-globalna-uroven-ciel-16\/\" target=\"_self\" data-attachment-id=\"1546\" data-type=\"iframe\" class=\"fg-thumb\"><span class=\"fg-image-wrap\"><img decoding=\"async\" width=\"121\" height=\"121\" class=\"skip-lazy fg-image\" data-src-fg=\"https:\/\/agenda2030.statistics.sk\/Agenda2030\/wp-content\/uploads\/2018\/05\/target16_121.jpg\" src=\"data:image\/svg+xml,%3Csvg%20xmlns%3D%22http%3A%2F%2Fwww.w3.org%2F2000%2Fsvg%22%20width%3D%22121%22%20height%3D%22121%22%20viewBox%3D%220%200%20121%20121%22%3E%3C%2Fsvg%3E\" loading=\"eager\"><\/span><span class=\"fg-image-overlay\"><\/span><\/a><figcaption class=\"fg-caption\"><div class=\"fg-caption-inner\"><\/div><\/figcaption><\/figure><div class=\"fg-loader\"><\/div><\/div><div class=\"fg-item fg-type-iframe fg-idle\"><figure class=\"fg-item-inner\"><a href=\"https:\/\/agenda2030.statistics.sk\/Agenda2030\/indikatory-globalna-uroven-ciel-17\/\" data-attachment-id=\"1547\" data-type=\"iframe\" class=\"fg-thumb\"><span class=\"fg-image-wrap\"><img decoding=\"async\" width=\"121\" height=\"121\" class=\"skip-lazy fg-image\" data-src-fg=\"https:\/\/agenda2030.statistics.sk\/Agenda2030\/wp-content\/uploads\/2018\/05\/target17_121.jpg\" src=\"data:image\/svg+xml,%3Csvg%20xmlns%3D%22http%3A%2F%2Fwww.w3.org%2F2000%2Fsvg%22%20width%3D%22121%22%20height%3D%22121%22%20viewBox%3D%220%200%20121%20121%22%3E%3C%2Fsvg%3E\" loading=\"eager\"><\/span><span class=\"fg-image-overlay\"><\/span><\/a><figcaption class=\"fg-caption\"><div class=\"fg-caption-inner\"><\/div><\/figcaption><\/figure><div class=\"fg-loader\"><\/div><\/div><div class=\"fg-item fg-type-iframe fg-idle\"><figure class=\"fg-item-inner\"><a href=\"https:\/\/unstats.un.org\/sdgs\/indicators\/database\/\" target=\"_blank\" data-attachment-id=\"2937\" data-type=\"iframe\" class=\"last fg-thumb\"><span class=\"fg-image-wrap\"><img decoding=\"async\" width=\"121\" height=\"121\" class=\"skip-lazy fg-image\" data-src-fg=\"https:\/\/agenda2030.statistics.sk\/Agenda2030\/wp-content\/uploads\/2018\/07\/logo_SK_nonUN.jpg\" src=\"data:image\/svg+xml,%3Csvg%20xmlns%3D%22http%3A%2F%2Fwww.w3.org%2F2000%2Fsvg%22%20width%3D%22121%22%20height%3D%22121%22%20viewBox%3D%220%200%20121%20121%22%3E%3C%2Fsvg%3E\" loading=\"eager\"><\/span><span class=\"fg-image-overlay\"><\/span><\/a><figcaption class=\"fg-caption\"><div class=\"fg-caption-inner\"><\/div><\/figcaption><\/figure><div class=\"fg-loader\"><\/div><\/div><\/div>\r\n                <\/div>\n                            <\/div>\n        <\/div>\n                    <div class=\"aux-text-widget-footer\">\n                <div class=\"aux-border-shape-none \">\n                                <\/div>\n            <\/div>\n        \n<\/section><\/div><\/div><\/div><div id=\"pg-2288-1\"  class=\"panel-grid panel-has-style\" ><div class=\"center-content aux-fold panel-row-style panel-row-style-for-2288-1\" data-stretch-type=\"boxed\" ><div id=\"pgc-2288-1-0\"  class=\"panel-grid-cell\" ><div id=\"panel-2288-1-0-0\" class=\"so-panel widget widget_text panel-first-child panel-last-child\" data-index=\"1\" ><div class=\"h2_target_2 panel-widget-style panel-widget-style-for-2288-1-0-0\" >\t\t\t<div class=\"textwidget\"><p><img loading=\"lazy\" decoding=\"async\" class=\"img-target size-full wp-image-1532 alignleft\" src=\"https:\/\/agenda2030.statistics.sk\/Agenda2030\/wp-content\/uploads\/2018\/05\/target16_121.jpg\" alt=\"\" width=\"121\" height=\"121\" \/><\/p>\n<h2 class=\"h2-target-16\">Glob\u00e1lna \u00farove\u0148<\/h2>\n<h3 class=\"h3-target-16\">CIE\u013d 16: Podporova\u0165 mierov\u00fa inkluz\u00edvnu spolo\u010dnos\u0165 v prospech udr\u017eate\u013en\u00e9ho rozvoja. Poskytn\u00fa\u0165 pr\u00edstup k spravodlivosti pre v\u0161etk\u00fdch a budova\u0165 efekt\u00edvne, transparentn\u00e9 a inkluz\u00edvne in\u0161tit\u00facie na v\u0161etk\u00fdch \u00farovniach.<\/h3>\n<\/div>\n\t\t<\/div><\/div><\/div><\/div><\/div><div id=\"pg-2288-2\"  class=\"panel-grid panel-has-style\" ><div class=\"center-content aux-fold panel-row-style panel-row-style-for-2288-2\" data-stretch-type=\"boxed\" ><div id=\"pgc-2288-2-0\"  class=\"panel-grid-cell\" ><div id=\"panel-2288-2-0-0\" class=\"so-panel widget widget_text panel-first-child panel-last-child\" data-index=\"2\" ><div class=\"target panel-widget-style panel-widget-style-for-2288-2-0-0\" >\t\t\t<div class=\"textwidget\"><p>\u201eNa\u010falej mo\u017eno pozorova\u0165 nerovnomern\u00fd progres pri presadzovan\u00ed mieru a\u00a0spravodlivosti a budovan\u00ed \u00fa\u010dinn\u00fdch, zodpovedn\u00fdch a inkluz\u00edvnych in\u0161tit\u00faci\u00ed a\u00a0to tak medzi regi\u00f3nmi, ako aj v\u00a0r\u00e1mci nich. Po\u010det vr\u00e1\u017ed sa pomaly zni\u017euje a\u00a0\u010doraz viac ob\u010danov na celom svete m\u00e1 lep\u0161\u00ed pr\u00edstup k spravodlivosti. Av\u0161ak za posledn\u00e9 roky sa zv\u00fd\u0161il po\u010det n\u00e1siln\u00fdch konfliktov a\u00a0zintenz\u00edvnili sa ozbrojen\u00e9 konfront\u00e1cie, ktor\u00e9 maj\u00fa za n\u00e1sledok nielen ve\u013ek\u00fd po\u010det civiln\u00fdch obet\u00ed, ale\u00a0vyh\u00e1\u0148aj\u00fa tie\u017e mili\u00f3ny \u013eud\u00ed zo svojich domovov. Rozdielnosti na\u010falej pretrv\u00e1vaj\u00fa v\u00a0nezanedbate\u013enom po\u010dte: \u00fadaje vykazuj\u00fa, \u017ee krajiny s vy\u0161\u0161ou nerovnos\u0165ou v pr\u00edjmoch trpia vy\u0161\u0161ou \u00farov\u0148ou n\u00e1silia. Chudobnej\u0161ie krajiny a regi\u00f3ny s\u00fa \u010dasto zdrojom obet\u00ed pre obchodn\u00edkov s \u013eu\u010fmi a s\u00fa n\u00e1chylnej\u0161ie na korupciu. V reakcii na to sa zav\u00e1dzaj\u00fa pr\u00e1vne r\u00e1mce a in\u0161tit\u00facie &#8211; napr\u00edklad o pr\u00edstupe k inform\u00e1ci\u00e1m a podpore \u013eudsk\u00fdch pr\u00e1v &#8211; ale nie v\u017edy tomuto z\u00e1meru zodpoved\u00e1 adekv\u00e1tna implement\u00e1cia.\u201c<\/p>\n<p><em>Zdroj: OSN, Spr\u00e1va o cie\u013eoch udr\u017eate\u013en\u00e9ho rozvoja, rok 2017<\/em><\/p>\n<\/div>\n\t\t<\/div><\/div><\/div><\/div><\/div><div id=\"pg-2288-3\"  class=\"panel-grid panel-has-style\" ><div class=\"center-content aux-fold panel-row-style panel-row-style-for-2288-3\" data-stretch-type=\"boxed\" ><div id=\"pgc-2288-3-0\"  class=\"panel-grid-cell\" ><div id=\"panel-2288-3-0-0\" class=\"so-panel widget widget_text panel-first-child panel-last-child\" data-index=\"3\" ><div class=\"target panel-widget-style panel-widget-style-for-2288-3-0-0\" >\t\t\t<div class=\"textwidget\"><h4>\u010ciastkov\u00e9 ciele:<\/h4>\n<ul class=\"none\">\n<li>\n<p class=\"color\"><span style=\"margin: 0 0.3em 0 -0.15em; font-size: 1.4em;\">16.1<\/span>V\u00fdrazne zn\u00ed\u017ei\u0165 v\u0161etky formy n\u00e1silia a s t\u00fdm s\u00favisiacu mieru \u00famrtnosti na celom svete.<\/p>\n<ul class=\"sub\">\n<li><strong>Indik\u00e1tor 16.1.1<\/strong> Po\u010det obet\u00ed \u00famyseln\u00e9ho zabitia na 100 000 obyvate\u013eov pod\u013ea pohlavia a veku\u00a0\u00a0<!-- <a title=\"\u00dadaje\" href=\"http:\/\/datacube.statistics.sk\/#!\/view\/sk\/VBD_INTERN\/nu0001qs\/R%C3%BDchly%20odhad%20HDP%20a%20zamestnanosti%20pod%C4%BEa%20ESA%202010%20%5Bnu0001qs%5D\" target=\"_blank\" rel=\"noopener\"><img decoding=\"async\" class=\"icon alignnone size-full wp-image-1797\" src=\"https:\/\/agenda2030.statistics.sk\/Agenda2030\/wp-content\/uploads\/2018\/05\/table.png\" alt=\"DATAcube.\" \/><\/a> -->\u00a0<!--\u00a0<a title=\"Meta\u00fadaje\" href=\"http:\/\/datacube.statistics.sk\/#!\/view\/sk\/VBD_INTERN\/nu0001qs\/R%C3%BDchly%20odhad%20HDP%20a%20zamestnanosti%20pod%C4%BEa%20ESA%202010%20%5Bnu0001qs%5D\" target=\"_blank\" rel=\"noopener\"><img decoding=\"async\" class=\"icon alignnone size-full wp-image-1798\" src=\"https:\/\/agenda2030.statistics.sk\/Agenda2030\/wp-content\/uploads\/2018\/05\/metadata_14.png\" alt=\"Meta\u00fadaje\" \/><\/a> --><\/li>\n<li><strong>Indik\u00e1tor 16.1.2<\/strong> \u00damrtia spojen\u00e9 s konfliktom na 100 000 obyvate\u013eov pod\u013ea pohlavia, veku a pr\u00ed\u010diny\u00a0\u00a0<!-- <a title=\"\u00dadaje\" href=\"http:\/\/datacube.statistics.sk\/#!\/view\/sk\/VBD_INTERN\/nu0001qs\/R%C3%BDchly%20odhad%20HDP%20a%20zamestnanosti%20pod%C4%BEa%20ESA%202010%20%5Bnu0001qs%5D\" target=\"_blank\" rel=\"noopener\"><img decoding=\"async\" class=\"icon alignnone size-full wp-image-1797\" src=\"https:\/\/agenda2030.statistics.sk\/Agenda2030\/wp-content\/uploads\/2018\/05\/table.png\" alt=\"DATAcube.\" \/><\/a> -->\u00a0<!--\u00a0<a title=\"Meta\u00fadaje\" href=\"http:\/\/datacube.statistics.sk\/#!\/view\/sk\/VBD_INTERN\/nu0001qs\/R%C3%BDchly%20odhad%20HDP%20a%20zamestnanosti%20pod%C4%BEa%20ESA%202010%20%5Bnu0001qs%5D\" target=\"_blank\" rel=\"noopener\"><img decoding=\"async\" class=\"icon alignnone size-full wp-image-1798\" src=\"https:\/\/agenda2030.statistics.sk\/Agenda2030\/wp-content\/uploads\/2018\/05\/metadata_14.png\" alt=\"Meta\u00fadaje\" \/><\/a> --><\/li>\n<li><strong>Indik\u00e1tor 16.1.3<\/strong> Podiel obyvate\u013eov vystaven\u00fdch <em>(a)<\/em> fyzick\u00e9mu n\u00e1siliu, <em>(b)<\/em> psychick\u00e9mu n\u00e1siliu a\/alebo <em>(c)<\/em> sexu\u00e1lnemu n\u00e1siliu za posledn\u00fdch 12 mesiacov<!-- <a title=\"\u00dadaje\" href=\"http:\/\/datacube.statistics.sk\/#!\/view\/sk\/VBD_INTERN\/nu0001qs\/R%C3%BDchly%20odhad%20HDP%20a%20zamestnanosti%20pod%C4%BEa%20ESA%202010%20%5Bnu0001qs%5D\" target=\"_blank\" rel=\"noopener\"><img decoding=\"async\" class=\"icon alignnone size-full wp-image-1797\" src=\"https:\/\/agenda2030.statistics.sk\/Agenda2030\/wp-content\/uploads\/2018\/05\/table.png\" alt=\"DATAcube.\" \/><\/a> --> <!-- <a title=\"Meta\u00fadaje\" href=\"http:\/\/datacube.statistics.sk\/#!\/view\/sk\/VBD_INTERN\/nu0001qs\/R%C3%BDchly%20odhad%20HDP%20a%20zamestnanosti%20pod%C4%BEa%20ESA%202010%20%5Bnu0001qs%5D\" target=\"_blank\" rel=\"noopener\"><img decoding=\"async\" class=\"icon alignnone size-full wp-image-1798\" src=\"https:\/\/agenda2030.statistics.sk\/Agenda2030\/wp-content\/uploads\/2018\/05\/metadata_14.png\" alt=\"Meta\u00fadaje\" \/><\/a> --><\/li>\n<li><strong>Indik\u00e1tor 16.1.4<\/strong> Podiel obyvate\u013eov, ktor\u00ed sa c\u00edtia bezpe\u010dne, ke\u010f po zotmen\u00ed id\u00fa sami v oblasti, kde \u017eij\u00fa <!-- <a title=\"\u00dadaje\" href=\"http:\/\/datacube.statistics.sk\/#!\/view\/sk\/VBD_INTERN\/nu0001qs\/R%C3%BDchly%20odhad%20HDP%20a%20zamestnanosti%20pod%C4%BEa%20ESA%202010%20%5Bnu0001qs%5D\" target=\"_blank\" rel=\"noopener\"><img decoding=\"async\" class=\"icon alignnone size-full wp-image-1797\" src=\"https:\/\/agenda2030.statistics.sk\/Agenda2030\/wp-content\/uploads\/2018\/05\/table.png\" alt=\"DATAcube.\" \/><\/a> --> <!-- <a title=\"Meta\u00fadaje\" href=\"http:\/\/datacube.statistics.sk\/#!\/view\/sk\/VBD_INTERN\/nu0001qs\/R%C3%BDchly%20odhad%20HDP%20a%20zamestnanosti%20pod%C4%BEa%20ESA%202010%20%5Bnu0001qs%5D\" target=\"_blank\" rel=\"noopener\"><img decoding=\"async\" class=\"icon alignnone size-full wp-image-1798\" src=\"https:\/\/agenda2030.statistics.sk\/Agenda2030\/wp-content\/uploads\/2018\/05\/metadata_14.png\" alt=\"Meta\u00fadaje\" \/><\/a> --><\/li>\n<\/ul>\n<\/li>\n<\/ul>\n<p>&nbsp;<\/p>\n<ul class=\"none\">\n<li>\n<p class=\"color\"><span style=\"margin: 0 0.3em 0 -0.15em; font-size: 1.4em;\">16.2<\/span> Skoncova\u0165 so zneu\u017e\u00edvan\u00edm, vykoris\u0165ovan\u00edm a obchodom s \u013eu\u010fmi, a so v\u0161etk\u00fdmi formami n\u00e1silia na de\u0165och a ich mu\u010den\u00edm.<\/p>\n<ul class=\"sub\">\n<li><strong>Indik\u00e1tor 16.2.1<\/strong> Percento det\u00ed vo veku 1 &#8211; 17 rokov, ktor\u00e9 za\u017eili fyzick\u00fd trest a\/alebo psychick\u00fa agresiu od svojich opatrovn\u00edkov v minulom mesiaci\u00a0\u00a0<!-- <a title=\"\u00dadaje\" href=\"http:\/\/datacube.statistics.sk\/#!\/view\/sk\/VBD_INTERN\/nu0001qs\/R%C3%BDchly%20odhad%20HDP%20a%20zamestnanosti%20pod%C4%BEa%20ESA%202010%20%5Bnu0001qs%5D\"><img decoding=\"async\" class=\"icon alignnone size-full wp-image-1797\" src=\"https:\/\/agenda2030.statistics.sk\/Agenda2030\/wp-content\/uploads\/2018\/05\/table.png\" alt=\"DATAcube.\" \/><\/a> -->\u00a0<!--\u00a0<a title=\"Meta\u00fadaje\" href=\"http:\/\/datacube.statistics.sk\/#!\/view\/sk\/VBD_INTERN\/nu0001qs\/R%C3%BDchly%20odhad%20HDP%20a%20zamestnanosti%20pod%C4%BEa%20ESA%202010%20%5Bnu0001qs%5D\"><img decoding=\"async\" class=\"icon alignnone size-full wp-image-1798\" src=\"https:\/\/agenda2030.statistics.sk\/Agenda2030\/wp-content\/uploads\/2018\/05\/metadata_14.png\" alt=\"Meta\u00fadaje\" \/><\/a> --><\/li>\n<li><strong>Indik\u00e1tor 16.2.2<\/strong> Po\u010det obet\u00ed obchodu s \u013eu\u010fmi na 100 000 obyvate\u013eov pod\u013ea pohlavia, veku a sp\u00f4sobu zneu\u017eitia\u00a0\u00a0<!-- <a title=\"\u00dadaje\" href=\"http:\/\/datacube.statistics.sk\/#!\/view\/sk\/VBD_INTERN\/nu0001qs\/R%C3%BDchly%20odhad%20HDP%20a%20zamestnanosti%20pod%C4%BEa%20ESA%202010%20%5Bnu0001qs%5D\"><img decoding=\"async\" class=\"icon alignnone size-full wp-image-1797\" src=\"https:\/\/agenda2030.statistics.sk\/Agenda2030\/wp-content\/uploads\/2018\/05\/table.png\" alt=\"DATAcube.\" \/><\/a> -->\u00a0<!--\u00a0<a title=\"Meta\u00fadaje\" href=\"http:\/\/datacube.statistics.sk\/#!\/view\/sk\/VBD_INTERN\/nu0001qs\/R%C3%BDchly%20odhad%20HDP%20a%20zamestnanosti%20pod%C4%BEa%20ESA%202010%20%5Bnu0001qs%5D\"><img decoding=\"async\" class=\"icon alignnone size-full wp-image-1798\" src=\"https:\/\/agenda2030.statistics.sk\/Agenda2030\/wp-content\/uploads\/2018\/05\/metadata_14.png\" alt=\"Meta\u00fadaje\" \/><\/a> --><\/li>\n<li><strong>Indik\u00e1tor 16.2.3<\/strong> Percento mlad\u00fdch \u017eien a mu\u017eov vo veku 18 &#8211; 29 rokov, ktor\u00ed za\u017eili sexu\u00e1lne n\u00e1silie do 18. roku veku <!-- <a title=\"\u00dadaje\" href=\"http:\/\/datacube.statistics.sk\/#!\/view\/sk\/VBD_INTERN\/nu0001qs\/R%C3%BDchly%20odhad%20HDP%20a%20zamestnanosti%20pod%C4%BEa%20ESA%202010%20%5Bnu0001qs%5D\"><img decoding=\"async\" class=\"icon alignnone size-full wp-image-1797\" src=\"https:\/\/agenda2030.statistics.sk\/Agenda2030\/wp-content\/uploads\/2018\/05\/table.png\" alt=\"DATAcube.\" \/><\/a> --> <!-- <a title=\"Meta\u00fadaje\" href=\"http:\/\/datacube.statistics.sk\/#!\/view\/sk\/VBD_INTERN\/nu0001qs\/R%C3%BDchly%20odhad%20HDP%20a%20zamestnanosti%20pod%C4%BEa%20ESA%202010%20%5Bnu0001qs%5D\"><img decoding=\"async\" class=\"icon alignnone size-full wp-image-1798\" src=\"https:\/\/agenda2030.statistics.sk\/Agenda2030\/wp-content\/uploads\/2018\/05\/metadata_14.png\" alt=\"Meta\u00fadaje\" \/><\/a> --><\/li>\n<\/ul>\n<\/li>\n<\/ul>\n<p>&nbsp;<\/p>\n<ul class=\"none\">\n<li>\n<p class=\"color\"><span style=\"margin: 0 0.3em 0 -0.15em; font-size: 1.4em;\">16.3<\/span> Podporova\u0165 zvrchovanos\u0165 pr\u00e1va na n\u00e1rodnej aj medzin\u00e1rodnej \u00farovni a zabezpe\u010di\u0165 rovn\u00fd pr\u00edstup k spravodlivosti pre v\u0161etk\u00fdch.<\/p>\n<ul class=\"sub\">\n<li><strong>Indik\u00e1tor 16.3.1<\/strong> Percento obet\u00ed <em>(a)<\/em> fyzick\u00e9ho, <em>(b)<\/em> psychick\u00e9ho a\/alebo <em>(c)<\/em> sexu\u00e1lneho n\u00e1silia za posledn\u00fdch 12 mesiacov, ktor\u00e9 svoju viktimiz\u00e1ciu nahl\u00e1sili pr\u00edslu\u0161n\u00fdm org\u00e1nom alebo in\u00fdm ofici\u00e1lne uznan\u00fdm mechanizmom rie\u0161enia konfliktov <!-- <a title=\"\u00dadaje\" href=\"http:\/\/datacube.statistics.sk\/#!\/view\/sk\/VBD_INTERN\/nu0001qs\/R%C3%BDchly%20odhad%20HDP%20a%20zamestnanosti%20pod%C4%BEa%20ESA%202010%20%5Bnu0001qs%5D\" target=\"_blank\" rel=\"noopener\"><img decoding=\"async\" class=\"icon alignnone size-full wp-image-1797\" src=\"https:\/\/agenda2030.statistics.sk\/Agenda2030\/wp-content\/uploads\/2018\/05\/table.png\" alt=\"DATAcube.\" \/><\/a> -->\u00a0<!--\u00a0<a title=\"Meta\u00fadaje\" href=\"http:\/\/datacube.statistics.sk\/#!\/view\/sk\/VBD_INTERN\/nu0001qs\/R%C3%BDchly%20odhad%20HDP%20a%20zamestnanosti%20pod%C4%BEa%20ESA%202010%20%5Bnu0001qs%5D\" target=\"_blank\" rel=\"noopener\"><img decoding=\"async\" class=\"icon alignnone size-full wp-image-1798\" src=\"https:\/\/agenda2030.statistics.sk\/Agenda2030\/wp-content\/uploads\/2018\/05\/metadata_14.png\" alt=\"Meta\u00fadaje\" \/><\/a> --><\/li>\n<li><strong>Indik\u00e1tor 16.3.2<\/strong> Podiel neods\u00faden\u00fdch zadr\u017ean\u00fdch os\u00f4b na celkovom po\u010dte os\u00f4b vo v\u00e4zniciach<\/li>\n<li><strong>Indik\u00e1tor 16.3.3<\/strong> Podiel obyvate\u013estva, ktor\u00e9 za\u017eilo spor za posledn\u00e9 dva roky a ktor\u00e9 malo pr\u00edstup k form\u00e1lnemu alebo neform\u00e1lnemu sp\u00f4sobu rie\u0161enia sporov pod\u013ea typu sporu<!-- <a title=\"\u00dadaje\" href=\"http:\/\/datacube.statistics.sk\/#!\/view\/sk\/VBD_INTERN\/nu0001qs\/R%C3%BDchly%20odhad%20HDP%20a%20zamestnanosti%20pod%C4%BEa%20ESA%202010%20%5Bnu0001qs%5D\" target=\"_blank\" rel=\"noopener\"><img decoding=\"async\" class=\"icon alignnone size-full wp-image-1797\" src=\"https:\/\/agenda2030.statistics.sk\/Agenda2030\/wp-content\/uploads\/2018\/05\/table.png\" alt=\"DATAcube.\" \/><\/a> --><!--\u00a0<a title=\"Meta\u00fadaje\" href=\"http:\/\/datacube.statistics.sk\/#!\/view\/sk\/VBD_INTERN\/nu0001qs\/R%C3%BDchly%20odhad%20HDP%20a%20zamestnanosti%20pod%C4%BEa%20ESA%202010%20%5Bnu0001qs%5D\" target=\"_blank\" rel=\"noopener\"><img decoding=\"async\" class=\"icon alignnone size-full wp-image-1798\" src=\"https:\/\/agenda2030.statistics.sk\/Agenda2030\/wp-content\/uploads\/2018\/05\/metadata_14.png\" alt=\"Meta\u00fadaje\" \/><\/a> --><\/li>\n<\/ul>\n<\/li>\n<\/ul>\n<p>&nbsp;<\/p>\n<ul class=\"none\">\n<li>\n<p class=\"color\"><span style=\"margin: 0 0.3em 0 -0.15em; font-size: 1.4em;\">16.4<\/span>Do roku 2030 v\u00fdrazne zn\u00ed\u017ei\u0165 pohyb neleg\u00e1lnych finan\u010dn\u00fdch prostriedkov a zbran\u00ed, usilova\u0165 sa o prinavr\u00e1tenie odcudzen\u00e9ho majetku a bojova\u0165 proti v\u0161etk\u00fdm form\u00e1m organizovan\u00e9ho zlo\u010dinu<\/p>\n<ul class=\"sub\">\n<li><strong>Indik\u00e1tor 16.4.1<\/strong> Celkov\u00e1 hodnota v\u0161etk\u00fdch dovn\u00fatra aj von smeruj\u00facich neleg\u00e1lnych finan\u010dn\u00fdch tokov (v s\u00fa\u010dasn\u00fdch americk\u00fdch dol\u00e1roch)\u00a0\u00a0<!-- <a title=\"\u00dadaje\" href=\"http:\/\/datacube.statistics.sk\/#!\/view\/sk\/VBD_INTERN\/nu0001qs\/R%C3%BDchly%20odhad%20HDP%20a%20zamestnanosti%20pod%C4%BEa%20ESA%202010%20%5Bnu0001qs%5D\" target=\"_blank\" rel=\"noopener\"><img decoding=\"async\" class=\"icon alignnone size-full wp-image-1797\" src=\"https:\/\/agenda2030.statistics.sk\/Agenda2030\/wp-content\/uploads\/2018\/05\/table.png\" alt=\"DATAcube.\" \/><\/a> -->\u00a0<!--\u00a0<a title=\"Meta\u00fadaje\" href=\"http:\/\/datacube.statistics.sk\/#!\/view\/sk\/VBD_INTERN\/nu0001qs\/R%C3%BDchly%20odhad%20HDP%20a%20zamestnanosti%20pod%C4%BEa%20ESA%202010%20%5Bnu0001qs%5D\" target=\"_blank\" rel=\"noopener\"><img decoding=\"async\" class=\"icon alignnone size-full wp-image-1798\" src=\"https:\/\/agenda2030.statistics.sk\/Agenda2030\/wp-content\/uploads\/2018\/05\/metadata_14.png\" alt=\"Meta\u00fadaje\" \/><\/a> --><\/li>\n<li><strong>Indik\u00e1tor 16.4.2<\/strong> Podiel zabaven\u00fdch, n\u00e1jden\u00fdch alebo odovzdan\u00fdch zbran\u00ed, ktor\u00fdch neleg\u00e1lny p\u00f4vod alebo kontext bol zisten\u00fd\u00a0 pr\u00edslu\u0161n\u00fdm org\u00e1nom v s\u00falade s medzin\u00e1rodn\u00fdmi n\u00e1strojmi<\/li>\n<\/ul>\n<\/li>\n<\/ul>\n<p>&nbsp;<\/p>\n<ul class=\"none\">\n<li>\n<p class=\"color\"><span style=\"margin: 0 0.3em 0 -0.15em; font-size: 1.4em;\">16.5<\/span> Podstatne obmedzi\u0165 korupciu a \u00faplatk\u00e1rstvo vo v\u0161etk\u00fdch form\u00e1ch.<\/p>\n<ul class=\"sub\">\n<li><strong>Indik\u00e1tor 16.5.1<\/strong> Podiel os\u00f4b, ktor\u00e9 boli aspo\u0148 raz v kontakte s predstavite\u013eom verejnej moci a ktor\u00e9mu dali \u00faplatok, alebo boli po\u017eiadan\u00e9 o \u00faplatok predstavite\u013eom verejnej moci za posledn\u00fdch 12 mesiacov\u00a0\u00a0<!-- <a title=\"\u00dadaje\" href=\"http:\/\/datacube.statistics.sk\/#!\/view\/sk\/VBD_INTERN\/nu0001qs\/R%C3%BDchly%20odhad%20HDP%20a%20zamestnanosti%20pod%C4%BEa%20ESA%202010%20%5Bnu0001qs%5D\" target=\"_blank\" rel=\"noopener\"><img decoding=\"async\" class=\"icon alignnone size-full wp-image-1797\" src=\"https:\/\/agenda2030.statistics.sk\/Agenda2030\/wp-content\/uploads\/2018\/05\/table.png\" alt=\"DATAcube.\" \/><\/a> -->\u00a0<!--\u00a0<a title=\"Meta\u00fadaje\" href=\"http:\/\/datacube.statistics.sk\/#!\/view\/sk\/VBD_INTERN\/nu0001qs\/R%C3%BDchly%20odhad%20HDP%20a%20zamestnanosti%20pod%C4%BEa%20ESA%202010%20%5Bnu0001qs%5D\" target=\"_blank\" rel=\"noopener\"><img decoding=\"async\" class=\"icon alignnone size-full wp-image-1798\" src=\"https:\/\/agenda2030.statistics.sk\/Agenda2030\/wp-content\/uploads\/2018\/05\/metadata_14.png\" alt=\"Meta\u00fadaje\" \/><\/a> --><\/li>\n<li><strong>Indik\u00e1tor 16.5.2<\/strong> Percento firiem, ktor\u00e9 mali aspo\u0148 jeden kontakt s predstavite\u013eom verejnej moci a ktor\u00e9mu dali \u00faplatok, alebo boli po\u017eiadan\u00e9 o \u00faplatok predstavite\u013eom verejnej moci za posledn\u00fdch 12 mesiacov\u00a0\u00a0<!-- <a title=\"\u00dadaje\" href=\"http:\/\/datacube.statistics.sk\/#!\/view\/sk\/VBD_INTERN\/nu0001qs\/R%C3%BDchly%20odhad%20HDP%20a%20zamestnanosti%20pod%C4%BEa%20ESA%202010%20%5Bnu0001qs%5D\" target=\"_blank\" rel=\"noopener\"><img decoding=\"async\" class=\"icon alignnone size-full wp-image-1797\" src=\"https:\/\/agenda2030.statistics.sk\/Agenda2030\/wp-content\/uploads\/2018\/05\/table.png\" alt=\"DATAcube.\" \/><\/a> -->\u00a0<!--\u00a0<a title=\"Meta\u00fadaje\" href=\"http:\/\/datacube.statistics.sk\/#!\/view\/sk\/VBD_INTERN\/nu0001qs\/R%C3%BDchly%20odhad%20HDP%20a%20zamestnanosti%20pod%C4%BEa%20ESA%202010%20%5Bnu0001qs%5D\" target=\"_blank\" rel=\"noopener\"><img decoding=\"async\" class=\"icon alignnone size-full wp-image-1798\" src=\"https:\/\/agenda2030.statistics.sk\/Agenda2030\/wp-content\/uploads\/2018\/05\/metadata_14.png\" alt=\"Meta\u00fadaje\" \/><\/a> --><\/li>\n<\/ul>\n<\/li>\n<\/ul>\n<p>&nbsp;<\/p>\n<ul class=\"none\">\n<li>\n<p class=\"color\"><span style=\"margin: 0 0.3em 0 -0.15em; font-size: 1.4em;\">16.6<\/span> Vytvori\u0165 \u00fa\u010dinn\u00e9, zodpovedn\u00e9 a transparentn\u00e9 in\u0161tit\u00facie na v\u0161etk\u00fdch \u00farovniach.<\/p>\n<ul class=\"sub\">\n<li><strong>Indik\u00e1tor 16.6.1<\/strong> Prim\u00e1rne v\u00fddavky verejnej spr\u00e1vy ako podiel na p\u00f4vodne schv\u00e1lenom rozpo\u010dte pod\u013ea oblast\u00ed (alebo pod\u013ea rozpo\u010dtovej klasifik\u00e1cie a pod.) <!-- <a title=\"\u00dadaje\" href=\"http:\/\/datacube.statistics.sk\/#!\/view\/sk\/VBD_INTERN\/nu0001qs\/R%C3%BDchly%20odhad%20HDP%20a%20zamestnanosti%20pod%C4%BEa%20ESA%202010%20%5Bnu0001qs%5D\" target=\"_blank\" rel=\"noopener\"><img decoding=\"async\" class=\"icon alignnone size-full wp-image-1797\" src=\"https:\/\/agenda2030.statistics.sk\/Agenda2030\/wp-content\/uploads\/2018\/05\/table.png\" alt=\"DATAcube.\" \/><\/a> --> <!-- <a title=\"Meta\u00fadaje\" href=\"http:\/\/datacube.statistics.sk\/#!\/view\/sk\/VBD_INTERN\/nu0001qs\/R%C3%BDchly%20odhad%20HDP%20a%20zamestnanosti%20pod%C4%BEa%20ESA%202010%20%5Bnu0001qs%5D\" target=\"_blank\" rel=\"noopener\"><img decoding=\"async\" class=\"icon alignnone size-full wp-image-1798\" src=\"https:\/\/agenda2030.statistics.sk\/Agenda2030\/wp-content\/uploads\/2018\/05\/metadata_14.png\" alt=\"Meta\u00fadaje\" \/><\/a> --><\/li>\n<li><strong>Indik\u00e1tor 16.6.2<\/strong> Podiel popul\u00e1cie spokojnej s ich poslednou sk\u00fasenos\u0165ou s verejn\u00fdmi slu\u017ebami <!-- <a title=\"\u00dadaje\" href=\"http:\/\/datacube.statistics.sk\/#!\/view\/sk\/VBD_INTERN\/nu0001qs\/R%C3%BDchly%20odhad%20HDP%20a%20zamestnanosti%20pod%C4%BEa%20ESA%202010%20%5Bnu0001qs%5D\" target=\"_blank\" rel=\"noopener\"><img decoding=\"async\" class=\"icon alignnone size-full wp-image-1797\" src=\"https:\/\/agenda2030.statistics.sk\/Agenda2030\/wp-content\/uploads\/2018\/05\/table.png\" alt=\"DATAcube.\" \/><\/a> --> <!-- <a title=\"Meta\u00fadaje\" href=\"http:\/\/datacube.statistics.sk\/#!\/view\/sk\/VBD_INTERN\/nu0001qs\/R%C3%BDchly%20odhad%20HDP%20a%20zamestnanosti%20pod%C4%BEa%20ESA%202010%20%5Bnu0001qs%5D\" target=\"_blank\" rel=\"noopener\"><img decoding=\"async\" class=\"icon alignnone size-full wp-image-1798\" src=\"https:\/\/agenda2030.statistics.sk\/Agenda2030\/wp-content\/uploads\/2018\/05\/metadata_14.png\" alt=\"Meta\u00fadaje\" \/><\/a> --><\/li>\n<\/ul>\n<\/li>\n<\/ul>\n<p>&nbsp;<\/p>\n<ul class=\"none\">\n<li>\n<p class=\"color\"><span style=\"margin: 0 0.3em 0 -0.15em; font-size: 1.4em;\">16.7<\/span> Zabezpe\u010di\u0165 zodpovedn\u00e9, inkluz\u00edvne, participat\u00edvne a zastupite\u013esk\u00e9 rozhodovanie na v\u0161etk\u00fdch \u00farovniach.<\/p>\n<ul class=\"sub\">\n<li><strong>Indik\u00e1tor 16.7.1 <\/strong>Podiel poz\u00edci\u00ed vo vn\u00fatro\u0161t\u00e1tnych a lok\u00e1lnych verejn\u00fdch in\u0161tit\u00faci\u00e1ch vr\u00e1tane <em>(a)<\/em> z\u00e1konodarn\u00fdch org\u00e1nov; <em>(b)<\/em> verejnej slu\u017eby; a <em>(c)<\/em> s\u00fadnictva v porovnan\u00ed s n\u00e1rodn\u00fdm rozdelen\u00edm, pod\u013ea pohlavia, veku, os\u00f4b so zdravotn\u00fdm postihnut\u00edm a skup\u00edn obyvate\u013estva <!-- <a title=\"\u00dadaje\" href=\"http:\/\/datacube.statistics.sk\/#!\/view\/sk\/VBD_INTERN\/nu0001qs\/R%C3%BDchly%20odhad%20HDP%20a%20zamestnanosti%20pod%C4%BEa%20ESA%202010%20%5Bnu0001qs%5D\" target=\"_blank\" rel=\"noopener\"><img decoding=\"async\" class=\"icon alignnone size-full wp-image-1797\" src=\"https:\/\/agenda2030.statistics.sk\/Agenda2030\/wp-content\/uploads\/2018\/05\/table.png\" alt=\"DATAcube.\" \/><\/a> --> <!-- <a title=\"Meta\u00fadaje\" href=\"http:\/\/datacube.statistics.sk\/#!\/view\/sk\/VBD_INTERN\/nu0001qs\/R%C3%BDchly%20odhad%20HDP%20a%20zamestnanosti%20pod%C4%BEa%20ESA%202010%20%5Bnu0001qs%5D\" target=\"_blank\" rel=\"noopener\"><img decoding=\"async\" class=\"icon alignnone size-full wp-image-1798\" src=\"https:\/\/agenda2030.statistics.sk\/Agenda2030\/wp-content\/uploads\/2018\/05\/metadata_14.png\" alt=\"Meta\u00fadaje\" \/><\/a> --><\/li>\n<li><strong>Indik\u00e1tor 16.7.2<\/strong> Podiel popul\u00e1cie, ktor\u00e1 ver\u00ed, \u017ee rozhodovacie procesy s\u00fa inkluz\u00edvne a reaguj\u00fa na ich potreby pod\u013ea pohlavia, veku, zdravotn\u00e9ho postihnutia a skup\u00edn obyvate\u013estva <!-- <a title=\"\u00dadaje\" href=\"http:\/\/datacube.statistics.sk\/#!\/view\/sk\/VBD_INTERN\/nu0001qs\/R%C3%BDchly%20odhad%20HDP%20a%20zamestnanosti%20pod%C4%BEa%20ESA%202010%20%5Bnu0001qs%5D\" target=\"_blank\" rel=\"noopener\"><img decoding=\"async\" class=\"icon alignnone size-full wp-image-1797\" src=\"https:\/\/agenda2030.statistics.sk\/Agenda2030\/wp-content\/uploads\/2018\/05\/table.png\" alt=\"DATAcube.\" \/><\/a> --> <!-- <a title=\"Meta\u00fadaje\" href=\"http:\/\/datacube.statistics.sk\/#!\/view\/sk\/VBD_INTERN\/nu0001qs\/R%C3%BDchly%20odhad%20HDP%20a%20zamestnanosti%20pod%C4%BEa%20ESA%202010%20%5Bnu0001qs%5D\" target=\"_blank\" rel=\"noopener\"><img decoding=\"async\" class=\"icon alignnone size-full wp-image-1798\" src=\"https:\/\/agenda2030.statistics.sk\/Agenda2030\/wp-content\/uploads\/2018\/05\/metadata_14.png\" alt=\"Meta\u00fadaje\" \/><\/a> --><\/li>\n<\/ul>\n<\/li>\n<\/ul>\n<p>&nbsp;<\/p>\n<ul class=\"none\">\n<li>\n<p class=\"color\"><span style=\"margin: 0 0.3em 0 -0.15em; font-size: 1.4em;\">16.8<\/span> Roz\u0161\u00edri\u0165 a posilni\u0165 zapojenie rozvojov\u00fdch kraj\u00edn do rozhodovania v medzin\u00e1rodn\u00fdch in\u0161tit\u00faci\u00e1ch.<\/p>\n<ul class=\"sub\">\n<li><strong>Indik\u00e1tor 16.8.1<\/strong> Podiel \u010dlenov a hlasovac\u00edch pr\u00e1v rozvojov\u00fdch kraj\u00edn v medzin\u00e1rodn\u00fdch organiz\u00e1ci\u00e1ch <!-- <a title=\"\u00dadaje\" href=\"http:\/\/datacube.statistics.sk\/#!\/view\/sk\/VBD_INTERN\/nu0001qs\/R%C3%BDchly%20odhad%20HDP%20a%20zamestnanosti%20pod%C4%BEa%20ESA%202010%20%5Bnu0001qs%5D\" target=\"_blank\" rel=\"noopener\"><img decoding=\"async\" class=\"icon alignnone size-full wp-image-1797\" src=\"https:\/\/agenda2030.statistics.sk\/Agenda2030\/wp-content\/uploads\/2018\/05\/table.png\" alt=\"DATAcube.\" \/><\/a> --> <!-- <a title=\"Meta\u00fadaje\" href=\"http:\/\/datacube.statistics.sk\/#!\/view\/sk\/VBD_INTERN\/nu0001qs\/R%C3%BDchly%20odhad%20HDP%20a%20zamestnanosti%20pod%C4%BEa%20ESA%202010%20%5Bnu0001qs%5D\" target=\"_blank\" rel=\"noopener\"><img decoding=\"async\" class=\"icon alignnone size-full wp-image-1798\" src=\"https:\/\/agenda2030.statistics.sk\/Agenda2030\/wp-content\/uploads\/2018\/05\/metadata_14.png\" alt=\"Meta\u00fadaje\" \/><\/a> --><\/li>\n<\/ul>\n<\/li>\n<\/ul>\n<p>&nbsp;<\/p>\n<ul class=\"none\">\n<li>\n<p class=\"color\"><span style=\"margin: 0 0.3em 0 -0.15em; font-size: 1.4em;\">16.9<\/span> Do roku 2030 poskytn\u00fa\u0165 v\u0161etk\u00fdm pr\u00e1vnu subjektivitu, vr\u00e1tane registr\u00e1cie pri naroden\u00ed.<\/p>\n<ul class=\"sub\">\n<li><strong>Indik\u00e1tor 16.9.1<\/strong> Podiel det\u00ed mlad\u0161\u00edch ako 5 rokov, ktor\u00e9 boli pri naroden\u00ed zaregistrovan\u00e9 \u0161t\u00e1tnym org\u00e1nom, pod\u013ea veku\u00a0\u00a0<a title=\"\u00dadaje, (Do nov\u00e9ho okna)\" href=\"http:\/\/datacube.statistics.sk\/#!\/view\/sk\/VBD_SK_WIN\/om3404rr\/v_om3404rr_16_09_01_sk\" target=\"_blank\" rel=\"noopener\"><img decoding=\"async\" class=\"icon alignnone size-full wp-image-1797\" src=\"https:\/\/agenda2030.statistics.sk\/Agenda2030\/wp-content\/uploads\/2018\/05\/table.png\" alt=\"DATAcube.\" \/><\/a> <!-- <a title=\"Meta\u00fadaje\" href=\"http:\/\/datacube.statistics.sk\/#!\/view\/sk\/VBD_INTERN\/nu0001qs\/R%C3%BDchly%20odhad%20HDP%20a%20zamestnanosti%20pod%C4%BEa%20ESA%202010%20%5Bnu0001qs%5D\" target=\"_blank\" rel=\"noopener\"><img decoding=\"async\" class=\"icon alignnone size-full wp-image-1798\" src=\"https:\/\/agenda2030.statistics.sk\/Agenda2030\/wp-content\/uploads\/2018\/05\/metadata_14.png\" alt=\"Meta\u00fadaje\" \/><\/a> --><\/li>\n<\/ul>\n<\/li>\n<\/ul>\n<p>&nbsp;<\/p>\n<ul class=\"none\">\n<li>\n<p class=\"color\"><span style=\"margin: 0 0.3em 0 -0.15em; font-size: 1.4em;\">16.10<\/span> Zabezpe\u010di\u0165 verejnosti pr\u00edstup k inform\u00e1ci\u00e1m a ochranu z\u00e1kladn\u00fdch slob\u00f4d, v s\u00falade s vn\u00fatro\u0161t\u00e1tnymi pr\u00e1vnymi predpismi a medzin\u00e1rodn\u00fdmi dohodami.<\/p>\n<ul class=\"sub\">\n<li><strong>Indik\u00e1tor 16.10.1<\/strong> Po\u010det overen\u00fdch pr\u00edpadov zabitia, \u00fanosu, n\u00faten\u00e9ho zmiznutia, bezd\u00f4vodn\u00e9ho zadr\u017eania a mu\u010denia novin\u00e1rov, \u010fal\u0161\u00edch zamestnancov m\u00e9di\u00ed, odbor\u00e1rov a obhajcov \u013eudsk\u00fdch pr\u00e1v v predch\u00e1dzaj\u00facich 12 mesiacoch <!-- <a title=\"\u00dadaje\" href=\"http:\/\/datacube.statistics.sk\/#!\/view\/sk\/VBD_INTERN\/nu0001qs\/R%C3%BDchly%20odhad%20HDP%20a%20zamestnanosti%20pod%C4%BEa%20ESA%202010%20%5Bnu0001qs%5D\" target=\"_blank\" rel=\"noopener\"><img decoding=\"async\" class=\"icon alignnone size-full wp-image-1797\" src=\"https:\/\/agenda2030.statistics.sk\/Agenda2030\/wp-content\/uploads\/2018\/05\/table.png\" alt=\"DATAcube.\" \/><\/a> --> <!-- <a title=\"Meta\u00fadaje\" href=\"http:\/\/datacube.statistics.sk\/#!\/view\/sk\/VBD_INTERN\/nu0001qs\/R%C3%BDchly%20odhad%20HDP%20a%20zamestnanosti%20pod%C4%BEa%20ESA%202010%20%5Bnu0001qs%5D\" target=\"_blank\" rel=\"noopener\"><img decoding=\"async\" class=\"icon alignnone size-full wp-image-1798\" src=\"https:\/\/agenda2030.statistics.sk\/Agenda2030\/wp-content\/uploads\/2018\/05\/metadata_14.png\" alt=\"Meta\u00fadaje\" \/><\/a> --><\/li>\n<li><strong>Indik\u00e1tor 16.10.2<\/strong> Po\u010det kraj\u00edn, ktor\u00e9 prijali a implementovali \u00fastavn\u00e9, z\u00e1konn\u00e9 a\/alebo politick\u00e9 z\u00e1ruky verejn\u00e9ho pr\u00edstupu k inform\u00e1ci\u00e1m <!-- <a title=\"\u00dadaje\" href=\"http:\/\/datacube.statistics.sk\/#!\/view\/sk\/VBD_INTERN\/nu0001qs\/R%C3%BDchly%20odhad%20HDP%20a%20zamestnanosti%20pod%C4%BEa%20ESA%202010%20%5Bnu0001qs%5D\" target=\"_blank\" rel=\"noopener\"><img decoding=\"async\" class=\"icon alignnone size-full wp-image-1797\" src=\"https:\/\/agenda2030.statistics.sk\/Agenda2030\/wp-content\/uploads\/2018\/05\/table.png\" alt=\"DATAcube.\" \/><\/a> --> <!-- <a title=\"Meta\u00fadaje\" href=\"http:\/\/datacube.statistics.sk\/#!\/view\/sk\/VBD_INTERN\/nu0001qs\/R%C3%BDchly%20odhad%20HDP%20a%20zamestnanosti%20pod%C4%BEa%20ESA%202010%20%5Bnu0001qs%5D\" target=\"_blank\" rel=\"noopener\"><img decoding=\"async\" class=\"icon alignnone size-full wp-image-1798\" src=\"https:\/\/agenda2030.statistics.sk\/Agenda2030\/wp-content\/uploads\/2018\/05\/metadata_14.png\" alt=\"Meta\u00fadaje\" \/><\/a> --><\/li>\n<\/ul>\n<\/li>\n<\/ul>\n<p>&nbsp;<\/p>\n<ul class=\"none\">\n<li>\n<p class=\"color\"><span style=\"margin: 0 0.3em 0 -0.15em; font-size: 1.4em;\">16.a<\/span> Posilni\u0165 pr\u00edslu\u0161n\u00e9 \u0161t\u00e1tne in\u0161tit\u00facie, okrem in\u00e9ho aj prostredn\u00edctvom medzin\u00e1rodnej spolupr\u00e1ce, pre budovanie kapac\u00edt na v\u0161etk\u00fdch \u00farovniach, pre boj proti n\u00e1siliu, terorizmu a trestnej \u010dinnosti, najm\u00e4 v rozvojov\u00fdch krajin\u00e1ch.<\/p>\n<ul class=\"sub\">\n<li><strong>Indik\u00e1tor 16.a.1<\/strong> Existencia nez\u00e1visl\u00fdch vn\u00fatro\u0161t\u00e1tnych in\u0161tit\u00faci\u00ed pre \u013eudsk\u00e9 pr\u00e1va v s\u00falade s Par\u00ed\u017eskymi princ\u00edpmi \u00a0<!-- <a title=\"\u00dadaje\" href=\"http:\/\/datacube.statistics.sk\/#!\/view\/sk\/VBD_INTERN\/nu0001qs\/R%C3%BDchly%20odhad%20HDP%20a%20zamestnanosti%20pod%C4%BEa%20ESA%202010%20%5Bnu0001qs%5D\" target=\"_blank\" rel=\"noopener\"><img decoding=\"async\" class=\"icon alignnone size-full wp-image-1797\" src=\"https:\/\/agenda2030.statistics.sk\/Agenda2030\/wp-content\/uploads\/2018\/05\/table.png\" alt=\"DATAcube.\" \/><\/a> -->\u00a0<!--\u00a0<a title=\"Meta\u00fadaje\" href=\"http:\/\/datacube.statistics.sk\/#!\/view\/sk\/VBD_INTERN\/nu0001qs\/R%C3%BDchly%20odhad%20HDP%20a%20zamestnanosti%20pod%C4%BEa%20ESA%202010%20%5Bnu0001qs%5D\" target=\"_blank\" rel=\"noopener\"><img decoding=\"async\" class=\"icon alignnone size-full wp-image-1798\" src=\"https:\/\/agenda2030.statistics.sk\/Agenda2030\/wp-content\/uploads\/2018\/05\/metadata_14.png\" alt=\"Meta\u00fadaje\" \/><\/a> --><\/li>\n<\/ul>\n<\/li>\n<\/ul>\n<p>&nbsp;<\/p>\n<ul class=\"none\">\n<li>\n<p class=\"color\"><span style=\"margin: 0 0.3em 0 -0.15em; font-size: 1.4em;\">16.b<\/span> Podporova\u0165 a presadzova\u0165 nediskrimina\u010dn\u00e9 z\u00e1kony a politiku udr\u017eate\u013en\u00e9ho rozvoja.<\/p>\n<ul class=\"sub\">\n<li><strong>Indik\u00e1tor 16.b.1<\/strong> Podiel obyvate\u013eov, ktor\u00fd sa c\u00edtil osobne diskriminovan\u00fd alebo ob\u0165a\u017eovan\u00fd v priebehu predch\u00e1dzaj\u00facich 12 mesiacov na z\u00e1klade diskrimin\u00e1cie zak\u00e1zanej pod\u013ea medzin\u00e1rodn\u00e9ho pr\u00e1va v oblasti \u013eudsk\u00fdch pr\u00e1v\u00a0\u00a0<!-- <a title=\"\u00dadaje\" href=\"http:\/\/datacube.statistics.sk\/#!\/view\/sk\/VBD_INTERN\/nu0001qs\/R%C3%BDchly%20odhad%20HDP%20a%20zamestnanosti%20pod%C4%BEa%20ESA%202010%20%5Bnu0001qs%5D\" target=\"_blank\" rel=\"noopener\"><img decoding=\"async\" class=\"icon alignnone size-full wp-image-1797\" src=\"https:\/\/agenda2030.statistics.sk\/Agenda2030\/wp-content\/uploads\/2018\/05\/table.png\" alt=\"DATAcube.\" \/><\/a> -->\u00a0<!--\u00a0<a title=\"Meta\u00fadaje\" href=\"http:\/\/datacube.statistics.sk\/#!\/view\/sk\/VBD_INTERN\/nu0001qs\/R%C3%BDchly%20odhad%20HDP%20a%20zamestnanosti%20pod%C4%BEa%20ESA%202010%20%5Bnu0001qs%5D\" target=\"_blank\" rel=\"noopener\"><img decoding=\"async\" class=\"icon alignnone size-full wp-image-1798\" src=\"https:\/\/agenda2030.statistics.sk\/Agenda2030\/wp-content\/uploads\/2018\/05\/metadata_14.png\" alt=\"Meta\u00fadaje\" \/><\/a> --><\/li>\n<\/ul>\n<\/li>\n<\/ul>\n<\/div>\n\t\t<\/div><\/div><\/div><\/div><\/div><\/div><p class=\"last-updated\">Posledn\u00e1 aktualiz\u00e1cia: 28. 01. 2026<\/p>","protected":false},"excerpt":{"rendered":"<p>Glob\u00e1lna \u00farove\u0148 CIE\u013d 16: Podporova\u0165 mierov\u00fa inkluz\u00edvnu spolo\u010dnos\u0165 v prospech udr\u017eate\u013en\u00e9ho rozvoja. Poskytn\u00fa\u0165 pr\u00edstup k spravodlivosti pre v\u0161etk\u00fdch a budova\u0165 efekt\u00edvne, transparentn\u00e9 a inkluz\u00edvne in\u0161tit\u00facie na v\u0161etk\u00fdch \u00farovniach.<\/p>\n","protected":false},"author":2,"featured_media":0,"parent":0,"menu_order":0,"comment_status":"closed","ping_status":"closed","template":"","meta":{"_exactmetrics_skip_tracking":false,"_exactmetrics_sitenote_active":false,"_exactmetrics_sitenote_note":"","_exactmetrics_sitenote_category":0,"footnotes":""},"class_list":["post-2288","page","type-page","status-publish","hentry"],"_links":{"self":[{"href":"https:\/\/agenda2030.statistics.sk\/Agenda2030\/wp-json\/wp\/v2\/pages\/2288","targetHints":{"allow":["GET"]}}],"collection":[{"href":"https:\/\/agenda2030.statistics.sk\/Agenda2030\/wp-json\/wp\/v2\/pages"}],"about":[{"href":"https:\/\/agenda2030.statistics.sk\/Agenda2030\/wp-json\/wp\/v2\/types\/page"}],"author":[{"embeddable":true,"href":"https:\/\/agenda2030.statistics.sk\/Agenda2030\/wp-json\/wp\/v2\/users\/2"}],"replies":[{"embeddable":true,"href":"https:\/\/agenda2030.statistics.sk\/Agenda2030\/wp-json\/wp\/v2\/comments?post=2288"}],"version-history":[{"count":25,"href":"https:\/\/agenda2030.statistics.sk\/Agenda2030\/wp-json\/wp\/v2\/pages\/2288\/revisions"}],"predecessor-version":[{"id":4168,"href":"https:\/\/agenda2030.statistics.sk\/Agenda2030\/wp-json\/wp\/v2\/pages\/2288\/revisions\/4168"}],"wp:attachment":[{"href":"https:\/\/agenda2030.statistics.sk\/Agenda2030\/wp-json\/wp\/v2\/media?parent=2288"}],"curies":[{"name":"wp","href":"https:\/\/api.w.org\/{rel}","templated":true}]}}